{"id":172,"date":"2023-06-18T22:06:06","date_gmt":"2023-06-18T22:06:06","guid":{"rendered":"https:\/\/fpinop.wpia.uw.edu.pl\/?page_id=172"},"modified":"2025-10-03T19:35:32","modified_gmt":"2025-10-03T17:35:32","slug":"zespol","status":"publish","type":"page","link":"https:\/\/fpinop.wpia.uw.edu.pl\/index.php\/zespol\/","title":{"rendered":"Zesp\u00f3\u0142 Katedry"},"content":{"rendered":"\n<h1 class=\"wp-block-heading has-x-large-font-size\" style=\"padding-top:var(--wp--preset--spacing--40)\">Pracownicy<\/h1>\n\n\n\n<div class=\"wp-block-columns is-layout-flex wp-container-core-columns-is-layout-13880e78 wp-block-columns-is-layout-flex\" style=\"padding-top:0;padding-right:0;padding-bottom:0;padding-left:0\">\n<div class=\"wp-block-column is-vertically-aligned-top has-global-padding is-layout-constrained wp-block-column-is-layout-constrained\">\n<figure class=\"wp-block-image alignfull size-full\"><a href=\"https:\/\/fpinop.wpia.uw.edu.pl\/index.php\/jan-winczorek\/\"><img loading=\"lazy\" decoding=\"async\" width=\"734\" height=\"728\" src=\"https:\/\/fpinop.wpia.uw.edu.pl\/wp-content\/uploads\/2023\/08\/JW.png\" alt=\"\" class=\"wp-image-453\" srcset=\"https:\/\/fpinop.wpia.uw.edu.pl\/wp-content\/uploads\/2023\/08\/JW.png 734w, https:\/\/fpinop.wpia.uw.edu.pl\/wp-content\/uploads\/2023\/08\/JW-300x298.png 300w, https:\/\/fpinop.wpia.uw.edu.pl\/wp-content\/uploads\/2023\/08\/JW-150x150.png 150w, https:\/\/fpinop.wpia.uw.edu.pl\/wp-content\/uploads\/2023\/08\/JW-12x12.png 12w\" sizes=\"auto, (max-width: 734px) 100vw, 734px\" \/><\/a><\/figure>\n\n\n\n<h2 class=\"wp-block-heading\" style=\"padding-top:0;padding-bottom:0\">Jan Winczorek<\/h2>\n\n\n\n<p>dr hab.<br>Kierownik Katedry<\/p>\n<\/div>\n\n\n\n<div class=\"wp-block-column is-vertically-aligned-top has-global-padding is-layout-constrained wp-block-column-is-layout-constrained\">\n<figure class=\"wp-block-image alignfull size-full\"><img loading=\"lazy\" decoding=\"async\" width=\"287\" height=\"287\" src=\"https:\/\/fpinop.wpia.uw.edu.pl\/wp-content\/uploads\/2023\/06\/osoba_anon-e1759159799369.png\" alt=\"Obraz przedstawiaj\u0105cy ideogram osoby\" class=\"wp-image-214\" srcset=\"https:\/\/fpinop.wpia.uw.edu.pl\/wp-content\/uploads\/2023\/06\/osoba_anon-e1759159799369.png 287w, https:\/\/fpinop.wpia.uw.edu.pl\/wp-content\/uploads\/2023\/06\/osoba_anon-e1759159799369-150x150.png 150w, https:\/\/fpinop.wpia.uw.edu.pl\/wp-content\/uploads\/2023\/06\/osoba_anon-e1759159799369-12x12.png 12w\" sizes=\"auto, (max-width: 287px) 100vw, 287px\" \/><\/figure>\n\n\n\n<h2 class=\"wp-block-heading\" style=\"padding-top:0;padding-bottom:0\">Marcin Matczak<\/h2>\n\n\n\n<p>prof. dr hab.<br><br><\/p>\n<\/div>\n\n\n\n<div class=\"wp-block-column is-vertically-aligned-top has-global-padding is-layout-constrained wp-block-column-is-layout-constrained\">\n<figure class=\"wp-block-image alignfull size-full\"><a href=\"https:\/\/fpinop.wpia.uw.edu.pl\/index.php\/tatiana-chauvin\/\"><img loading=\"lazy\" decoding=\"async\" width=\"1263\" height=\"1284\" src=\"https:\/\/fpinop.wpia.uw.edu.pl\/wp-content\/uploads\/2023\/10\/TCH-1.jpeg\" alt=\"\" class=\"wp-image-519\" srcset=\"https:\/\/fpinop.wpia.uw.edu.pl\/wp-content\/uploads\/2023\/10\/TCH-1.jpeg 1263w, https:\/\/fpinop.wpia.uw.edu.pl\/wp-content\/uploads\/2023\/10\/TCH-1-295x300.jpeg 295w, https:\/\/fpinop.wpia.uw.edu.pl\/wp-content\/uploads\/2023\/10\/TCH-1-1007x1024.jpeg 1007w, https:\/\/fpinop.wpia.uw.edu.pl\/wp-content\/uploads\/2023\/10\/TCH-1-768x781.jpeg 768w, https:\/\/fpinop.wpia.uw.edu.pl\/wp-content\/uploads\/2023\/10\/TCH-1-12x12.jpeg 12w\" sizes=\"auto, (max-width: 1263px) 100vw, 1263px\" \/><\/a><\/figure>\n\n\n\n<h2 class=\"wp-block-heading\" style=\"padding-top:0;padding-bottom:0\">Tatiana Chauvin<\/h2>\n\n\n\n<p>dr hab., prof. uczelni<br><br><\/p>\n<\/div>\n\n\n\n<div class=\"wp-block-column is-vertically-aligned-top has-global-padding is-layout-constrained wp-block-column-is-layout-constrained\">\n<figure class=\"wp-block-image alignfull size-full\"><img loading=\"lazy\" decoding=\"async\" width=\"287\" height=\"287\" src=\"https:\/\/fpinop.wpia.uw.edu.pl\/wp-content\/uploads\/2023\/06\/osoba_anon-e1759159799369.png\" alt=\"Obraz przedstawiaj\u0105cy ideogram osoby\" class=\"wp-image-214\" srcset=\"https:\/\/fpinop.wpia.uw.edu.pl\/wp-content\/uploads\/2023\/06\/osoba_anon-e1759159799369.png 287w, https:\/\/fpinop.wpia.uw.edu.pl\/wp-content\/uploads\/2023\/06\/osoba_anon-e1759159799369-150x150.png 150w, https:\/\/fpinop.wpia.uw.edu.pl\/wp-content\/uploads\/2023\/06\/osoba_anon-e1759159799369-12x12.png 12w\" sizes=\"auto, (max-width: 287px) 100vw, 287px\" \/><\/figure>\n\n\n\n<h2 class=\"wp-block-heading\" style=\"padding-top:0;padding-bottom:0\">Jan Majchrowski<\/h2>\n\n\n\n<p>dr hab., prof. uczelni<br><br><\/p>\n<\/div>\n\n\n\n<div class=\"wp-block-column is-layout-flow wp-block-column-is-layout-flow\"><\/div>\n\n\n\n<div class=\"wp-block-column is-layout-flow wp-block-column-is-layout-flow\"><\/div>\n<\/div>\n\n\n\n<div class=\"wp-block-columns is-layout-flex wp-container-core-columns-is-layout-13880e78 wp-block-columns-is-layout-flex\" style=\"padding-top:0;padding-right:0;padding-bottom:0;padding-left:0\">\n<div class=\"wp-block-column is-vertically-aligned-top has-global-padding is-layout-constrained wp-block-column-is-layout-constrained\">\n<figure class=\"wp-block-image alignfull size-full\"><img loading=\"lazy\" decoding=\"async\" width=\"287\" height=\"287\" src=\"https:\/\/fpinop.wpia.uw.edu.pl\/wp-content\/uploads\/2023\/06\/osoba_anon-e1759159799369.png\" alt=\"Obraz przedstawiaj\u0105cy ideogram osoby\" class=\"wp-image-214\" srcset=\"https:\/\/fpinop.wpia.uw.edu.pl\/wp-content\/uploads\/2023\/06\/osoba_anon-e1759159799369.png 287w, https:\/\/fpinop.wpia.uw.edu.pl\/wp-content\/uploads\/2023\/06\/osoba_anon-e1759159799369-150x150.png 150w, https:\/\/fpinop.wpia.uw.edu.pl\/wp-content\/uploads\/2023\/06\/osoba_anon-e1759159799369-12x12.png 12w\" sizes=\"auto, (max-width: 287px) 100vw, 287px\" \/><\/figure>\n\n\n\n<h2 class=\"wp-block-heading\" style=\"padding-top:0;padding-bottom:0\">Tomasz Stawecki<\/h2>\n\n\n\n<p>dr hab., prof. uczelni<br><\/p>\n<\/div>\n\n\n\n<div class=\"wp-block-column is-vertically-aligned-top has-global-padding is-layout-constrained wp-block-column-is-layout-constrained\">\n<figure class=\"wp-block-image alignfull size-full\"><img loading=\"lazy\" decoding=\"async\" width=\"287\" height=\"287\" src=\"https:\/\/fpinop.wpia.uw.edu.pl\/wp-content\/uploads\/2023\/06\/osoba_anon-e1759159799369.png\" alt=\"Obraz przedstawiaj\u0105cy ideogram osoby\" class=\"wp-image-214\" srcset=\"https:\/\/fpinop.wpia.uw.edu.pl\/wp-content\/uploads\/2023\/06\/osoba_anon-e1759159799369.png 287w, https:\/\/fpinop.wpia.uw.edu.pl\/wp-content\/uploads\/2023\/06\/osoba_anon-e1759159799369-150x150.png 150w, https:\/\/fpinop.wpia.uw.edu.pl\/wp-content\/uploads\/2023\/06\/osoba_anon-e1759159799369-12x12.png 12w\" sizes=\"auto, (max-width: 287px) 100vw, 287px\" \/><\/figure>\n\n\n\n<h2 class=\"wp-block-heading\" style=\"padding-top:0;padding-bottom:0\">Anna Kryniecka-Piotrak<\/h2>\n\n\n\n<p>dr hab.<\/p>\n<\/div>\n\n\n\n<div class=\"wp-block-column is-vertically-aligned-top has-global-padding is-layout-constrained wp-block-column-is-layout-constrained\">\n<figure class=\"wp-block-image alignfull size-full\"><a href=\"https:\/\/fpinop.wpia.uw.edu.pl\/index.php\/tag\/kaleta-krzysztof\/\"><img decoding=\"async\" src=\"https:\/\/fpinop.wpia.uw.edu.pl\/wp-content\/uploads\/2023\/06\/osoba_anon-e1759159709693.png\" alt=\"Obraz przedstawiaj\u0105cy ideogram osoby\" class=\"wp-image-214\"\/><\/a><\/figure>\n\n\n\n<h2 class=\"wp-block-heading\" style=\"padding-top:0;padding-bottom:0\">Krzysztof Kaleta<\/h2>\n\n\n\n<p>dr<br><br><\/p>\n<\/div>\n\n\n\n<div class=\"wp-block-column is-vertically-aligned-top has-global-padding is-layout-constrained wp-block-column-is-layout-constrained\">\n<figure class=\"wp-block-image alignfull size-full\"><a href=\"https:\/\/fpinop.wpia.uw.edu.pl\/index.php\/dr-pawel-skuczynski\/\"><img loading=\"lazy\" decoding=\"async\" width=\"1000\" height=\"1000\" src=\"https:\/\/fpinop.wpia.uw.edu.pl\/wp-content\/uploads\/2025\/09\/skuczynski-edited.jpg\" alt=\"\" class=\"wp-image-1399\" srcset=\"https:\/\/fpinop.wpia.uw.edu.pl\/wp-content\/uploads\/2025\/09\/skuczynski-edited.jpg 1000w, https:\/\/fpinop.wpia.uw.edu.pl\/wp-content\/uploads\/2025\/09\/skuczynski-edited-300x300.jpg 300w, https:\/\/fpinop.wpia.uw.edu.pl\/wp-content\/uploads\/2025\/09\/skuczynski-edited-150x150.jpg 150w, https:\/\/fpinop.wpia.uw.edu.pl\/wp-content\/uploads\/2025\/09\/skuczynski-edited-768x768.jpg 768w, https:\/\/fpinop.wpia.uw.edu.pl\/wp-content\/uploads\/2025\/09\/skuczynski-edited-12x12.jpg 12w\" sizes=\"auto, (max-width: 1000px) 100vw, 1000px\" \/><\/a><\/figure>\n\n\n\n<h2 class=\"wp-block-heading\" style=\"padding-top:0;padding-bottom:0\">Pawe\u0142 Skuczy\u0144ski<\/h2>\n\n\n\n<p>dr<br><br><\/p>\n<\/div>\n\n\n\n<div class=\"wp-block-column is-layout-flow wp-block-column-is-layout-flow\"><\/div>\n\n\n\n<div class=\"wp-block-column is-layout-flow wp-block-column-is-layout-flow\"><\/div>\n<\/div>\n\n\n\n<div class=\"wp-block-columns is-layout-flex wp-container-core-columns-is-layout-13880e78 wp-block-columns-is-layout-flex\" style=\"padding-top:0;padding-right:0;padding-bottom:0;padding-left:0\">\n<div class=\"wp-block-column is-vertically-aligned-top has-global-padding is-layout-constrained wp-block-column-is-layout-constrained\">\n<figure class=\"wp-block-image alignfull size-full\"><img loading=\"lazy\" decoding=\"async\" width=\"287\" height=\"287\" src=\"https:\/\/fpinop.wpia.uw.edu.pl\/wp-content\/uploads\/2023\/06\/osoba_anon-e1759159799369.png\" alt=\"Obraz przedstawiaj\u0105cy ideogram osoby\" class=\"wp-image-214\" srcset=\"https:\/\/fpinop.wpia.uw.edu.pl\/wp-content\/uploads\/2023\/06\/osoba_anon-e1759159799369.png 287w, https:\/\/fpinop.wpia.uw.edu.pl\/wp-content\/uploads\/2023\/06\/osoba_anon-e1759159799369-150x150.png 150w, https:\/\/fpinop.wpia.uw.edu.pl\/wp-content\/uploads\/2023\/06\/osoba_anon-e1759159799369-12x12.png 12w\" sizes=\"auto, (max-width: 287px) 100vw, 287px\" \/><\/figure>\n\n\n\n<h2 class=\"wp-block-heading\" style=\"padding-top:0;padding-bottom:0\">Maciej Kruk<\/h2>\n\n\n\n<p>dr<br><\/p>\n<\/div>\n\n\n\n<div class=\"wp-block-column is-vertically-aligned-top has-global-padding is-layout-constrained wp-block-column-is-layout-constrained\">\n<figure class=\"wp-block-image alignfull size-full\"><img loading=\"lazy\" decoding=\"async\" width=\"287\" height=\"287\" src=\"https:\/\/fpinop.wpia.uw.edu.pl\/wp-content\/uploads\/2023\/06\/osoba_anon-e1759159799369.png\" alt=\"Obraz przedstawiaj\u0105cy ideogram osoby\" class=\"wp-image-214\" srcset=\"https:\/\/fpinop.wpia.uw.edu.pl\/wp-content\/uploads\/2023\/06\/osoba_anon-e1759159799369.png 287w, https:\/\/fpinop.wpia.uw.edu.pl\/wp-content\/uploads\/2023\/06\/osoba_anon-e1759159799369-150x150.png 150w, https:\/\/fpinop.wpia.uw.edu.pl\/wp-content\/uploads\/2023\/06\/osoba_anon-e1759159799369-12x12.png 12w\" sizes=\"auto, (max-width: 287px) 100vw, 287px\" \/><\/figure>\n\n\n\n<h2 class=\"wp-block-heading\" style=\"padding-top:0;padding-bottom:0\">Marcin Romanowicz<\/h2>\n\n\n\n<p>dr<\/p>\n<\/div>\n\n\n\n<div class=\"wp-block-column is-vertically-aligned-top has-global-padding is-layout-constrained wp-block-column-is-layout-constrained\">\n<figure class=\"wp-block-image alignfull size-full\"><a href=\"https:\/\/fpinop.wpia.uw.edu.pl\/index.php\/tag\/gajewski-michal\/\"><img decoding=\"async\" src=\"https:\/\/fpinop.wpia.uw.edu.pl\/wp-content\/uploads\/2023\/06\/osoba_anon-e1759159709693.png\" alt=\"Obraz przedstawiaj\u0105cy ideogram osoby\" class=\"wp-image-214\"\/><\/a><\/figure>\n\n\n\n<h2 class=\"wp-block-heading\" style=\"padding-top:0;padding-bottom:0\">Micha\u0142 Gajewski<\/h2>\n\n\n\n<p>dr<br><br><\/p>\n<\/div>\n\n\n\n<div class=\"wp-block-column is-vertically-aligned-stretch has-global-padding is-layout-constrained wp-block-column-is-layout-constrained\">\n<p><\/p>\n\n\n\n<h2 class=\"wp-block-heading\" style=\"padding-top:0;padding-bottom:0\"><br><br><\/h2>\n<\/div>\n\n\n\n<div class=\"wp-block-column is-layout-flow wp-block-column-is-layout-flow\"><\/div>\n\n\n\n<div class=\"wp-block-column is-layout-flow wp-block-column-is-layout-flow\"><\/div>\n<\/div>\n\n\n\n<h1 class=\"wp-block-heading has-x-large-font-size\" style=\"padding-top:var(--wp--preset--spacing--40)\">Doktoranci<\/h1>\n\n\n\n<div class=\"wp-block-columns is-layout-flex wp-container-core-columns-is-layout-2d7698b3 wp-block-columns-is-layout-flex\" style=\"padding-right:0;padding-left:0\">\n<div class=\"wp-block-column is-vertically-aligned-top has-global-padding is-layout-constrained wp-block-column-is-layout-constrained\">\n<figure class=\"wp-block-image alignfull size-full\"><a href=\"https:\/\/fpinop.wpia.uw.edu.pl\/index.php\/mikolaj-ryskiewicz\/\"><img loading=\"lazy\" decoding=\"async\" width=\"341\" height=\"341\" src=\"https:\/\/fpinop.wpia.uw.edu.pl\/wp-content\/uploads\/2025\/09\/m_ryskiewicz_right_small-edited.png\" alt=\"\" class=\"wp-image-1383\" srcset=\"https:\/\/fpinop.wpia.uw.edu.pl\/wp-content\/uploads\/2025\/09\/m_ryskiewicz_right_small-edited.png 341w, https:\/\/fpinop.wpia.uw.edu.pl\/wp-content\/uploads\/2025\/09\/m_ryskiewicz_right_small-edited-300x300.png 300w, https:\/\/fpinop.wpia.uw.edu.pl\/wp-content\/uploads\/2025\/09\/m_ryskiewicz_right_small-edited-150x150.png 150w, https:\/\/fpinop.wpia.uw.edu.pl\/wp-content\/uploads\/2025\/09\/m_ryskiewicz_right_small-edited-12x12.png 12w\" sizes=\"auto, (max-width: 341px) 100vw, 341px\" \/><\/a><\/figure>\n\n\n\n<h2 class=\"wp-block-heading\" style=\"padding-top:0;padding-bottom:0\">Miko\u0142aj Ry\u015bkiewicz<\/h2>\n<\/div>\n\n\n\n<div class=\"wp-block-column is-vertically-aligned-top has-global-padding is-layout-constrained wp-block-column-is-layout-constrained\">\n<figure class=\"wp-block-image size-full\"><a href=\"https:\/\/fpinop.wpia.uw.edu.pl\/index.php\/cezary-weglinski-ll-m\/\"><img loading=\"lazy\" decoding=\"async\" width=\"898\" height=\"830\" src=\"https:\/\/fpinop.wpia.uw.edu.pl\/wp-content\/uploads\/2025\/02\/IMG_0532-1-e1740664753521.jpg\" alt=\"\" class=\"wp-image-833\" style=\"aspect-ratio:1;object-fit:cover\" srcset=\"https:\/\/fpinop.wpia.uw.edu.pl\/wp-content\/uploads\/2025\/02\/IMG_0532-1-e1740664753521.jpg 898w, https:\/\/fpinop.wpia.uw.edu.pl\/wp-content\/uploads\/2025\/02\/IMG_0532-1-e1740664753521-300x277.jpg 300w, https:\/\/fpinop.wpia.uw.edu.pl\/wp-content\/uploads\/2025\/02\/IMG_0532-1-e1740664753521-768x710.jpg 768w, https:\/\/fpinop.wpia.uw.edu.pl\/wp-content\/uploads\/2025\/02\/IMG_0532-1-e1740664753521-13x12.jpg 13w\" sizes=\"auto, (max-width: 898px) 100vw, 898px\" \/><\/a><\/figure>\n\n\n\n<h2 class=\"wp-block-heading\" style=\"padding-top:0;padding-bottom:0\">Cezary W\u0119gli\u0144ski<\/h2>\n<\/div>\n\n\n\n<div class=\"wp-block-column is-vertically-aligned-top has-global-padding is-layout-constrained wp-block-column-is-layout-constrained\">\n<figure class=\"wp-block-image alignfull size-full\"><img loading=\"lazy\" decoding=\"async\" width=\"287\" height=\"287\" src=\"https:\/\/fpinop.wpia.uw.edu.pl\/wp-content\/uploads\/2023\/06\/osoba_anon-e1759159799369.png\" alt=\"Obraz przedstawiaj\u0105cy ideogram osoby\" class=\"wp-image-214\" srcset=\"https:\/\/fpinop.wpia.uw.edu.pl\/wp-content\/uploads\/2023\/06\/osoba_anon-e1759159799369.png 287w, https:\/\/fpinop.wpia.uw.edu.pl\/wp-content\/uploads\/2023\/06\/osoba_anon-e1759159799369-150x150.png 150w, https:\/\/fpinop.wpia.uw.edu.pl\/wp-content\/uploads\/2023\/06\/osoba_anon-e1759159799369-12x12.png 12w\" sizes=\"auto, (max-width: 287px) 100vw, 287px\" \/><\/figure>\n\n\n\n<h2 class=\"wp-block-heading\" style=\"padding-top:0;padding-bottom:0\">Wojciech Grabo\u0144<br><\/h2>\n<\/div>\n\n\n\n<div class=\"wp-block-column is-vertically-aligned-top has-global-padding is-layout-constrained wp-block-column-is-layout-constrained\">\n<figure class=\"wp-block-image alignfull size-full\"><img loading=\"lazy\" decoding=\"async\" width=\"287\" height=\"287\" src=\"https:\/\/fpinop.wpia.uw.edu.pl\/wp-content\/uploads\/2023\/06\/osoba_anon-e1759159799369.png\" alt=\"Obraz przedstawiaj\u0105cy ideogram osoby\" class=\"wp-image-214\" srcset=\"https:\/\/fpinop.wpia.uw.edu.pl\/wp-content\/uploads\/2023\/06\/osoba_anon-e1759159799369.png 287w, https:\/\/fpinop.wpia.uw.edu.pl\/wp-content\/uploads\/2023\/06\/osoba_anon-e1759159799369-150x150.png 150w, https:\/\/fpinop.wpia.uw.edu.pl\/wp-content\/uploads\/2023\/06\/osoba_anon-e1759159799369-12x12.png 12w\" sizes=\"auto, (max-width: 287px) 100vw, 287px\" \/><\/figure>\n\n\n\n<h2 class=\"wp-block-heading\" style=\"padding-top:0;padding-bottom:0\">Marcin Wo\u017any<\/h2>\n<\/div>\n\n\n\n<div class=\"wp-block-column is-layout-flow wp-block-column-is-layout-flow\"><\/div>\n\n\n\n<div class=\"wp-block-column is-layout-flow wp-block-column-is-layout-flow\"><\/div>\n<\/div>\n\n\n\n<div class=\"wp-block-columns is-layout-flex wp-container-core-columns-is-layout-a384fb4c wp-block-columns-is-layout-flex\" style=\"margin-top:0;margin-bottom:0;padding-top:0;padding-right:0;padding-left:0\">\n<div class=\"wp-block-column is-vertically-aligned-top has-global-padding is-layout-constrained wp-block-column-is-layout-constrained\">\n<figure class=\"wp-block-image alignfull size-full\"><img loading=\"lazy\" decoding=\"async\" width=\"287\" height=\"287\" src=\"https:\/\/fpinop.wpia.uw.edu.pl\/wp-content\/uploads\/2023\/06\/osoba_anon-e1759159799369.png\" alt=\"Obraz przedstawiaj\u0105cy ideogram osoby\" class=\"wp-image-214\" srcset=\"https:\/\/fpinop.wpia.uw.edu.pl\/wp-content\/uploads\/2023\/06\/osoba_anon-e1759159799369.png 287w, https:\/\/fpinop.wpia.uw.edu.pl\/wp-content\/uploads\/2023\/06\/osoba_anon-e1759159799369-150x150.png 150w, https:\/\/fpinop.wpia.uw.edu.pl\/wp-content\/uploads\/2023\/06\/osoba_anon-e1759159799369-12x12.png 12w\" sizes=\"auto, (max-width: 287px) 100vw, 287px\" \/><\/figure>\n\n\n\n<h2 class=\"wp-block-heading\" style=\"padding-top:0;padding-bottom:0\">Damian Kazimierski<\/h2>\n<\/div>\n\n\n\n<div class=\"wp-block-column is-vertically-aligned-top has-global-padding is-layout-constrained wp-block-column-is-layout-constrained\">\n<figure class=\"wp-block-image alignfull size-full\"><img loading=\"lazy\" decoding=\"async\" width=\"287\" height=\"287\" src=\"https:\/\/fpinop.wpia.uw.edu.pl\/wp-content\/uploads\/2023\/06\/osoba_anon-e1759159799369.png\" alt=\"Obraz przedstawiaj\u0105cy ideogram osoby\" class=\"wp-image-214\" srcset=\"https:\/\/fpinop.wpia.uw.edu.pl\/wp-content\/uploads\/2023\/06\/osoba_anon-e1759159799369.png 287w, https:\/\/fpinop.wpia.uw.edu.pl\/wp-content\/uploads\/2023\/06\/osoba_anon-e1759159799369-150x150.png 150w, https:\/\/fpinop.wpia.uw.edu.pl\/wp-content\/uploads\/2023\/06\/osoba_anon-e1759159799369-12x12.png 12w\" sizes=\"auto, (max-width: 287px) 100vw, 287px\" \/><\/figure>\n\n\n\n<h2 class=\"wp-block-heading\" style=\"padding-top:0;padding-bottom:0\">Emilia Jankiewicz<\/h2>\n<\/div>\n\n\n\n<div class=\"wp-block-column is-layout-flow wp-block-column-is-layout-flow\"><\/div>\n\n\n\n<div class=\"wp-block-column is-layout-flow wp-block-column-is-layout-flow\"><\/div>\n\n\n\n<div class=\"wp-block-column is-layout-flow wp-block-column-is-layout-flow\"><\/div>\n\n\n\n<div class=\"wp-block-column is-layout-flow wp-block-column-is-layout-flow\"><\/div>\n<\/div>\n","protected":false},"excerpt":{"rendered":"<p>Pracownicy Jan Winczorek dr hab.Kierownik Katedry Marcin Matczak prof. dr hab. Tatiana Chauvin dr hab., prof. uczelni Jan Majchrowski dr hab., prof. uczelni Tomasz Stawecki dr hab., prof. uczelni Anna Kryniecka-Piotrak dr hab. Krzysztof Kaleta dr Pawe\u0142 Skuczy\u0144ski dr Maciej Kruk dr Marcin Romanowicz dr Micha\u0142 Gajewski dr Doktoranci Miko\u0142aj Ry\u015bkiewicz Cezary W\u0119gli\u0144ski Wojciech Grabo\u0144 [&hellip;]<\/p>\n","protected":false},"author":1,"featured_media":0,"parent":0,"menu_order":0,"comment_status":"closed","ping_status":"closed","template":"","meta":{"_themeisle_gutenberg_block_has_review":false,"footnotes":""},"class_list":["post-172","page","type-page","status-publish","hentry"],"yoast_head":"<!-- This site is optimized with the Yoast SEO plugin v20.10 - https:\/\/yoast.com\/wordpress\/plugins\/seo\/ -->\n<title>Zesp\u00f3\u0142 Katedry - Katedra Filozofii Prawa i Nauki o Pa\u0144stwie<\/title>\n<meta name=\"robots\" content=\"index, follow, max-snippet:-1, max-image-preview:large, max-video-preview:-1\" \/>\n<link rel=\"canonical\" href=\"https:\/\/fpinop.wpia.uw.edu.pl\/index.php\/zespol\/\" \/>\n<meta property=\"og:locale\" content=\"pl_PL\" \/>\n<meta property=\"og:type\" content=\"article\" \/>\n<meta property=\"og:title\" content=\"Zesp\u00f3\u0142 Katedry - Katedra Filozofii Prawa i Nauki o Pa\u0144stwie\" \/>\n<meta property=\"og:description\" content=\"Pracownicy Jan Winczorek dr hab.Kierownik Katedry Marcin Matczak prof. dr hab. Tatiana Chauvin dr hab., prof. uczelni Jan Majchrowski dr hab., prof. uczelni Tomasz Stawecki dr hab., prof. uczelni Anna Kryniecka-Piotrak dr hab. Krzysztof Kaleta dr Pawe\u0142 Skuczy\u0144ski dr Maciej Kruk dr Marcin Romanowicz dr Micha\u0142 Gajewski dr Doktoranci Miko\u0142aj Ry\u015bkiewicz Cezary W\u0119gli\u0144ski Wojciech Grabo\u0144 [&hellip;]\" \/>\n<meta property=\"og:url\" content=\"https:\/\/fpinop.wpia.uw.edu.pl\/index.php\/zespol\/\" \/>\n<meta property=\"og:site_name\" content=\"Katedra Filozofii Prawa i Nauki o Pa\u0144stwie\" \/>\n<meta property=\"article:modified_time\" content=\"2025-10-03T17:35:32+00:00\" \/>\n<meta property=\"og:image\" content=\"https:\/\/fpinop.wpia.uw.edu.pl\/wp-content\/uploads\/2023\/08\/JW.png\" \/>\n<meta name=\"twitter:card\" content=\"summary_large_image\" \/>\n<meta name=\"twitter:label1\" content=\"Szacowany czas czytania\" \/>\n\t<meta name=\"twitter:data1\" content=\"4 minuty\" \/>\n<script type=\"application\/ld+json\" class=\"yoast-schema-graph\">{\"@context\":\"https:\/\/schema.org\",\"@graph\":[{\"@type\":\"WebPage\",\"@id\":\"https:\/\/fpinop.wpia.uw.edu.pl\/index.php\/zespol\/\",\"url\":\"https:\/\/fpinop.wpia.uw.edu.pl\/index.php\/zespol\/\",\"name\":\"Zesp\u00f3\u0142 Katedry - Katedra Filozofii Prawa i Nauki o Pa\u0144stwie\",\"isPartOf\":{\"@id\":\"https:\/\/fpinop.wpia.uw.edu.pl\/#website\"},\"datePublished\":\"2023-06-18T22:06:06+00:00\",\"dateModified\":\"2025-10-03T17:35:32+00:00\",\"breadcrumb\":{\"@id\":\"https:\/\/fpinop.wpia.uw.edu.pl\/index.php\/zespol\/#breadcrumb\"},\"inLanguage\":\"pl-PL\",\"potentialAction\":[{\"@type\":\"ReadAction\",\"target\":[\"https:\/\/fpinop.wpia.uw.edu.pl\/index.php\/zespol\/\"]}]},{\"@type\":\"BreadcrumbList\",\"@id\":\"https:\/\/fpinop.wpia.uw.edu.pl\/index.php\/zespol\/#breadcrumb\",\"itemListElement\":[{\"@type\":\"ListItem\",\"position\":1,\"name\":\"Strona g\u0142\u00f3wna\",\"item\":\"https:\/\/fpinop.wpia.uw.edu.pl\/\"},{\"@type\":\"ListItem\",\"position\":2,\"name\":\"Zesp\u00f3\u0142 Katedry\"}]},{\"@type\":\"WebSite\",\"@id\":\"https:\/\/fpinop.wpia.uw.edu.pl\/#website\",\"url\":\"https:\/\/fpinop.wpia.uw.edu.pl\/\",\"name\":\"Katedra Filozofii Prawa i Nauki o Pa\u0144stwie\",\"description\":\"\",\"publisher\":{\"@id\":\"https:\/\/fpinop.wpia.uw.edu.pl\/#organization\"},\"potentialAction\":[{\"@type\":\"SearchAction\",\"target\":{\"@type\":\"EntryPoint\",\"urlTemplate\":\"https:\/\/fpinop.wpia.uw.edu.pl\/?s={search_term_string}\"},\"query-input\":\"required name=search_term_string\"}],\"inLanguage\":\"pl-PL\"},{\"@type\":\"Organization\",\"@id\":\"https:\/\/fpinop.wpia.uw.edu.pl\/#organization\",\"name\":\"Katedra Filozofii Prawa i Nauki o Pa\u0144stwie\",\"url\":\"https:\/\/fpinop.wpia.uw.edu.pl\/\",\"logo\":{\"@type\":\"ImageObject\",\"inLanguage\":\"pl-PL\",\"@id\":\"https:\/\/fpinop.wpia.uw.edu.pl\/#\/schema\/logo\/image\/\",\"url\":\"https:\/\/fpinop.wpia.uw.edu.pl\/wp-content\/uploads\/2025\/05\/cropped-Projekt-bez-nazwy.png\",\"contentUrl\":\"https:\/\/fpinop.wpia.uw.edu.pl\/wp-content\/uploads\/2025\/05\/cropped-Projekt-bez-nazwy.png\",\"width\":450,\"height\":227,\"caption\":\"Katedra Filozofii Prawa i Nauki o Pa\u0144stwie\"},\"image\":{\"@id\":\"https:\/\/fpinop.wpia.uw.edu.pl\/#\/schema\/logo\/image\/\"}}]}<\/script>\n<!-- \/ Yoast SEO plugin. -->","yoast_head_json":{"title":"Zesp\u00f3\u0142 Katedry - Katedra Filozofii Prawa i Nauki o Pa\u0144stwie","robots":{"index":"index","follow":"follow","max-snippet":"max-snippet:-1","max-image-preview":"max-image-preview:large","max-video-preview":"max-video-preview:-1"},"canonical":"https:\/\/fpinop.wpia.uw.edu.pl\/index.php\/zespol\/","og_locale":"pl_PL","og_type":"article","og_title":"Zesp\u00f3\u0142 Katedry - Katedra Filozofii Prawa i Nauki o Pa\u0144stwie","og_description":"Pracownicy Jan Winczorek dr hab.Kierownik Katedry Marcin Matczak prof. dr hab. Tatiana Chauvin dr hab., prof. uczelni Jan Majchrowski dr hab., prof. uczelni Tomasz Stawecki dr hab., prof. uczelni Anna Kryniecka-Piotrak dr hab. Krzysztof Kaleta dr Pawe\u0142 Skuczy\u0144ski dr Maciej Kruk dr Marcin Romanowicz dr Micha\u0142 Gajewski dr Doktoranci Miko\u0142aj Ry\u015bkiewicz Cezary W\u0119gli\u0144ski Wojciech Grabo\u0144 [&hellip;]","og_url":"https:\/\/fpinop.wpia.uw.edu.pl\/index.php\/zespol\/","og_site_name":"Katedra Filozofii Prawa i Nauki o Pa\u0144stwie","article_modified_time":"2025-10-03T17:35:32+00:00","og_image":[{"url":"https:\/\/fpinop.wpia.uw.edu.pl\/wp-content\/uploads\/2023\/08\/JW.png"}],"twitter_card":"summary_large_image","twitter_misc":{"Szacowany czas czytania":"4 minuty"},"schema":{"@context":"https:\/\/schema.org","@graph":[{"@type":"WebPage","@id":"https:\/\/fpinop.wpia.uw.edu.pl\/index.php\/zespol\/","url":"https:\/\/fpinop.wpia.uw.edu.pl\/index.php\/zespol\/","name":"Zesp\u00f3\u0142 Katedry - Katedra Filozofii Prawa i Nauki o Pa\u0144stwie","isPartOf":{"@id":"https:\/\/fpinop.wpia.uw.edu.pl\/#website"},"datePublished":"2023-06-18T22:06:06+00:00","dateModified":"2025-10-03T17:35:32+00:00","breadcrumb":{"@id":"https:\/\/fpinop.wpia.uw.edu.pl\/index.php\/zespol\/#breadcrumb"},"inLanguage":"pl-PL","potentialAction":[{"@type":"ReadAction","target":["https:\/\/fpinop.wpia.uw.edu.pl\/index.php\/zespol\/"]}]},{"@type":"BreadcrumbList","@id":"https:\/\/fpinop.wpia.uw.edu.pl\/index.php\/zespol\/#breadcrumb","itemListElement":[{"@type":"ListItem","position":1,"name":"Strona g\u0142\u00f3wna","item":"https:\/\/fpinop.wpia.uw.edu.pl\/"},{"@type":"ListItem","position":2,"name":"Zesp\u00f3\u0142 Katedry"}]},{"@type":"WebSite","@id":"https:\/\/fpinop.wpia.uw.edu.pl\/#website","url":"https:\/\/fpinop.wpia.uw.edu.pl\/","name":"Katedra Filozofii Prawa i Nauki o Pa\u0144stwie","description":"","publisher":{"@id":"https:\/\/fpinop.wpia.uw.edu.pl\/#organization"},"potentialAction":[{"@type":"SearchAction","target":{"@type":"EntryPoint","urlTemplate":"https:\/\/fpinop.wpia.uw.edu.pl\/?s={search_term_string}"},"query-input":"required name=search_term_string"}],"inLanguage":"pl-PL"},{"@type":"Organization","@id":"https:\/\/fpinop.wpia.uw.edu.pl\/#organization","name":"Katedra Filozofii Prawa i Nauki o Pa\u0144stwie","url":"https:\/\/fpinop.wpia.uw.edu.pl\/","logo":{"@type":"ImageObject","inLanguage":"pl-PL","@id":"https:\/\/fpinop.wpia.uw.edu.pl\/#\/schema\/logo\/image\/","url":"https:\/\/fpinop.wpia.uw.edu.pl\/wp-content\/uploads\/2025\/05\/cropped-Projekt-bez-nazwy.png","contentUrl":"https:\/\/fpinop.wpia.uw.edu.pl\/wp-content\/uploads\/2025\/05\/cropped-Projekt-bez-nazwy.png","width":450,"height":227,"caption":"Katedra Filozofii Prawa i Nauki o Pa\u0144stwie"},"image":{"@id":"https:\/\/fpinop.wpia.uw.edu.pl\/#\/schema\/logo\/image\/"}}]}},"_links":{"self":[{"href":"https:\/\/fpinop.wpia.uw.edu.pl\/index.php\/wp-json\/wp\/v2\/pages\/172","targetHints":{"allow":["GET"]}}],"collection":[{"href":"https:\/\/fpinop.wpia.uw.edu.pl\/index.php\/wp-json\/wp\/v2\/pages"}],"about":[{"href":"https:\/\/fpinop.wpia.uw.edu.pl\/index.php\/wp-json\/wp\/v2\/types\/page"}],"author":[{"embeddable":true,"href":"https:\/\/fpinop.wpia.uw.edu.pl\/index.php\/wp-json\/wp\/v2\/users\/1"}],"replies":[{"embeddable":true,"href":"https:\/\/fpinop.wpia.uw.edu.pl\/index.php\/wp-json\/wp\/v2\/comments?post=172"}],"version-history":[{"count":55,"href":"https:\/\/fpinop.wpia.uw.edu.pl\/index.php\/wp-json\/wp\/v2\/pages\/172\/revisions"}],"predecessor-version":[{"id":1592,"href":"https:\/\/fpinop.wpia.uw.edu.pl\/index.php\/wp-json\/wp\/v2\/pages\/172\/revisions\/1592"}],"wp:attachment":[{"href":"https:\/\/fpinop.wpia.uw.edu.pl\/index.php\/wp-json\/wp\/v2\/media?parent=172"}],"curies":[{"name":"wp","href":"https:\/\/api.w.org\/{rel}","templated":true}]}}