{"id":174,"date":"2023-06-18T22:06:07","date_gmt":"2023-06-18T20:06:07","guid":{"rendered":"https:\/\/fpinop.wpia.uw.edu.pl\/?page_id=174"},"modified":"2026-01-13T12:32:52","modified_gmt":"2026-01-13T11:32:52","slug":"aktualnosci","status":"publish","type":"page","link":"https:\/\/fpinop.wpia.uw.edu.pl\/index.php\/aktualnosci\/","title":{"rendered":"Aktualno\u015bci"},"content":{"rendered":"<ul style=\"padding-right:0;padding-left:0;padding-top:0;padding-bottom:0;margin-top:0;margin-bottom:0;\" class=\"wp-block-latest-posts__list has-dates wp-block-latest-posts has-background has-base-background-color\"><li><div class=\"wp-block-latest-posts__featured-image alignleft\"><img loading=\"lazy\" decoding=\"async\" width=\"150\" height=\"150\" src=\"https:\/\/fpinop.wpia.uw.edu.pl\/wp-content\/uploads\/2026\/02\/Kopia-\u2013-Plakat-Seminaria-prof.-Staweckiego-4-e1770803819479-150x150.png\" class=\"attachment-thumbnail size-thumbnail wp-post-image\" alt=\"\" style=\"max-width:150px;max-height:150px;\" srcset=\"https:\/\/fpinop.wpia.uw.edu.pl\/wp-content\/uploads\/2026\/02\/Kopia-\u2013-Plakat-Seminaria-prof.-Staweckiego-4-e1770803819479-150x150.png 150w, https:\/\/fpinop.wpia.uw.edu.pl\/wp-content\/uploads\/2026\/02\/Kopia-\u2013-Plakat-Seminaria-prof.-Staweckiego-4-e1770803819479-300x300.png 300w, https:\/\/fpinop.wpia.uw.edu.pl\/wp-content\/uploads\/2026\/02\/Kopia-\u2013-Plakat-Seminaria-prof.-Staweckiego-4-e1770803819479-1024x1024.png 1024w, https:\/\/fpinop.wpia.uw.edu.pl\/wp-content\/uploads\/2026\/02\/Kopia-\u2013-Plakat-Seminaria-prof.-Staweckiego-4-e1770803819479-768x768.png 768w, https:\/\/fpinop.wpia.uw.edu.pl\/wp-content\/uploads\/2026\/02\/Kopia-\u2013-Plakat-Seminaria-prof.-Staweckiego-4-e1770803819479-1536x1536.png 1536w, https:\/\/fpinop.wpia.uw.edu.pl\/wp-content\/uploads\/2026\/02\/Kopia-\u2013-Plakat-Seminaria-prof.-Staweckiego-4-e1770803819479-12x12.png 12w, https:\/\/fpinop.wpia.uw.edu.pl\/wp-content\/uploads\/2026\/02\/Kopia-\u2013-Plakat-Seminaria-prof.-Staweckiego-4-e1770803819479.png 1560w\" sizes=\"auto, (max-width: 150px) 100vw, 150px\" \/><\/div><a class=\"wp-block-latest-posts__post-title\" href=\"https:\/\/fpinop.wpia.uw.edu.pl\/index.php\/2026\/02\/13\/seminaria-jubileuszowe-prof-tomasza-staweckiego\/\">Seminaria jubileuszowe Prof. Tomasza Staweckiego!<\/a><time datetime=\"2026-02-13T09:38:47+01:00\" class=\"wp-block-latest-posts__post-date\">13 lutego 2026<\/time><div class=\"wp-block-latest-posts__post-excerpt\">W roku akademickim 2025\/2026 Wydzia\u0142 Prawa i Administracji UW \u015bwi\u0119tuje&nbsp;jubileusz 45-lecia pracy akademickiej Profesora Tomasza Staweckiego. Katedra Filozofii Prawa i Nauki o Pa\u0144stwie zaprasza do udzia\u0142u w&nbsp;cyklu seminari\u00f3w jubileuszowych, w czasie kt\u00f3rych punktem wyj\u015bcia do dyskusji b\u0119d\u0105 zagadnienia i problemy badawcze podejmowane przez Jubilata na przestrzeni lat pracy naukowej. Dialog z wybranymi tekstami Prof. Tomasza Staweckiego podejm\u0105 w swoich referatach znakomici&nbsp;przedstawiciele rodzimej teorii i filozofii prawa!&nbsp; Harmonogram i tematyka seminari\u00f3w przedstawiaj\u0105 si\u0119 nast\u0119puj\u0105co: 23 lutego 2026 r.: prof. Marek Zirk-Sadowski&nbsp;(U\u0141),&nbsp; &#8211; tytu\u0142 wyst\u0105pienia:&nbsp;Hermeneutyka prawa do pokoju &#8211; dialog z tekstem &#8222;O praktycznym zastosowaniu hermeneutyki w wyk\u0142adni prawa&#8221; (2005) 9 marca\u2026 <a class=\"wp-block-latest-posts__read-more\" href=\"https:\/\/fpinop.wpia.uw.edu.pl\/index.php\/2026\/02\/13\/seminaria-jubileuszowe-prof-tomasza-staweckiego\/\" rel=\"noopener noreferrer\">Dowiedz si\u0119 wi\u0119cej<span class=\"screen-reader-text\">: Seminaria jubileuszowe Prof. Tomasza Staweckiego!<\/span><\/a><\/div><\/li>\n<li><div class=\"wp-block-latest-posts__featured-image alignleft\"><img loading=\"lazy\" decoding=\"async\" width=\"150\" height=\"150\" src=\"https:\/\/fpinop.wpia.uw.edu.pl\/wp-content\/uploads\/2026\/01\/Zrzut-ekranu-2026-01-19-151447-150x150.png\" class=\"attachment-thumbnail size-thumbnail wp-post-image\" alt=\"\" style=\"max-width:150px;max-height:150px;\" \/><\/div><a class=\"wp-block-latest-posts__post-title\" href=\"https:\/\/fpinop.wpia.uw.edu.pl\/index.php\/2026\/01\/19\/mgr-mikolaj-ryskiewicz-laureatem-programu-bekker-nawa\/\">Mgr Miko\u0142aj Ry\u015bkiewicz laureatem programu Bekker NAWA!<\/a><time datetime=\"2026-01-19T15:16:05+01:00\" class=\"wp-block-latest-posts__post-date\">19 stycznia 2026<\/time><div class=\"wp-block-latest-posts__post-excerpt\">Mgr Miko\u0142aj Ry\u015bkiewicz, doktorant w naszej Katedrze, zosta\u0142 wybrany w ostatnim naborze do programu Bekker Narodowej Agencji Wymiany Akademickiej. Program wspiera mobilno\u015b\u0107 mi\u0119dzynarodow\u0105 badaczy oraz rozw\u00f3j wsp\u00f3\u0142pracy naukowej, umo\u017cliwiaj\u0105c realizacj\u0119 projekt\u00f3w badawczych poza granicami Polski. Mgr Ry\u015bkiewicz otrzyma\u0142 finansowanie na wyjazd naukowy na Uniwersytet Bolo\u0144ski, gdzie b\u0119dzie kontynuowa\u0142 prace nad badaniem zale\u017cno\u015bci mi\u0119dzy ilo\u015bciowymi i jako\u015bciowymi aspektami prawa. Serdecznie gratulujemy! Wi\u0119cej informacji: https:\/\/nawa.gov.pl\/nawa\/aktualnosci\/bekker-nawa-2025?fbclid=IwY2xjawPbG4xleHRuA2FlbQIxMABicmlkETFZVnk4RkswRld4UWVuNm5kc3J0YwZhcHBfaWQQMjIyMDM5MTc4ODIwMDg5MgABHjGBtR2gekega2KTxDtRiNdou07HdhYGE4EmXBoaoPwq-TxpcbVkkV-e7m7W_aem_urRrQpKrSeHGry6m8JrXEQ<\/div><\/li>\n<li><div class=\"wp-block-latest-posts__featured-image alignleft\"><img loading=\"lazy\" decoding=\"async\" width=\"150\" height=\"150\" src=\"https:\/\/fpinop.wpia.uw.edu.pl\/wp-content\/uploads\/2025\/05\/Plakat-Seminarium-CW-e1768302968622-150x150.png\" class=\"attachment-thumbnail size-thumbnail wp-post-image\" alt=\"\" style=\"max-width:150px;max-height:150px;\" srcset=\"https:\/\/fpinop.wpia.uw.edu.pl\/wp-content\/uploads\/2025\/05\/Plakat-Seminarium-CW-e1768302968622-150x150.png 150w, https:\/\/fpinop.wpia.uw.edu.pl\/wp-content\/uploads\/2025\/05\/Plakat-Seminarium-CW-e1768302968622-300x300.png 300w, https:\/\/fpinop.wpia.uw.edu.pl\/wp-content\/uploads\/2025\/05\/Plakat-Seminarium-CW-e1768302968622-1024x1024.png 1024w, https:\/\/fpinop.wpia.uw.edu.pl\/wp-content\/uploads\/2025\/05\/Plakat-Seminarium-CW-e1768302968622-768x768.png 768w, https:\/\/fpinop.wpia.uw.edu.pl\/wp-content\/uploads\/2025\/05\/Plakat-Seminarium-CW-e1768302968622-1536x1536.png 1536w, https:\/\/fpinop.wpia.uw.edu.pl\/wp-content\/uploads\/2025\/05\/Plakat-Seminarium-CW-e1768302968622-12x12.png 12w, https:\/\/fpinop.wpia.uw.edu.pl\/wp-content\/uploads\/2025\/05\/Plakat-Seminarium-CW-e1768302968622.png 1583w\" sizes=\"auto, (max-width: 150px) 100vw, 150px\" \/><\/div><a class=\"wp-block-latest-posts__post-title\" href=\"https:\/\/fpinop.wpia.uw.edu.pl\/index.php\/2026\/01\/13\/seminarium-instytucjonalizm-prawny-zapomniana-teoria-za-kulisami-pluralizmu-konstytucyjnego-w-europie-mgr-cezary-weglinski-uw-19-stycznia-2026\/\">Seminarium \u201eInstytucjonalizm prawny. Zapomniana teoria za kulisami pluralizmu konstytucyjnego w Europie\u201d (mgr Cezary W\u0119gli\u0144ski, UW) (19 stycznia 2026)<\/a><time datetime=\"2026-01-13T12:26:10+01:00\" class=\"wp-block-latest-posts__post-date\">13 stycznia 2026<\/time><div class=\"wp-block-latest-posts__post-excerpt\">Zapraszamy na najbli\u017csze seminarium Katedry, kt\u00f3re odb\u0119dzie si\u0119 w poniedzia\u0142ek, 19 stycznia 2026 roku w sali 319 Collegium Iuridicum I. Tematem seminarium b\u0119dzie powsta\u0142y na pocz\u0105tku XX w. nurt instytucjonalizmu prawnego, w szczeg\u00f3lno\u015bci w pracach Maurice&#8217;a Hauriou we Francji i Santiego Romano we W\u0142oszech, kt\u00f3rych za\u0142o\u017ceniem by\u0142o prze\u0142amanie definicji prawa jako zbioru regu\u0142 i uj\u0119cie prawa w jego spo\u0142ecznym, kolektywnym wymiarze. Referat przedstawi histori\u0119 instytucjonalizmu i jego wp\u0142yw na nauk\u0119 i rozw\u00f3j prawa ponadnarodowego w Europie w drugiej po\u0142owie XX. wieku. Serdecznie zapraszamy! W seminarium mo\u017cna wzi\u0105\u0107 udzia\u0142 r\u00f3wnie\u017c zdalnie. Link do spotkania<\/div><\/li>\n<li><div class=\"wp-block-latest-posts__featured-image alignleft\"><img loading=\"lazy\" decoding=\"async\" width=\"150\" height=\"150\" src=\"https:\/\/fpinop.wpia.uw.edu.pl\/wp-content\/uploads\/2026\/01\/Zrzut-ekranu-2026-01-09-100506-150x150.png\" class=\"attachment-thumbnail size-thumbnail wp-post-image\" alt=\"\" style=\"max-width:150px;max-height:150px;\" srcset=\"https:\/\/fpinop.wpia.uw.edu.pl\/wp-content\/uploads\/2026\/01\/Zrzut-ekranu-2026-01-09-100506-150x150.png 150w, https:\/\/fpinop.wpia.uw.edu.pl\/wp-content\/uploads\/2026\/01\/Zrzut-ekranu-2026-01-09-100506-12x12.png 12w\" sizes=\"auto, (max-width: 150px) 100vw, 150px\" \/><\/div><a class=\"wp-block-latest-posts__post-title\" href=\"https:\/\/fpinop.wpia.uw.edu.pl\/index.php\/2026\/01\/09\/tekst-dr-krzysztofa-j-kalety-w-monografii-gleams-of-good-faith-in-constitutional-law-springer-nature-o-pojeciu-dobrej-wiary-w-interpretacji-konstytucji\/\">Tekst dr. Krzysztofa J. Kalety w monografii &#8222;Gleams of Good Faith in Constitutional Law&#8221; (Springer Nature) o poj\u0119ciu dobrej wiary w interpretacji konstytucji<\/a><time datetime=\"2026-01-09T10:06:48+01:00\" class=\"wp-block-latest-posts__post-date\">9 stycznia 2026<\/time><div class=\"wp-block-latest-posts__post-excerpt\">Wszystkim zainteresowanym wyk\u0142adni\u0105 konstytucji gor\u0105co polecamy najnowszy tekst naszego Kolegi dra Krzysztofa J. Kalety po\u015bwi\u0119cony poj\u0119ciu dobrej wiary w interpretacji konstytucji. Tekst stanowi rozdzia\u0142 w monografii &#8222;Gleams of Good Faith in Constitutional Law&#8221; opublikowanej nak\u0142adem szwajcarskiego wydawnictwa Springer Nature. Szczeg\u00f3\u0142owe informacje mo\u017cna znale\u017a\u0107 na stronie Wydawnictwa:&nbsp; Good Faith in Constitutional Interpretation | Springer Nature Link (formerly SpringerLink) Zach\u0119camy do lektury!&nbsp;<\/div><\/li>\n<li><div class=\"wp-block-latest-posts__featured-image alignleft\"><img loading=\"lazy\" decoding=\"async\" width=\"150\" height=\"150\" src=\"https:\/\/fpinop.wpia.uw.edu.pl\/wp-content\/uploads\/2025\/12\/Kopia-\u2013-Kopia-\u2013-Seminaria-KFPiNoP-\u2013-kopia-1-e1765787981276-150x150.png\" class=\"attachment-thumbnail size-thumbnail wp-post-image\" alt=\"\" style=\"max-width:150px;max-height:150px;\" srcset=\"https:\/\/fpinop.wpia.uw.edu.pl\/wp-content\/uploads\/2025\/12\/Kopia-\u2013-Kopia-\u2013-Seminaria-KFPiNoP-\u2013-kopia-1-e1765787981276-150x150.png 150w, https:\/\/fpinop.wpia.uw.edu.pl\/wp-content\/uploads\/2025\/12\/Kopia-\u2013-Kopia-\u2013-Seminaria-KFPiNoP-\u2013-kopia-1-e1765787981276-300x300.png 300w, https:\/\/fpinop.wpia.uw.edu.pl\/wp-content\/uploads\/2025\/12\/Kopia-\u2013-Kopia-\u2013-Seminaria-KFPiNoP-\u2013-kopia-1-e1765787981276-768x768.png 768w, https:\/\/fpinop.wpia.uw.edu.pl\/wp-content\/uploads\/2025\/12\/Kopia-\u2013-Kopia-\u2013-Seminaria-KFPiNoP-\u2013-kopia-1-e1765787981276-12x12.png 12w, https:\/\/fpinop.wpia.uw.edu.pl\/wp-content\/uploads\/2025\/12\/Kopia-\u2013-Kopia-\u2013-Seminaria-KFPiNoP-\u2013-kopia-1-e1765787981276.png 788w\" sizes=\"auto, (max-width: 150px) 100vw, 150px\" \/><\/div><a class=\"wp-block-latest-posts__post-title\" href=\"https:\/\/fpinop.wpia.uw.edu.pl\/index.php\/2025\/12\/15\/seminarium-sprawiedliwosc-proceduralna-jako-zasada-tworzenia-i-stosowania-prawa-prof-dr-hab-tatiana-chauvin-17-12-2025\/\">Seminarium: Sprawiedliwo\u015b\u0107 proceduralna jako zasada tworzenia i stosowania prawa, prof. dr hab. Tatiana Chauvin (17\/12\/2025)<\/a><time datetime=\"2025-12-15T09:39:09+01:00\" class=\"wp-block-latest-posts__post-date\">15 grudnia 2025<\/time><div class=\"wp-block-latest-posts__post-excerpt\">Uprzejmie zapraszam na&nbsp;XIV Seminarium Otwarte \u201eCz\u0142owiek \u2013 Spo\u0142ecze\u0144stwo \u2013 Praca\u201d, kt\u00f3re odb\u0119dzie si\u0119&nbsp;17 grudnia&nbsp;(\u015broda) 2025 r. o godzinie&nbsp;18.00&nbsp;w formie zdalnej. wyk\u0142ad pt. \u201eSprawiedliwo\u015b\u0107 proceduralna jako zasada tworzenia i stosowania prawa\u201d wyg\u0142osi Pani prof. dr hab. Tatiana Chauvin UW W celu udzia\u0142u w seminarium nale\u017cy si\u0119 zarejestrowa\u0107 w formularzu pod linkiem. Linki do dzia\u0142u w wydarzeniu b\u0119d\u0105 rozsy\u0142ane najp\u00f3\u017aniej w dniu seminarium, prosz\u0119 wi\u0119c nie odk\u0142ada\u0107 rejestracji. prof. dr hab. Arkadiusz Sobczyk<\/div><\/li>\n<li><div class=\"wp-block-latest-posts__featured-image alignleft\"><img loading=\"lazy\" decoding=\"async\" width=\"150\" height=\"150\" src=\"https:\/\/fpinop.wpia.uw.edu.pl\/wp-content\/uploads\/2025\/12\/Plakat-Debata-17-XII-2025-IR-UW-e1765199947563-150x150.jpeg\" class=\"attachment-thumbnail size-thumbnail wp-post-image\" alt=\"\" style=\"max-width:150px;max-height:150px;\" srcset=\"https:\/\/fpinop.wpia.uw.edu.pl\/wp-content\/uploads\/2025\/12\/Plakat-Debata-17-XII-2025-IR-UW-e1765199947563-150x150.jpeg 150w, https:\/\/fpinop.wpia.uw.edu.pl\/wp-content\/uploads\/2025\/12\/Plakat-Debata-17-XII-2025-IR-UW-e1765199947563-13x12.jpeg 13w\" sizes=\"auto, (max-width: 150px) 100vw, 150px\" \/><\/div><a class=\"wp-block-latest-posts__post-title\" href=\"https:\/\/fpinop.wpia.uw.edu.pl\/index.php\/2025\/12\/08\/dyskusja\/\">Dyskusja \u201ePoza prawem? Debata wok\u00f3\u0142 odpowiedzialno\u015bci polityk\u00f3w we Francji na tle proces\u00f3w Nicolasa Sarkozy\u2019ego i Marine Le Pen\u201d | 17 grudnia 2025 r.<\/a><time datetime=\"2025-12-08T14:09:32+01:00\" class=\"wp-block-latest-posts__post-date\">8 grudnia 2025<\/time><div class=\"wp-block-latest-posts__post-excerpt\">17 grudnia 2025 r. odb\u0119dzie dyskusja pt.\u00a0\u201ePozaprawem? Debata wok\u00f3\u0142 odpowiedzialno\u015bci polityk\u00f3w we Francji na tle proces\u00f3w Nicolasa Sarkozy\u2019ego i Marine Le Pen\u201d.\u00a0 Razem z dw\u00f3jk\u0105 specjalist\u00f3w od francuskiej polityki i prawa konstytucyjnego &#8211;\u00a0 prof. Katarzyn\u0105 Kubuj z INP PAN oraz red. Markiem Ostrowskim z Tygodnika\u00a0Polityka &#8211; zastanowimy si\u0119 nad tym, jak procesy karne polityk\u00f3w wp\u0142ywaj\u0105 na publiczny dyskurs o prawie, demokracji, rz\u0105dach prawa i legitymizacji dzia\u0142a\u0144 s\u0105d\u00f3w do kontroli dzia\u0142a\u0144 os\u00f3b publicznych. Spotkanie odb\u0119dzie si\u0119 w dniu 17 grudnia 2025 r. o godzinie 9:45 w Auli 0.410 na Wydziale Neofilologii UW (ul. Dobra 55). Serdecznie zapraszamy!<\/div><\/li>\n<li><a class=\"wp-block-latest-posts__post-title\" href=\"https:\/\/fpinop.wpia.uw.edu.pl\/index.php\/2025\/11\/30\/mikolaj-ryskiewicz-beneficjentem-grantu-ncn-preludium-24\/\">Miko\u0142aj Ry\u015bkiewicz beneficjentem grantu NCN PRELUDIUM 24<\/a><time datetime=\"2025-11-30T12:46:03+01:00\" class=\"wp-block-latest-posts__post-date\">30 listopada 2025<\/time><div class=\"wp-block-latest-posts__post-excerpt\">Z rado\u015bci\u0105 informujemy, \u017ce mgr Miko\u0142aj Ry\u015bkiewicz w najnowszym rozdaniu grant\u00f3w Narodowego Centrum Nauki uzyska\u0142 finansowanie w wysoko\u015bci 139 102 z\u0142otych na wykonanie projektu pt. &#8222;Inflacja prawa Unii Europejskiej: podej\u015bcie oparte na Empirycznej Jurysprudencji&#8221;. Zach\u0119camy do zapoznania si\u0119 ze streszczeniem projektu opisuj\u0105cym jego za\u0142o\u017cenia i cele pod \u0142\u0105czem: https:\/\/www.ncn.gov.pl\/sites\/default\/files\/listy-rankingowe\/2025-03-17-mmatyB0da2\/streszczenia\/648289-pl.pdf<\/div><\/li>\n<li><div class=\"wp-block-latest-posts__featured-image alignleft\"><img loading=\"lazy\" decoding=\"async\" width=\"150\" height=\"150\" src=\"https:\/\/fpinop.wpia.uw.edu.pl\/wp-content\/uploads\/2025\/11\/Zrzut-ekranu-2025-11-28-063121-150x150.png\" class=\"attachment-thumbnail size-thumbnail wp-post-image\" alt=\"\" style=\"max-width:150px;max-height:150px;\" \/><\/div><a class=\"wp-block-latest-posts__post-title\" href=\"https:\/\/fpinop.wpia.uw.edu.pl\/index.php\/2025\/11\/28\/debata-kogo-jak-i-dlaczego-wykluczaja-polacy-na-wydziale-neofilologii-uw\/\">Debata &#8222;KOGO, JAK I DLACZEGO WYKLUCZAJ\u0104 POLACY?&#8221; na Wydziale Neofilologii UW<\/a><time datetime=\"2025-11-28T06:47:05+01:00\" class=\"wp-block-latest-posts__post-date\">28 listopada 2025<\/time><div class=\"wp-block-latest-posts__post-excerpt\">Serdecznie zapraszamy do udzia\u0142u w otwartej debacie &#8222;KOGO, JAK I DLACZEGO WYKLUCZAJ\u0104 POLACY?&#8221;, kt\u00f3ra odb\u0119dzie si\u0119 dzi\u015b w godz. 13.30-15.00 na Wydziale Neofilologii (ul. Dobra 55) w sali 0.141. Debata jest cz\u0119\u015bci\u0105 programu IV Og\u00f3lnopolskiej Studencko-Doktorancka Konferencji Naukowej &#8222;J\u0118ZYK-KONFLIKT-WYKLUCZENIE&#8221; wsp\u00f3\u0142organizowanej przez Cezarego W\u0119gli\u0144skiego, doktoranta w naszej Katedrze i pracownika Instytutu Romanistyki WN UW. Go\u015b\u0107mi debaty b\u0119d\u0105:\u2013 prof. UW dr hab. Julia KubisaDziekana Wydzia\u0142u Socjologii Uniwersytetu Warszawskiego\u2013 prof. UW dr hab. Micha\u0142 BilewiczDyrektor Centrum Bada\u0144 nad Uprzedzeniami, Wydzia\u0142 Psychologii Uniwersytetu Warszawskiego\u2013 Martyna Zachorska (@paniodfeminatywow)Wydzia\u0142 Anglistyki Uniwersytetu Adama Mickiewicza w Poznaniu Moderacja: mgr Aleksandra Szcz\u0119sna (SDNH) i mgr Cezary W\u0119gli\u0144ski Program konferencji:\u2026 <a class=\"wp-block-latest-posts__read-more\" href=\"https:\/\/fpinop.wpia.uw.edu.pl\/index.php\/2025\/11\/28\/debata-kogo-jak-i-dlaczego-wykluczaja-polacy-na-wydziale-neofilologii-uw\/\" rel=\"noopener noreferrer\">Dowiedz si\u0119 wi\u0119cej<span class=\"screen-reader-text\">: Debata &#8222;KOGO, JAK I DLACZEGO WYKLUCZAJ\u0104 POLACY?&#8221; na Wydziale Neofilologii UW<\/span><\/a><\/div><\/li>\n<li><div class=\"wp-block-latest-posts__featured-image alignleft\"><img loading=\"lazy\" decoding=\"async\" width=\"150\" height=\"150\" src=\"https:\/\/fpinop.wpia.uw.edu.pl\/wp-content\/uploads\/2025\/11\/1000011802-150x150.jpg\" class=\"attachment-thumbnail size-thumbnail wp-post-image\" alt=\"\" style=\"max-width:150px;max-height:150px;\" \/><\/div><a class=\"wp-block-latest-posts__post-title\" href=\"https:\/\/fpinop.wpia.uw.edu.pl\/index.php\/2025\/11\/26\/debata-ile-racjonalnosci-w-racjonalnym-ustawodawcy-z-udzialem-dra-pawla-skuczynskiego-wideo\/\">Debata \u201eIle racjonalno\u015bci w racjonalnym ustawodawcy?\u201d z udzia\u0142em dra Paw\u0142a Skuczy\u0144skiego (wideo)<\/a><time datetime=\"2025-11-26T10:40:31+01:00\" class=\"wp-block-latest-posts__post-date\">26 listopada 2025<\/time><div class=\"wp-block-latest-posts__post-excerpt\">20 listopada o godz. 17:00 w studiu Uniwizja &#8211; telewizja Uniwersytetu Szczeci\u0144skiego \u2013 odby\u0142a si\u0119 transmitowana na \u017cywo debata po\u015bwi\u0119cona wsp\u00f3\u0142czesnym modelom stanowienia prawa. Wydarzenie by\u0142o cz\u0119\u015bci\u0105 VI. Konferencji Naukowej \u201eO pojmowaniu prawa i prawoznawstwa\u201d organizowanej przez Wydzia\u0142 Prawa i Administracji Uniwersytetu Szczeci\u0144skiego. W rozmowie udzia\u0142 wzi\u0119li: prof. dr hab. S\u0142awomira Wronkowska, prof. dr hab. Wojciech Patryas, dr hab. Maciej Pichlak, prof. UWr, dr Pawe\u0142 Skuczy\u0144ski, dr Wojciech W\u0142och, dr Mateusz Zeifert, prof. U\u015a. Debat\u0119 poprowadzi\u0142y: dr hab. Ewelina Ca\u0142a-Wacinkiewicz, prof. US \u2013 Dziekan WPiA US, dr Beata Kanarek \u2013 Prodziekan ds. kszta\u0142cenia WPiA US. Nagranie dost\u0119pne na stronie: https:\/\/www.youtube.com\/watch?v=RC7Rl_6yOs8&amp;fbclid=IwY2xjawOTqrNleHRuA2FlbQIxMABicmlkETBxQ0RkamlnVEUxU3NnaE9Jc3J0YwZhcHBfaWQQMjIyMDM5MTc4ODIwMDg5MgABHkLSqFnyVNgTbnonBgAf9NSuFic0rwo65AA-fSyLuccX9gDz11pLR0toA8fs_aem_2FRjJDlcD8JAS9URcIeH0g\u2026 <a class=\"wp-block-latest-posts__read-more\" href=\"https:\/\/fpinop.wpia.uw.edu.pl\/index.php\/2025\/11\/26\/debata-ile-racjonalnosci-w-racjonalnym-ustawodawcy-z-udzialem-dra-pawla-skuczynskiego-wideo\/\" rel=\"noopener noreferrer\">Dowiedz si\u0119 wi\u0119cej<span class=\"screen-reader-text\">: Debata \u201eIle racjonalno\u015bci w racjonalnym ustawodawcy?\u201d z udzia\u0142em dra Paw\u0142a Skuczy\u0144skiego (wideo)<\/span><\/a><\/div><\/li>\n<li><div class=\"wp-block-latest-posts__featured-image alignleft\"><img loading=\"lazy\" decoding=\"async\" width=\"150\" height=\"150\" src=\"https:\/\/fpinop.wpia.uw.edu.pl\/wp-content\/uploads\/2025\/05\/w-procesie-stosowania-prawa.-Bledy-filozofii-zludzenia-praktyki-4-150x150.png\" class=\"attachment-thumbnail size-thumbnail wp-post-image\" alt=\"\" style=\"max-width:150px;max-height:150px;\" \/><\/div><a class=\"wp-block-latest-posts__post-title\" href=\"https:\/\/fpinop.wpia.uw.edu.pl\/index.php\/2025\/10\/20\/seminarium-prawda-w-procesie-stosowania-prawa-z-dr-tomaszem-raburskim-uam-27-pazdziernika-2025\/\">Seminarium &#8222;Prawda w procesie stosowania prawa&#8221; z dr. Tomaszem Raburskim (UAM) (27 pa\u017adziernika 2025)<\/a><time datetime=\"2025-10-20T17:57:28+02:00\" class=\"wp-block-latest-posts__post-date\">20 pa\u017adziernika 2025<\/time><div class=\"wp-block-latest-posts__post-excerpt\">Serdecznie zapraszamy na pierwsze w tym roku akademickim seminarium naukowe Katedry, kt\u00f3re odb\u0119dzie si\u0119 w dniu 27 pa\u017adziernika 2025 roku (przysz\u0142y poniedzia\u0142ek) o godzinie 16:45 w sali 319 (Collegium Iuridicum I). Go\u015bciem seminarium b\u0119dzie dr Tomasz Raburski z UAM Link do seminarium: http:\/\/fpinop.wpia.uw.edu.pl\/seminarium Poni\u017cej znajd\u0105 Pa\u0144stwo r\u00f3wnie\u017c grafik\u0119 z harmonogramem seminari\u00f3w naukowych w tym semestrze. Zapraszamy!<\/div><\/li>\n<li><div class=\"wp-block-latest-posts__featured-image alignleft\"><img loading=\"lazy\" decoding=\"async\" width=\"150\" height=\"150\" src=\"https:\/\/fpinop.wpia.uw.edu.pl\/wp-content\/uploads\/2025\/10\/Zrzut-ekranu-2025-10-16-142231-e1760617956783-150x150.png\" class=\"attachment-thumbnail size-thumbnail wp-post-image\" alt=\"\" style=\"max-width:150px;max-height:150px;\" srcset=\"https:\/\/fpinop.wpia.uw.edu.pl\/wp-content\/uploads\/2025\/10\/Zrzut-ekranu-2025-10-16-142231-e1760617956783-150x150.png 150w, https:\/\/fpinop.wpia.uw.edu.pl\/wp-content\/uploads\/2025\/10\/Zrzut-ekranu-2025-10-16-142231-e1760617956783-300x300.png 300w, https:\/\/fpinop.wpia.uw.edu.pl\/wp-content\/uploads\/2025\/10\/Zrzut-ekranu-2025-10-16-142231-e1760617956783-12x12.png 12w, https:\/\/fpinop.wpia.uw.edu.pl\/wp-content\/uploads\/2025\/10\/Zrzut-ekranu-2025-10-16-142231-e1760617956783.png 356w\" sizes=\"auto, (max-width: 150px) 100vw, 150px\" \/><\/div><a class=\"wp-block-latest-posts__post-title\" href=\"https:\/\/fpinop.wpia.uw.edu.pl\/index.php\/2025\/10\/16\/1619\/\">Publikacja zespo\u0142u badawczego pod kierownictwem dra Krzysztofa J. Kalety w mi\u0119dzynarodowym czasopi\u015bmie &#8222;Law &amp; Method&#8221;<\/a><time datetime=\"2025-10-16T14:29:51+02:00\" class=\"wp-block-latest-posts__post-date\">16 pa\u017adziernika 2025<\/time><div class=\"wp-block-latest-posts__post-excerpt\">W mi\u0119dzynarodowym czasopi\u015bmie &#8222;Law &amp; Method&#8221; ukaza\u0142a si\u0119 publikacja zespo\u0142u badawczego kierowanego przez pracownika naszej Katedry dra Krzysztofa J. Kalet\u0119. Artyku\u0142 \u00a0&#8222;Systematic Literature Review Method in Legal Research. Prospects and Challenges&#8221; zosta\u0142 przygotowany w ramach realizacji grantu Narodowego Centrum Nauki \u00a0&#8222;Konstytucjonalizm refleksyjny jako odpowied\u017a na kryzys wsp\u00f3\u0142czesnego konstytucjonalizmu&#8221;. Tekst podejmuje problematyk\u0119 zastosowania w naukach prawnych systematycznej analizy pi\u015bmiennictwa (Systematic Literature Review). Metoda ta, cho\u0107 szeroko rozpowszechniona w innych dyscyplinach naukowych, pozostaje wci\u0105\u017c s\u0142abo rozpoznana w obszarze bada\u0144 nad prawem. Warto zatem pozna\u0107 jej potencjalne mo\u017cliwo\u015bci i ograniczenia. O wszystkim dowiedz\u0105 si\u0119 Pa\u0144stwo z tekstu. Zach\u0119camy do lektury! Link do artyku\u0142u\u00a0<\/div><\/li>\n<li><div class=\"wp-block-latest-posts__featured-image alignleft\"><img loading=\"lazy\" decoding=\"async\" width=\"150\" height=\"150\" src=\"https:\/\/fpinop.wpia.uw.edu.pl\/wp-content\/uploads\/2025\/10\/557847435_722766564164228_6350496001918510869_n-e1759924043312-150x150.jpg\" class=\"attachment-thumbnail size-thumbnail wp-post-image\" alt=\"\" style=\"max-width:150px;max-height:150px;\" srcset=\"https:\/\/fpinop.wpia.uw.edu.pl\/wp-content\/uploads\/2025\/10\/557847435_722766564164228_6350496001918510869_n-e1759924043312-150x150.jpg 150w, https:\/\/fpinop.wpia.uw.edu.pl\/wp-content\/uploads\/2025\/10\/557847435_722766564164228_6350496001918510869_n-e1759924043312-300x300.jpg 300w, https:\/\/fpinop.wpia.uw.edu.pl\/wp-content\/uploads\/2025\/10\/557847435_722766564164228_6350496001918510869_n-e1759924043312-12x12.jpg 12w, https:\/\/fpinop.wpia.uw.edu.pl\/wp-content\/uploads\/2025\/10\/557847435_722766564164228_6350496001918510869_n-e1759924043312.jpg 765w\" sizes=\"auto, (max-width: 150px) 100vw, 150px\" \/><\/div><a class=\"wp-block-latest-posts__post-title\" href=\"https:\/\/fpinop.wpia.uw.edu.pl\/index.php\/2025\/10\/08\/system-npp-w-polsce-z-perspektywy-dostepu-do-prawa-prof-j-winczorek-na-ii-ogolnopolskiej-konferencji-poradniczej\/\">System NPP w Polsce z perspektywy dost\u0119pu do prawa &#8211; prof. J. Winczorek na II Og\u00f3lnopolskiej Konferencji Poradniczej<\/a><time datetime=\"2025-10-08T13:47:29+02:00\" class=\"wp-block-latest-posts__post-date\">8 pa\u017adziernika 2025<\/time><div class=\"wp-block-latest-posts__post-excerpt\">W dniach 24\u201326 wrze\u015bnia 2025 r. dr hab. Jan Winczorek wzi\u0105\u0142 udzia\u0142 w konferencji \u201eIII Og\u00f3lnopolska Konferencja Poradnicza: 10 lat ustawy o nieodp\u0142atnej pomocy prawnej, nieodp\u0142atnym poradnictwie obywatelskim oraz edukacji prawnej\u201d, zorganizowanej w Krynicy-Zdroju przez Stowarzyszenie Sursum Corda. Podczas wydarzenia wyg\u0142osi\u0142 referat pt. \u201eSystem NPP w Polsce z perspektywy dost\u0119pu do prawa\u201d. Prof. Winczorek od wielu lat specjalizuje si\u0119 w zagadnieniach zwi\u0105zanych z dost\u0119pem do prawa, w tym zwi\u0105zanych z nieodp\u0142atn\u0105 pomoc\u0105 prawn\u0105. Jednym z efekt\u00f3w tych bada\u0144 jest monografia \u201eDost\u0119p do prawa: uj\u0119cie socjologiczne\u201d, kt\u00f3rej lektur\u0119 serdecznie polecamy!<\/div><\/li>\n<li><div class=\"wp-block-latest-posts__featured-image alignleft\"><img loading=\"lazy\" decoding=\"async\" width=\"150\" height=\"150\" src=\"https:\/\/fpinop.wpia.uw.edu.pl\/wp-content\/uploads\/2025\/10\/556144081_720349091072642_2852347069373351726_n-150x150.jpg\" class=\"attachment-thumbnail size-thumbnail wp-post-image\" alt=\"\" style=\"max-width:150px;max-height:150px;\" \/><\/div><a class=\"wp-block-latest-posts__post-title\" href=\"https:\/\/fpinop.wpia.uw.edu.pl\/index.php\/2025\/10\/02\/nasi-pracownicy-na-konferencji-z-zagadnien-teorii-i-filozofii-prawa-w-karpaczu\/\">Nasi pracownicy na konferencji &#8222;Z zagadnie\u0144 teorii i filozofii prawa&#8221; w Karpaczu<\/a><time datetime=\"2025-10-02T18:54:42+02:00\" class=\"wp-block-latest-posts__post-date\">2 pa\u017adziernika 2025<\/time><div class=\"wp-block-latest-posts__post-excerpt\">W dniach 22-24 wrze\u015bnia br. reprezentacja naszej Katedry w sk\u0142adzie Prof. Jan Winczorek, dr Krzysztof J. Kaleta oraz dr Pawe\u0142 Skuczy\u0144ski wzi\u0119\u0142a udzia\u0142 w cyklicznej konferencji &#8222;Z zagadnie\u0144 teorii i filozofii prawa&#8221; zorganizowanej przez Katedr\u0119 Teorii i Filozofii Prawa Uniwersytetu Wroc\u0142awskiego. Tegoroczna edycja konferencji po\u015bwi\u0119cona by\u0142a zagadnieniu praworz\u0105dno\u015bci w czasach kryzysu. Konferencja odby\u0142a si\u0119 w malowniczym Karpaczu, do kt\u00f3rego nasi reprezentanci dotarli wprost z Karkonoskiego szlaku IV Rajdokonferencji IVR.<\/div><\/li>\n<li><div class=\"wp-block-latest-posts__featured-image alignleft\"><img loading=\"lazy\" decoding=\"async\" width=\"150\" height=\"150\" src=\"https:\/\/fpinop.wpia.uw.edu.pl\/wp-content\/uploads\/2025\/09\/Plakat-IR-Aborcja-e1759239898275-150x150.png\" class=\"attachment-thumbnail size-thumbnail wp-post-image\" alt=\"\" style=\"max-width:150px;max-height:150px;\" srcset=\"https:\/\/fpinop.wpia.uw.edu.pl\/wp-content\/uploads\/2025\/09\/Plakat-IR-Aborcja-e1759239898275-150x150.png 150w, https:\/\/fpinop.wpia.uw.edu.pl\/wp-content\/uploads\/2025\/09\/Plakat-IR-Aborcja-e1759239898275-300x300.png 300w, https:\/\/fpinop.wpia.uw.edu.pl\/wp-content\/uploads\/2025\/09\/Plakat-IR-Aborcja-e1759239898275-768x768.png 768w, https:\/\/fpinop.wpia.uw.edu.pl\/wp-content\/uploads\/2025\/09\/Plakat-IR-Aborcja-e1759239898275-12x12.png 12w, https:\/\/fpinop.wpia.uw.edu.pl\/wp-content\/uploads\/2025\/09\/Plakat-IR-Aborcja-e1759239898275.png 864w\" sizes=\"auto, (max-width: 150px) 100vw, 150px\" \/><\/div><a class=\"wp-block-latest-posts__post-title\" href=\"https:\/\/fpinop.wpia.uw.edu.pl\/index.php\/2025\/09\/30\/dyskusja-aborcja-a-prawa-czlowieka-perspektywa-francuska-i-polska\/\">Dyskusja \u201eAborcja a prawa cz\u0142owieka: perspektywa francuska i polska\u201d<\/a><time datetime=\"2025-09-30T15:41:37+02:00\" class=\"wp-block-latest-posts__post-date\">30 wrze\u015bnia 2025<\/time><div class=\"wp-block-latest-posts__post-excerpt\">Serdecznie zapraszamy na dyskusj\u0119 z udzia\u0142em prof. Marty Bucholc (Wydzia\u0142 Socjogii UW)i prof. Marcina Ko\u015bcielniaka (Uniwersytet Jagiello\u0144ski) po\u015bwi\u0119con\u0105 temu, jak kwestie aborcji omawiane s\u0105 w debacie publicznej i prawnej w Polsce i we Francji, w szczeg\u00f3lno\u015bci w kontek\u015bcie wpisania w zesz\u0142ym roku prawa do aborcji do tekstu francuskiej konstytucji. Spotkanie odb\u0119dzie si\u0119 8 pa\u017adziernika 2025 roku w sali Z.520 (poziom -1) w budynku Wydzia\u0142u Neofilologii UW o godzinie 16:45. moderacja: Cezary W\u0119gli\u0144ski (Centrum Prawa Francuskiego WPiA UW, Instytut Romanistyki)<\/div><\/li>\n<li><div class=\"wp-block-latest-posts__featured-image alignleft\"><img loading=\"lazy\" decoding=\"async\" width=\"150\" height=\"150\" src=\"https:\/\/fpinop.wpia.uw.edu.pl\/wp-content\/uploads\/2025\/06\/Seminarium-12-06-KFPINOP-150x150.png\" class=\"attachment-thumbnail size-thumbnail wp-post-image\" alt=\"\" style=\"max-width:150px;max-height:150px;\" \/><\/div><a class=\"wp-block-latest-posts__post-title\" href=\"https:\/\/fpinop.wpia.uw.edu.pl\/index.php\/2025\/06\/06\/seminarium-emocje-a-prawo-z-prof-marta-soniewicka-uj\/\">Seminarium &#8222;Emocje a prawo&#8221; z prof. Mart\u0105 Soniewick\u0105 (UJ)<\/a><time datetime=\"2025-06-06T11:11:16+02:00\" class=\"wp-block-latest-posts__post-date\">6 czerwca 2025<\/time><div class=\"wp-block-latest-posts__post-excerpt\">Serdecznie zapraszamy na najbli\u017csze seminarium w naszej Katedrze, kt\u00f3rego go\u015bcini\u0105 b\u0119dzie dr hab. prof. UJ Marta Soniewicka z wyst\u0105pieniem pod tytu\u0142em \u201eEmocje a prawo. Znaczenie i rola uczu\u0107 w uj\u0119ciu filozoficznoprawnym\u201d. Seminarium odb\u0119dzie si\u0119 w czwartek 12 czerwca br. o godz. 18.30 w sali 209 CI I oraz zdalnie. Link do spotkania<\/div><\/li>\n<\/ul>\n\n\n<p><\/p>\n\n\n\n<h2 id=\"wp-block-themeisle-blocks-advanced-heading-64cbf581\" class=\"wp-block-themeisle-blocks-advanced-heading wp-block-themeisle-blocks-advanced-heading-64cbf581\">Archiwum Aktualno\u015bci<\/h2>\n\n\n\n<div id=\"wp-block-themeisle-blocks-advanced-columns-5becaafc\" class=\"wp-block-themeisle-blocks-advanced-columns has-3-columns has-desktop-equal-layout has-tablet-equal-layout has-mobile-collapsedRows-layout has-vertical-center has-light-bg\"><div class=\"wp-block-themeisle-blocks-advanced-columns-overlay\"><\/div><div class=\"innerblocks-wrap\">\n<div id=\"wp-block-themeisle-blocks-advanced-column-8b708652\" class=\"wp-block-themeisle-blocks-advanced-column\"><ul class=\"wp-block-archives-list wp-block-archives\">\t<li><a href='https:\/\/fpinop.wpia.uw.edu.pl\/index.php\/2026\/02\/'>luty 2026<\/a><\/li>\n\t<li><a href='https:\/\/fpinop.wpia.uw.edu.pl\/index.php\/2026\/01\/'>stycze\u0144 2026<\/a><\/li>\n\t<li><a href='https:\/\/fpinop.wpia.uw.edu.pl\/index.php\/2025\/12\/'>grudzie\u0144 2025<\/a><\/li>\n\t<li><a href='https:\/\/fpinop.wpia.uw.edu.pl\/index.php\/2025\/11\/'>listopad 2025<\/a><\/li>\n\t<li><a href='https:\/\/fpinop.wpia.uw.edu.pl\/index.php\/2025\/10\/'>pa\u017adziernik 2025<\/a><\/li>\n\t<li><a href='https:\/\/fpinop.wpia.uw.edu.pl\/index.php\/2025\/09\/'>wrzesie\u0144 2025<\/a><\/li>\n\t<li><a href='https:\/\/fpinop.wpia.uw.edu.pl\/index.php\/2025\/06\/'>czerwiec 2025<\/a><\/li>\n\t<li><a href='https:\/\/fpinop.wpia.uw.edu.pl\/index.php\/2025\/05\/'>maj 2025<\/a><\/li>\n\t<li><a href='https:\/\/fpinop.wpia.uw.edu.pl\/index.php\/2025\/04\/'>kwiecie\u0144 2025<\/a><\/li>\n\t<li><a href='https:\/\/fpinop.wpia.uw.edu.pl\/index.php\/2025\/03\/'>marzec 2025<\/a><\/li>\n\t<li><a href='https:\/\/fpinop.wpia.uw.edu.pl\/index.php\/2025\/02\/'>luty 2025<\/a><\/li>\n\t<li><a href='https:\/\/fpinop.wpia.uw.edu.pl\/index.php\/2025\/01\/'>stycze\u0144 2025<\/a><\/li>\n\t<li><a href='https:\/\/fpinop.wpia.uw.edu.pl\/index.php\/2024\/12\/'>grudzie\u0144 2024<\/a><\/li>\n\t<li><a href='https:\/\/fpinop.wpia.uw.edu.pl\/index.php\/2024\/11\/'>listopad 2024<\/a><\/li>\n\t<li><a href='https:\/\/fpinop.wpia.uw.edu.pl\/index.php\/2024\/10\/'>pa\u017adziernik 2024<\/a><\/li>\n\t<li><a href='https:\/\/fpinop.wpia.uw.edu.pl\/index.php\/2024\/09\/'>wrzesie\u0144 2024<\/a><\/li>\n\t<li><a href='https:\/\/fpinop.wpia.uw.edu.pl\/index.php\/2024\/06\/'>czerwiec 2024<\/a><\/li>\n\t<li><a href='https:\/\/fpinop.wpia.uw.edu.pl\/index.php\/2024\/05\/'>maj 2024<\/a><\/li>\n\t<li><a href='https:\/\/fpinop.wpia.uw.edu.pl\/index.php\/2024\/04\/'>kwiecie\u0144 2024<\/a><\/li>\n\t<li><a href='https:\/\/fpinop.wpia.uw.edu.pl\/index.php\/2024\/03\/'>marzec 2024<\/a><\/li>\n\t<li><a href='https:\/\/fpinop.wpia.uw.edu.pl\/index.php\/2024\/02\/'>luty 2024<\/a><\/li>\n\t<li><a href='https:\/\/fpinop.wpia.uw.edu.pl\/index.php\/2024\/01\/'>stycze\u0144 2024<\/a><\/li>\n\t<li><a href='https:\/\/fpinop.wpia.uw.edu.pl\/index.php\/2023\/12\/'>grudzie\u0144 2023<\/a><\/li>\n\t<li><a href='https:\/\/fpinop.wpia.uw.edu.pl\/index.php\/2023\/11\/'>listopad 2023<\/a><\/li>\n\t<li><a href='https:\/\/fpinop.wpia.uw.edu.pl\/index.php\/2023\/10\/'>pa\u017adziernik 2023<\/a><\/li>\n\t<li><a href='https:\/\/fpinop.wpia.uw.edu.pl\/index.php\/2023\/09\/'>wrzesie\u0144 2023<\/a><\/li>\n\t<li><a href='https:\/\/fpinop.wpia.uw.edu.pl\/index.php\/2023\/07\/'>lipiec 2023<\/a><\/li>\n<\/ul><\/div>\n\n\n\n<div id=\"wp-block-themeisle-blocks-advanced-column-814f5ea6\" class=\"wp-block-themeisle-blocks-advanced-column\"><ul class=\"wp-block-categories-list wp-block-categories\">\t<li class=\"cat-item cat-item-1\"><a href=\"https:\/\/fpinop.wpia.uw.edu.pl\/index.php\/category\/uncategorized\/\">Inne<\/a>\n<\/li>\n\t<li class=\"cat-item cat-item-14\"><a href=\"https:\/\/fpinop.wpia.uw.edu.pl\/index.php\/category\/konferencje\/\">Konferencje<\/a>\n<\/li>\n\t<li class=\"cat-item cat-item-39\"><a href=\"https:\/\/fpinop.wpia.uw.edu.pl\/index.php\/category\/popularyzacja-nauki\/\">Popularyzacja nauki<\/a>\n<\/li>\n\t<li class=\"cat-item cat-item-159\"><a href=\"https:\/\/fpinop.wpia.uw.edu.pl\/index.php\/category\/projekty-naukowe\/\">Projekty naukowe<\/a>\n<\/li>\n\t<li class=\"cat-item cat-item-12\"><a href=\"https:\/\/fpinop.wpia.uw.edu.pl\/index.php\/category\/publikacje\/\">Publikacje<\/a>\n<\/li>\n\t<li class=\"cat-item cat-item-57\"><a href=\"https:\/\/fpinop.wpia.uw.edu.pl\/index.php\/category\/seminarium\/\">Seminarium<\/a>\n<\/li>\n\t<li class=\"cat-item cat-item-15\"><a href=\"https:\/\/fpinop.wpia.uw.edu.pl\/index.php\/category\/zajecia\/\">Zaj\u0119cia<\/a>\n<\/li>\n<\/ul><\/div>\n\n\n\n<div id=\"wp-block-themeisle-blocks-advanced-column-6e40e2cb\" class=\"wp-block-themeisle-blocks-advanced-column\"><p class=\"wp-block-tag-cloud\"><a href=\"https:\/\/fpinop.wpia.uw.edu.pl\/index.php\/tag\/artykul\/\" class=\"tag-cloud-link tag-link-16 tag-link-position-1\" style=\"font-size: 11.6pt;\" aria-label=\"artyku\u0142 (2 elementy)\">artyku\u0142<\/a>\n<a href=\"https:\/\/fpinop.wpia.uw.edu.pl\/index.php\/tag\/badania-empiryczne\/\" class=\"tag-cloud-link tag-link-121 tag-link-position-2\" style=\"font-size: 11.6pt;\" aria-label=\"badania empiryczne (2 elementy)\">badania empiryczne<\/a>\n<a href=\"https:\/\/fpinop.wpia.uw.edu.pl\/index.php\/tag\/badania-ilosciowe\/\" class=\"tag-cloud-link tag-link-68 tag-link-position-3\" style=\"font-size: 11.6pt;\" aria-label=\"badania ilo\u015bciowe (2 elementy)\">badania ilo\u015bciowe<\/a>\n<a href=\"https:\/\/fpinop.wpia.uw.edu.pl\/index.php\/tag\/cezary-weglinski\/\" class=\"tag-cloud-link tag-link-149 tag-link-position-4\" style=\"font-size: 14pt;\" aria-label=\"Cezary W\u0119gli\u0144ski (3 elementy)\">Cezary W\u0119gli\u0144ski<\/a>\n<a href=\"https:\/\/fpinop.wpia.uw.edu.pl\/index.php\/tag\/chauvin-tatiana\/\" class=\"tag-cloud-link tag-link-54 tag-link-position-5\" style=\"font-size: 17.6pt;\" aria-label=\"Chauvin Tatiana (5 element\u00f3w)\">Chauvin Tatiana<\/a>\n<a href=\"https:\/\/fpinop.wpia.uw.edu.pl\/index.php\/tag\/debata\/\" class=\"tag-cloud-link tag-link-155 tag-link-position-6\" style=\"font-size: 11.6pt;\" aria-label=\"debata (2 elementy)\">debata<\/a>\n<a href=\"https:\/\/fpinop.wpia.uw.edu.pl\/index.php\/tag\/dostep-do-prawa\/\" class=\"tag-cloud-link tag-link-24 tag-link-position-7\" style=\"font-size: 11.6pt;\" aria-label=\"Dost\u0119p do prawa (2 elementy)\">Dost\u0119p do prawa<\/a>\n<a href=\"https:\/\/fpinop.wpia.uw.edu.pl\/index.php\/tag\/dyskurs\/\" class=\"tag-cloud-link tag-link-19 tag-link-position-8\" style=\"font-size: 8pt;\" aria-label=\"dyskurs (1 element)\">dyskurs<\/a>\n<a href=\"https:\/\/fpinop.wpia.uw.edu.pl\/index.php\/tag\/gajewski-michal\/\" class=\"tag-cloud-link tag-link-97 tag-link-position-9\" style=\"font-size: 14pt;\" aria-label=\"Gajewski Micha\u0142 (3 elementy)\">Gajewski Micha\u0142<\/a>\n<a href=\"https:\/\/fpinop.wpia.uw.edu.pl\/index.php\/tag\/gmerek-karolina\/\" class=\"tag-cloud-link tag-link-101 tag-link-position-10\" style=\"font-size: 11.6pt;\" aria-label=\"Gmerek Karolina (2 elementy)\">Gmerek Karolina<\/a>\n<a href=\"https:\/\/fpinop.wpia.uw.edu.pl\/index.php\/tag\/grabon-wojciech\/\" class=\"tag-cloud-link tag-link-99 tag-link-position-11\" style=\"font-size: 11.6pt;\" aria-label=\"Grabo\u0144 Wojciech (2 elementy)\">Grabo\u0144 Wojciech<\/a>\n<a href=\"https:\/\/fpinop.wpia.uw.edu.pl\/index.php\/tag\/granty\/\" class=\"tag-cloud-link tag-link-142 tag-link-position-12\" style=\"font-size: 11.6pt;\" aria-label=\"granty (2 elementy)\">granty<\/a>\n<a href=\"https:\/\/fpinop.wpia.uw.edu.pl\/index.php\/tag\/inflacja-prawa\/\" class=\"tag-cloud-link tag-link-95 tag-link-position-13\" style=\"font-size: 14pt;\" aria-label=\"inflacja prawa (3 elementy)\">inflacja prawa<\/a>\n<a href=\"https:\/\/fpinop.wpia.uw.edu.pl\/index.php\/tag\/judycjalizacja\/\" class=\"tag-cloud-link tag-link-61 tag-link-position-14\" style=\"font-size: 11.6pt;\" aria-label=\"judycjalizacja (2 elementy)\">judycjalizacja<\/a>\n<a href=\"https:\/\/fpinop.wpia.uw.edu.pl\/index.php\/tag\/kaleta-krzysztof\/\" class=\"tag-cloud-link tag-link-36 tag-link-position-15\" style=\"font-size: 22pt;\" aria-label=\"Kaleta Krzysztof (9 element\u00f3w)\">Kaleta Krzysztof<\/a>\n<a href=\"https:\/\/fpinop.wpia.uw.edu.pl\/index.php\/tag\/kelly-martin\/\" class=\"tag-cloud-link tag-link-98 tag-link-position-16\" style=\"font-size: 11.6pt;\" aria-label=\"Kelly Martin (2 elementy)\">Kelly Martin<\/a>\n<a href=\"https:\/\/fpinop.wpia.uw.edu.pl\/index.php\/tag\/konferencja\/\" class=\"tag-cloud-link tag-link-8 tag-link-position-17\" style=\"font-size: 19pt;\" aria-label=\"konferencja (6 element\u00f3w)\">konferencja<\/a>\n<a href=\"https:\/\/fpinop.wpia.uw.edu.pl\/index.php\/tag\/konstytucja\/\" class=\"tag-cloud-link tag-link-74 tag-link-position-18\" style=\"font-size: 11.6pt;\" aria-label=\"Konstytucja (2 elementy)\">Konstytucja<\/a>\n<a href=\"https:\/\/fpinop.wpia.uw.edu.pl\/index.php\/tag\/konstytucjonalizm\/\" class=\"tag-cloud-link tag-link-52 tag-link-position-19\" style=\"font-size: 11.6pt;\" aria-label=\"konstytucjonalizm (2 elementy)\">konstytucjonalizm<\/a>\n<a href=\"https:\/\/fpinop.wpia.uw.edu.pl\/index.php\/tag\/kruk-maciej\/\" class=\"tag-cloud-link tag-link-31 tag-link-position-20\" style=\"font-size: 16pt;\" aria-label=\"Kruk Maciej (4 elementy)\">Kruk Maciej<\/a>\n<a href=\"https:\/\/fpinop.wpia.uw.edu.pl\/index.php\/tag\/kryzys-konstytucyjny\/\" class=\"tag-cloud-link tag-link-37 tag-link-position-21\" style=\"font-size: 20pt;\" aria-label=\"kryzys konstytucyjny (7 element\u00f3w)\">kryzys konstytucyjny<\/a>\n<a href=\"https:\/\/fpinop.wpia.uw.edu.pl\/index.php\/tag\/legislacja\/\" class=\"tag-cloud-link tag-link-110 tag-link-position-22\" style=\"font-size: 11.6pt;\" aria-label=\"legislacja (2 elementy)\">legislacja<\/a>\n<a href=\"https:\/\/fpinop.wpia.uw.edu.pl\/index.php\/tag\/matczak-marcin\/\" class=\"tag-cloud-link tag-link-21 tag-link-position-23\" style=\"font-size: 17.6pt;\" aria-label=\"Matczak Marcin (5 element\u00f3w)\">Matczak Marcin<\/a>\n<a href=\"https:\/\/fpinop.wpia.uw.edu.pl\/index.php\/tag\/materialy-dydaktyczne\/\" class=\"tag-cloud-link tag-link-45 tag-link-position-24\" style=\"font-size: 16pt;\" aria-label=\"materia\u0142y dydaktyczne (4 elementy)\">materia\u0142y dydaktyczne<\/a>\n<a href=\"https:\/\/fpinop.wpia.uw.edu.pl\/index.php\/tag\/manko-rafal\/\" class=\"tag-cloud-link tag-link-103 tag-link-position-25\" style=\"font-size: 11.6pt;\" aria-label=\"Ma\u0144ko Rafa\u0142 (2 elementy)\">Ma\u0144ko Rafa\u0142<\/a>\n<a href=\"https:\/\/fpinop.wpia.uw.edu.pl\/index.php\/tag\/metodologia\/\" class=\"tag-cloud-link tag-link-139 tag-link-position-26\" style=\"font-size: 11.6pt;\" aria-label=\"metodologia (2 elementy)\">metodologia<\/a>\n<a href=\"https:\/\/fpinop.wpia.uw.edu.pl\/index.php\/tag\/nabor-zgloszen\/\" class=\"tag-cloud-link tag-link-11 tag-link-position-27\" style=\"font-size: 8pt;\" aria-label=\"nab\u00f3r zg\u0142osze\u0144 (1 element)\">nab\u00f3r zg\u0142osze\u0144<\/a>\n<a href=\"https:\/\/fpinop.wpia.uw.edu.pl\/index.php\/tag\/otwarty-dostep\/\" class=\"tag-cloud-link tag-link-10 tag-link-position-28\" style=\"font-size: 11.6pt;\" aria-label=\"otwarty dost\u0119p (2 elementy)\">otwarty dost\u0119p<\/a>\n<a href=\"https:\/\/fpinop.wpia.uw.edu.pl\/index.php\/tag\/pichlak-maciej\/\" class=\"tag-cloud-link tag-link-48 tag-link-position-29\" style=\"font-size: 14pt;\" aria-label=\"Pichlak Maciej (3 elementy)\">Pichlak Maciej<\/a>\n<a href=\"https:\/\/fpinop.wpia.uw.edu.pl\/index.php\/tag\/ptaszynski-jan\/\" class=\"tag-cloud-link tag-link-47 tag-link-position-30\" style=\"font-size: 11.6pt;\" aria-label=\"Ptaszy\u0144ski Jan (2 elementy)\">Ptaszy\u0144ski Jan<\/a>\n<a href=\"https:\/\/fpinop.wpia.uw.edu.pl\/index.php\/tag\/publikacje\/\" class=\"tag-cloud-link tag-link-9 tag-link-position-31\" style=\"font-size: 8pt;\" aria-label=\"publikacje (1 element)\">publikacje<\/a>\n<a href=\"https:\/\/fpinop.wpia.uw.edu.pl\/index.php\/tag\/romanowicz-marcin\/\" class=\"tag-cloud-link tag-link-46 tag-link-position-32\" style=\"font-size: 14pt;\" aria-label=\"Romanowicz Marcin (3 elementy)\">Romanowicz Marcin<\/a>\n<a href=\"https:\/\/fpinop.wpia.uw.edu.pl\/index.php\/tag\/ryskiewicz-mikolaj\/\" class=\"tag-cloud-link tag-link-76 tag-link-position-33\" style=\"font-size: 19pt;\" aria-label=\"Ry\u015bkiewicz Miko\u0142aj (6 element\u00f3w)\">Ry\u015bkiewicz Miko\u0142aj<\/a>\n<a href=\"https:\/\/fpinop.wpia.uw.edu.pl\/index.php\/tag\/rzady-prawa\/\" class=\"tag-cloud-link tag-link-91 tag-link-position-34\" style=\"font-size: 11.6pt;\" aria-label=\"rz\u0105dy prawa (2 elementy)\">rz\u0105dy prawa<\/a>\n<a href=\"https:\/\/fpinop.wpia.uw.edu.pl\/index.php\/tag\/seminarium\/\" class=\"tag-cloud-link tag-link-137 tag-link-position-35\" style=\"font-size: 16pt;\" aria-label=\"seminarium (4 elementy)\">seminarium<\/a>\n<a href=\"https:\/\/fpinop.wpia.uw.edu.pl\/index.php\/tag\/skuczynski-pawel\/\" class=\"tag-cloud-link tag-link-30 tag-link-position-36\" style=\"font-size: 20pt;\" aria-label=\"Skuczy\u0144ski Pawe\u0142 (7 element\u00f3w)\">Skuczy\u0144ski Pawe\u0142<\/a>\n<a href=\"https:\/\/fpinop.wpia.uw.edu.pl\/index.php\/tag\/specustawy\/\" class=\"tag-cloud-link tag-link-104 tag-link-position-37\" style=\"font-size: 11.6pt;\" aria-label=\"Specustawy (2 elementy)\">Specustawy<\/a>\n<a href=\"https:\/\/fpinop.wpia.uw.edu.pl\/index.php\/tag\/tozsamosc-konstytucyjna\/\" class=\"tag-cloud-link tag-link-50 tag-link-position-38\" style=\"font-size: 11.6pt;\" aria-label=\"to\u017csamo\u015b\u0107 konstytucyjna (2 elementy)\">to\u017csamo\u015b\u0107 konstytucyjna<\/a>\n<a href=\"https:\/\/fpinop.wpia.uw.edu.pl\/index.php\/tag\/trudne-przypadki\/\" class=\"tag-cloud-link tag-link-49 tag-link-position-39\" style=\"font-size: 11.6pt;\" aria-label=\"trudne przypadki (2 elementy)\">trudne przypadki<\/a>\n<a href=\"https:\/\/fpinop.wpia.uw.edu.pl\/index.php\/tag\/usadowienie\/\" class=\"tag-cloud-link tag-link-51 tag-link-position-40\" style=\"font-size: 11.6pt;\" aria-label=\"us\u0105dowienie (2 elementy)\">us\u0105dowienie<\/a>\n<a href=\"https:\/\/fpinop.wpia.uw.edu.pl\/index.php\/tag\/widlak-tomasz\/\" class=\"tag-cloud-link tag-link-100 tag-link-position-41\" style=\"font-size: 11.6pt;\" aria-label=\"Wid\u0142ak Tomasz (2 elementy)\">Wid\u0142ak Tomasz<\/a>\n<a href=\"https:\/\/fpinop.wpia.uw.edu.pl\/index.php\/tag\/winczorek-jan\/\" class=\"tag-cloud-link tag-link-22 tag-link-position-42\" style=\"font-size: 17.6pt;\" aria-label=\"Winczorek Jan (5 element\u00f3w)\">Winczorek Jan<\/a>\n<a href=\"https:\/\/fpinop.wpia.uw.edu.pl\/index.php\/tag\/wstep-do-prawoznawstwa\/\" class=\"tag-cloud-link tag-link-43 tag-link-position-43\" style=\"font-size: 11.6pt;\" aria-label=\"wst\u0119p do prawoznawstwa (2 elementy)\">wst\u0119p do prawoznawstwa<\/a>\n<a href=\"https:\/\/fpinop.wpia.uw.edu.pl\/index.php\/tag\/wykladnia-prawa\/\" class=\"tag-cloud-link tag-link-17 tag-link-position-44\" style=\"font-size: 16pt;\" aria-label=\"wyk\u0142adnia prawa (4 elementy)\">wyk\u0142adnia prawa<\/a>\n<a href=\"https:\/\/fpinop.wpia.uw.edu.pl\/index.php\/tag\/zielinski-maciej\/\" class=\"tag-cloud-link tag-link-18 tag-link-position-45\" style=\"font-size: 8pt;\" aria-label=\"Zieli\u0144ski Maciej (1 element)\">Zieli\u0144ski Maciej<\/a><\/p><\/div>\n<\/div><\/div>\n","protected":false},"excerpt":{"rendered":"","protected":false},"author":1,"featured_media":0,"parent":0,"menu_order":0,"comment_status":"closed","ping_status":"closed","template":"","meta":{"_themeisle_gutenberg_block_has_review":false,"footnotes":""},"class_list":["post-174","page","type-page","status-publish","hentry"],"yoast_head":"<!-- This site is optimized with the Yoast SEO plugin v20.10 - https:\/\/yoast.com\/wordpress\/plugins\/seo\/ -->\n<title>Aktualno\u015bci - Katedra Filozofii Prawa i Nauki o Pa\u0144stwie<\/title>\n<meta name=\"robots\" content=\"index, follow, max-snippet:-1, max-image-preview:large, max-video-preview:-1\" \/>\n<link rel=\"canonical\" href=\"https:\/\/fpinop.wpia.uw.edu.pl\/index.php\/aktualnosci\/\" \/>\n<meta property=\"og:locale\" content=\"pl_PL\" \/>\n<meta property=\"og:type\" content=\"article\" \/>\n<meta property=\"og:title\" content=\"Aktualno\u015bci - Katedra Filozofii Prawa i Nauki o Pa\u0144stwie\" \/>\n<meta property=\"og:url\" content=\"https:\/\/fpinop.wpia.uw.edu.pl\/index.php\/aktualnosci\/\" \/>\n<meta property=\"og:site_name\" content=\"Katedra Filozofii Prawa i Nauki o Pa\u0144stwie\" \/>\n<meta property=\"article:modified_time\" content=\"2026-01-13T11:32:52+00:00\" \/>\n<meta name=\"twitter:card\" content=\"summary_large_image\" \/>\n<meta name=\"twitter:label1\" content=\"Szacowany czas czytania\" \/>\n\t<meta name=\"twitter:data1\" content=\"1 minuta\" \/>\n<script type=\"application\/ld+json\" class=\"yoast-schema-graph\">{\"@context\":\"https:\/\/schema.org\",\"@graph\":[{\"@type\":[\"WebPage\",\"CollectionPage\"],\"@id\":\"https:\/\/fpinop.wpia.uw.edu.pl\/index.php\/aktualnosci\/\",\"url\":\"https:\/\/fpinop.wpia.uw.edu.pl\/index.php\/aktualnosci\/\",\"name\":\"Aktualno\u015bci - Katedra Filozofii Prawa i Nauki o Pa\u0144stwie\",\"isPartOf\":{\"@id\":\"https:\/\/fpinop.wpia.uw.edu.pl\/#website\"},\"datePublished\":\"2023-06-18T20:06:07+00:00\",\"dateModified\":\"2026-01-13T11:32:52+00:00\",\"breadcrumb\":{\"@id\":\"https:\/\/fpinop.wpia.uw.edu.pl\/index.php\/aktualnosci\/#breadcrumb\"},\"inLanguage\":\"pl-PL\"},{\"@type\":\"BreadcrumbList\",\"@id\":\"https:\/\/fpinop.wpia.uw.edu.pl\/index.php\/aktualnosci\/#breadcrumb\",\"itemListElement\":[{\"@type\":\"ListItem\",\"position\":1,\"name\":\"Strona g\u0142\u00f3wna\",\"item\":\"https:\/\/fpinop.wpia.uw.edu.pl\/\"},{\"@type\":\"ListItem\",\"position\":2,\"name\":\"Aktualno\u015bci\"}]},{\"@type\":\"WebSite\",\"@id\":\"https:\/\/fpinop.wpia.uw.edu.pl\/#website\",\"url\":\"https:\/\/fpinop.wpia.uw.edu.pl\/\",\"name\":\"Katedra Filozofii Prawa i Nauki o Pa\u0144stwie\",\"description\":\"\",\"publisher\":{\"@id\":\"https:\/\/fpinop.wpia.uw.edu.pl\/#organization\"},\"potentialAction\":[{\"@type\":\"SearchAction\",\"target\":{\"@type\":\"EntryPoint\",\"urlTemplate\":\"https:\/\/fpinop.wpia.uw.edu.pl\/?s={search_term_string}\"},\"query-input\":\"required name=search_term_string\"}],\"inLanguage\":\"pl-PL\"},{\"@type\":\"Organization\",\"@id\":\"https:\/\/fpinop.wpia.uw.edu.pl\/#organization\",\"name\":\"Katedra Filozofii Prawa i Nauki o Pa\u0144stwie\",\"url\":\"https:\/\/fpinop.wpia.uw.edu.pl\/\",\"logo\":{\"@type\":\"ImageObject\",\"inLanguage\":\"pl-PL\",\"@id\":\"https:\/\/fpinop.wpia.uw.edu.pl\/#\/schema\/logo\/image\/\",\"url\":\"https:\/\/fpinop.wpia.uw.edu.pl\/wp-content\/uploads\/2025\/05\/cropped-Projekt-bez-nazwy.png\",\"contentUrl\":\"https:\/\/fpinop.wpia.uw.edu.pl\/wp-content\/uploads\/2025\/05\/cropped-Projekt-bez-nazwy.png\",\"width\":450,\"height\":227,\"caption\":\"Katedra Filozofii Prawa i Nauki o Pa\u0144stwie\"},\"image\":{\"@id\":\"https:\/\/fpinop.wpia.uw.edu.pl\/#\/schema\/logo\/image\/\"}}]}<\/script>\n<!-- \/ Yoast SEO plugin. -->","yoast_head_json":{"title":"Aktualno\u015bci - Katedra Filozofii Prawa i Nauki o Pa\u0144stwie","robots":{"index":"index","follow":"follow","max-snippet":"max-snippet:-1","max-image-preview":"max-image-preview:large","max-video-preview":"max-video-preview:-1"},"canonical":"https:\/\/fpinop.wpia.uw.edu.pl\/index.php\/aktualnosci\/","og_locale":"pl_PL","og_type":"article","og_title":"Aktualno\u015bci - Katedra Filozofii Prawa i Nauki o Pa\u0144stwie","og_url":"https:\/\/fpinop.wpia.uw.edu.pl\/index.php\/aktualnosci\/","og_site_name":"Katedra Filozofii Prawa i Nauki o Pa\u0144stwie","article_modified_time":"2026-01-13T11:32:52+00:00","twitter_card":"summary_large_image","twitter_misc":{"Szacowany czas czytania":"1 minuta"},"schema":{"@context":"https:\/\/schema.org","@graph":[{"@type":["WebPage","CollectionPage"],"@id":"https:\/\/fpinop.wpia.uw.edu.pl\/index.php\/aktualnosci\/","url":"https:\/\/fpinop.wpia.uw.edu.pl\/index.php\/aktualnosci\/","name":"Aktualno\u015bci - Katedra Filozofii Prawa i Nauki o Pa\u0144stwie","isPartOf":{"@id":"https:\/\/fpinop.wpia.uw.edu.pl\/#website"},"datePublished":"2023-06-18T20:06:07+00:00","dateModified":"2026-01-13T11:32:52+00:00","breadcrumb":{"@id":"https:\/\/fpinop.wpia.uw.edu.pl\/index.php\/aktualnosci\/#breadcrumb"},"inLanguage":"pl-PL"},{"@type":"BreadcrumbList","@id":"https:\/\/fpinop.wpia.uw.edu.pl\/index.php\/aktualnosci\/#breadcrumb","itemListElement":[{"@type":"ListItem","position":1,"name":"Strona g\u0142\u00f3wna","item":"https:\/\/fpinop.wpia.uw.edu.pl\/"},{"@type":"ListItem","position":2,"name":"Aktualno\u015bci"}]},{"@type":"WebSite","@id":"https:\/\/fpinop.wpia.uw.edu.pl\/#website","url":"https:\/\/fpinop.wpia.uw.edu.pl\/","name":"Katedra Filozofii Prawa i Nauki o Pa\u0144stwie","description":"","publisher":{"@id":"https:\/\/fpinop.wpia.uw.edu.pl\/#organization"},"potentialAction":[{"@type":"SearchAction","target":{"@type":"EntryPoint","urlTemplate":"https:\/\/fpinop.wpia.uw.edu.pl\/?s={search_term_string}"},"query-input":"required name=search_term_string"}],"inLanguage":"pl-PL"},{"@type":"Organization","@id":"https:\/\/fpinop.wpia.uw.edu.pl\/#organization","name":"Katedra Filozofii Prawa i Nauki o Pa\u0144stwie","url":"https:\/\/fpinop.wpia.uw.edu.pl\/","logo":{"@type":"ImageObject","inLanguage":"pl-PL","@id":"https:\/\/fpinop.wpia.uw.edu.pl\/#\/schema\/logo\/image\/","url":"https:\/\/fpinop.wpia.uw.edu.pl\/wp-content\/uploads\/2025\/05\/cropped-Projekt-bez-nazwy.png","contentUrl":"https:\/\/fpinop.wpia.uw.edu.pl\/wp-content\/uploads\/2025\/05\/cropped-Projekt-bez-nazwy.png","width":450,"height":227,"caption":"Katedra Filozofii Prawa i Nauki o Pa\u0144stwie"},"image":{"@id":"https:\/\/fpinop.wpia.uw.edu.pl\/#\/schema\/logo\/image\/"}}]}},"_links":{"self":[{"href":"https:\/\/fpinop.wpia.uw.edu.pl\/index.php\/wp-json\/wp\/v2\/pages\/174","targetHints":{"allow":["GET"]}}],"collection":[{"href":"https:\/\/fpinop.wpia.uw.edu.pl\/index.php\/wp-json\/wp\/v2\/pages"}],"about":[{"href":"https:\/\/fpinop.wpia.uw.edu.pl\/index.php\/wp-json\/wp\/v2\/types\/page"}],"author":[{"embeddable":true,"href":"https:\/\/fpinop.wpia.uw.edu.pl\/index.php\/wp-json\/wp\/v2\/users\/1"}],"replies":[{"embeddable":true,"href":"https:\/\/fpinop.wpia.uw.edu.pl\/index.php\/wp-json\/wp\/v2\/comments?post=174"}],"version-history":[{"count":15,"href":"https:\/\/fpinop.wpia.uw.edu.pl\/index.php\/wp-json\/wp\/v2\/pages\/174\/revisions"}],"predecessor-version":[{"id":1830,"href":"https:\/\/fpinop.wpia.uw.edu.pl\/index.php\/wp-json\/wp\/v2\/pages\/174\/revisions\/1830"}],"wp:attachment":[{"href":"https:\/\/fpinop.wpia.uw.edu.pl\/index.php\/wp-json\/wp\/v2\/media?parent=174"}],"curies":[{"name":"wp","href":"https:\/\/api.w.org\/{rel}","templated":true}]}}