{"id":175,"date":"2023-06-18T22:06:08","date_gmt":"2023-06-18T22:06:08","guid":{"rendered":"https:\/\/fpinop.wpia.uw.edu.pl\/?page_id=175"},"modified":"2025-12-10T13:37:23","modified_gmt":"2025-12-10T12:37:23","slug":"zajecia","status":"publish","type":"page","link":"https:\/\/fpinop.wpia.uw.edu.pl\/index.php\/zajecia\/","title":{"rendered":"Zaj\u0119cia"},"content":{"rendered":"\n<p id=\"wp-block-themeisle-blocks-advanced-heading-c602c649\" class=\"wp-block-themeisle-blocks-advanced-heading wp-block-themeisle-blocks-advanced-heading-c602c649\">PLAN ZAJ\u0118\u0106<\/p>\n\n\n\n<p>W semestrze letnim r. akad. 2024\/2025 pracownicy i doktoranci Katedry prowadz\u0105 zaj\u0119cia zgodnie z poni\u017csz\u0105 siatk\u0105 zaj\u0119\u0107<\/p>\n\n\n\n<figure class=\"wp-block-gallery has-nested-images columns-default is-cropped wp-block-gallery-1 is-layout-flex wp-block-gallery-is-layout-flex\">\n<figure class=\"wp-block-image size-large\"><a href=\"https:\/\/usosweb.uw.edu.pl\/kontroler.php?_action=home\/plany\/pokaz&amp;plan_id=2446773&amp;plan_week_sel_week=2025-03-03&amp;plan_format=gif2x&amp;plan_showStartTime=1&amp;plan_showEndTime=0&amp;plan_showTypeShort=1&amp;plan_showTypeFull=0&amp;plan_showGroupNumber=0&amp;plan_showCourseName=1&amp;plan_showCourseCode=0&amp;plan_showRoom=1&amp;plan_showBuildingCode=1&amp;plan_showLecturers=1&amp;plan_overridePrintWidth=0&amp;plan_colorScheme=default\" target=\"_blank\" rel=\"noreferrer noopener\"><img loading=\"lazy\" decoding=\"async\" width=\"1024\" height=\"923\" data-id=\"827\" src=\"https:\/\/fpinop.wpia.uw.edu.pl\/wp-content\/uploads\/2025\/02\/usosweb-schedule-d21b9a01d33fda97ce2299f00fb0c9da-1024x923.gif\" alt=\"\" class=\"wp-image-827\" srcset=\"https:\/\/fpinop.wpia.uw.edu.pl\/wp-content\/uploads\/2025\/02\/usosweb-schedule-d21b9a01d33fda97ce2299f00fb0c9da-1024x923.gif 1024w, https:\/\/fpinop.wpia.uw.edu.pl\/wp-content\/uploads\/2025\/02\/usosweb-schedule-d21b9a01d33fda97ce2299f00fb0c9da-300x270.gif 300w, https:\/\/fpinop.wpia.uw.edu.pl\/wp-content\/uploads\/2025\/02\/usosweb-schedule-d21b9a01d33fda97ce2299f00fb0c9da-768x692.gif 768w, https:\/\/fpinop.wpia.uw.edu.pl\/wp-content\/uploads\/2025\/02\/usosweb-schedule-d21b9a01d33fda97ce2299f00fb0c9da-1536x1384.gif 1536w, https:\/\/fpinop.wpia.uw.edu.pl\/wp-content\/uploads\/2025\/02\/usosweb-schedule-d21b9a01d33fda97ce2299f00fb0c9da-13x12.gif 13w\" sizes=\"auto, (max-width: 1024px) 100vw, 1024px\" \/><\/a><figcaption class=\"wp-element-caption\">Kliknij na obrazku aby sprawdzi\u0107 szczeg\u00f3\u0142y w USOS<\/figcaption><\/figure>\n<\/figure>\n\n\n\n<p><\/p>\n\n\n\n<p>MATERIA\u0141Y DO ZAJ\u0118\u0106<\/p>\n\n\n\n<p><strong>Teoria i filozofia prawa:<\/strong> <a href=\"https:\/\/kampus-kursy.ckc.uw.edu.pl\/course\/view.php?id=676\">link do strony przedmiotu na Kampus<\/a> (zawiera pytania egzaminacyjne, teksty lektur i prezentacje z wyk\u0142ad\u00f3w)<\/p>\n\n\n\n<p><strong>Wst\u0119p do prawoznawstwa:<\/strong> <a href=\"https:\/\/kampus-kursy.ckc.uw.edu.pl\/course\/view.php?id=770\">link do strony przedmiotu na Kampus<\/a> (zawiera pytania egzaminacyjne i prezentacje z wyk\u0142ad\u00f3w)<\/p>\n\n\n\n<p><strong>Teoria i filozofia prawa<\/strong>: linki do starszych wyk\u0142ad\u00f3w prof. Matczaka w serwisach <a href=\"https:\/\/open.spotify.com\/show\/5NYlSMqV07NfT7xxjn9LxX?si=76d49b47b38b4832\">Spotify<\/a> i <a href=\"https:\/\/www.youtube.com\/@profesormatczak6129\">YouTube<\/a> (UWAGA: zapis tych wyk\u0142ad\u00f3w NIE pokrywa si\u0119 z wymaganiami egzaminacyjnymi od roku akad. 2023\/4 !)<\/p>\n\n\n\n<p><strong>Wst\u0119p do prawoznawstwa<\/strong>: linki do materia\u0142\u00f3w z warsztat\u00f3w z lektur: <a href=\"https:\/\/www.canva.com\/design\/DAFyKH9ffXw\/Oc_PdEqTSc8jjmoBIYkCfA\/view?utm_content=DAFyKH9ffXw&amp;utm_campaign=designshare&amp;utm_medium=link&amp;utm_source=editor\">J. Winczorek &#8211; Leon Petra\u017cycki<\/a>, <a href=\"https:\/\/www.academia.edu\/125335376\/Tendencyjny_przewodnik_warsztatowy_po_lekturze_semestralnej_Logika_prawnicza_Nowa_Retoryka_Chaima_Perelmana\">M. Romanowicz &#8211; Perelman<\/a> oraz <a href=\"https:\/\/fpinop.wpia.uw.edu.pl\/wp-content\/uploads\/2024\/10\/Pierre-Rosanvallon-Prezentacja-2024.pdf\">C. W\u0119gli\u0144ski &#8211; Pierre Rosanvallon<\/a> <\/p>\n\n\n\n<p><\/p>\n","protected":false},"excerpt":{"rendered":"<p>W semestrze letnim r. akad. 2024\/2025 pracownicy i doktoranci Katedry prowadz\u0105 zaj\u0119cia zgodnie z poni\u017csz\u0105 siatk\u0105 zaj\u0119\u0107 MATERIA\u0141Y DO ZAJ\u0118\u0106 Teoria i filozofia prawa: link do strony przedmiotu na Kampus (zawiera pytania egzaminacyjne, teksty lektur i prezentacje z wyk\u0142ad\u00f3w) Wst\u0119p do prawoznawstwa: link do strony przedmiotu na Kampus (zawiera pytania egzaminacyjne i prezentacje z wyk\u0142ad\u00f3w) [&hellip;]<\/p>\n","protected":false},"author":1,"featured_media":0,"parent":0,"menu_order":0,"comment_status":"closed","ping_status":"closed","template":"","meta":{"_themeisle_gutenberg_block_has_review":false,"footnotes":""},"class_list":["post-175","page","type-page","status-publish","hentry"],"yoast_head":"<!-- This site is optimized with the Yoast SEO plugin v20.10 - https:\/\/yoast.com\/wordpress\/plugins\/seo\/ -->\n<title>Zaj\u0119cia - Katedra Filozofii Prawa i Nauki o Pa\u0144stwie<\/title>\n<meta name=\"robots\" content=\"index, follow, max-snippet:-1, max-image-preview:large, max-video-preview:-1\" \/>\n<link rel=\"canonical\" href=\"https:\/\/fpinop.wpia.uw.edu.pl\/index.php\/zajecia\/\" \/>\n<meta property=\"og:locale\" content=\"pl_PL\" \/>\n<meta property=\"og:type\" content=\"article\" \/>\n<meta property=\"og:title\" content=\"Zaj\u0119cia - Katedra Filozofii Prawa i Nauki o Pa\u0144stwie\" \/>\n<meta property=\"og:description\" content=\"W semestrze letnim r. akad. 2024\/2025 pracownicy i doktoranci Katedry prowadz\u0105 zaj\u0119cia zgodnie z poni\u017csz\u0105 siatk\u0105 zaj\u0119\u0107 MATERIA\u0141Y DO ZAJ\u0118\u0106 Teoria i filozofia prawa: link do strony przedmiotu na Kampus (zawiera pytania egzaminacyjne, teksty lektur i prezentacje z wyk\u0142ad\u00f3w) Wst\u0119p do prawoznawstwa: link do strony przedmiotu na Kampus (zawiera pytania egzaminacyjne i prezentacje z wyk\u0142ad\u00f3w) [&hellip;]\" \/>\n<meta property=\"og:url\" content=\"https:\/\/fpinop.wpia.uw.edu.pl\/index.php\/zajecia\/\" \/>\n<meta property=\"og:site_name\" content=\"Katedra Filozofii Prawa i Nauki o Pa\u0144stwie\" \/>\n<meta property=\"article:modified_time\" content=\"2025-12-10T12:37:23+00:00\" \/>\n<meta property=\"og:image\" content=\"https:\/\/fpinop.wpia.uw.edu.pl\/wp-content\/uploads\/2025\/02\/usosweb-schedule-d21b9a01d33fda97ce2299f00fb0c9da-1024x923.gif\" \/>\n<meta name=\"twitter:card\" content=\"summary_large_image\" \/>\n<script type=\"application\/ld+json\" class=\"yoast-schema-graph\">{\"@context\":\"https:\/\/schema.org\",\"@graph\":[{\"@type\":\"WebPage\",\"@id\":\"https:\/\/fpinop.wpia.uw.edu.pl\/index.php\/zajecia\/\",\"url\":\"https:\/\/fpinop.wpia.uw.edu.pl\/index.php\/zajecia\/\",\"name\":\"Zaj\u0119cia - Katedra Filozofii Prawa i Nauki o Pa\u0144stwie\",\"isPartOf\":{\"@id\":\"https:\/\/fpinop.wpia.uw.edu.pl\/#website\"},\"datePublished\":\"2023-06-18T22:06:08+00:00\",\"dateModified\":\"2025-12-10T12:37:23+00:00\",\"breadcrumb\":{\"@id\":\"https:\/\/fpinop.wpia.uw.edu.pl\/index.php\/zajecia\/#breadcrumb\"},\"inLanguage\":\"pl-PL\",\"potentialAction\":[{\"@type\":\"ReadAction\",\"target\":[\"https:\/\/fpinop.wpia.uw.edu.pl\/index.php\/zajecia\/\"]}]},{\"@type\":\"BreadcrumbList\",\"@id\":\"https:\/\/fpinop.wpia.uw.edu.pl\/index.php\/zajecia\/#breadcrumb\",\"itemListElement\":[{\"@type\":\"ListItem\",\"position\":1,\"name\":\"Strona g\u0142\u00f3wna\",\"item\":\"https:\/\/fpinop.wpia.uw.edu.pl\/\"},{\"@type\":\"ListItem\",\"position\":2,\"name\":\"Zaj\u0119cia\"}]},{\"@type\":\"WebSite\",\"@id\":\"https:\/\/fpinop.wpia.uw.edu.pl\/#website\",\"url\":\"https:\/\/fpinop.wpia.uw.edu.pl\/\",\"name\":\"Katedra Filozofii Prawa i Nauki o Pa\u0144stwie\",\"description\":\"\",\"publisher\":{\"@id\":\"https:\/\/fpinop.wpia.uw.edu.pl\/#organization\"},\"potentialAction\":[{\"@type\":\"SearchAction\",\"target\":{\"@type\":\"EntryPoint\",\"urlTemplate\":\"https:\/\/fpinop.wpia.uw.edu.pl\/?s={search_term_string}\"},\"query-input\":\"required name=search_term_string\"}],\"inLanguage\":\"pl-PL\"},{\"@type\":\"Organization\",\"@id\":\"https:\/\/fpinop.wpia.uw.edu.pl\/#organization\",\"name\":\"Katedra Filozofii Prawa i Nauki o Pa\u0144stwie\",\"url\":\"https:\/\/fpinop.wpia.uw.edu.pl\/\",\"logo\":{\"@type\":\"ImageObject\",\"inLanguage\":\"pl-PL\",\"@id\":\"https:\/\/fpinop.wpia.uw.edu.pl\/#\/schema\/logo\/image\/\",\"url\":\"https:\/\/fpinop.wpia.uw.edu.pl\/wp-content\/uploads\/2025\/05\/cropped-Projekt-bez-nazwy.png\",\"contentUrl\":\"https:\/\/fpinop.wpia.uw.edu.pl\/wp-content\/uploads\/2025\/05\/cropped-Projekt-bez-nazwy.png\",\"width\":450,\"height\":227,\"caption\":\"Katedra Filozofii Prawa i Nauki o Pa\u0144stwie\"},\"image\":{\"@id\":\"https:\/\/fpinop.wpia.uw.edu.pl\/#\/schema\/logo\/image\/\"}}]}<\/script>\n<!-- \/ Yoast SEO plugin. -->","yoast_head_json":{"title":"Zaj\u0119cia - Katedra Filozofii Prawa i Nauki o Pa\u0144stwie","robots":{"index":"index","follow":"follow","max-snippet":"max-snippet:-1","max-image-preview":"max-image-preview:large","max-video-preview":"max-video-preview:-1"},"canonical":"https:\/\/fpinop.wpia.uw.edu.pl\/index.php\/zajecia\/","og_locale":"pl_PL","og_type":"article","og_title":"Zaj\u0119cia - Katedra Filozofii Prawa i Nauki o Pa\u0144stwie","og_description":"W semestrze letnim r. akad. 2024\/2025 pracownicy i doktoranci Katedry prowadz\u0105 zaj\u0119cia zgodnie z poni\u017csz\u0105 siatk\u0105 zaj\u0119\u0107 MATERIA\u0141Y DO ZAJ\u0118\u0106 Teoria i filozofia prawa: link do strony przedmiotu na Kampus (zawiera pytania egzaminacyjne, teksty lektur i prezentacje z wyk\u0142ad\u00f3w) Wst\u0119p do prawoznawstwa: link do strony przedmiotu na Kampus (zawiera pytania egzaminacyjne i prezentacje z wyk\u0142ad\u00f3w) [&hellip;]","og_url":"https:\/\/fpinop.wpia.uw.edu.pl\/index.php\/zajecia\/","og_site_name":"Katedra Filozofii Prawa i Nauki o Pa\u0144stwie","article_modified_time":"2025-12-10T12:37:23+00:00","og_image":[{"url":"https:\/\/fpinop.wpia.uw.edu.pl\/wp-content\/uploads\/2025\/02\/usosweb-schedule-d21b9a01d33fda97ce2299f00fb0c9da-1024x923.gif"}],"twitter_card":"summary_large_image","schema":{"@context":"https:\/\/schema.org","@graph":[{"@type":"WebPage","@id":"https:\/\/fpinop.wpia.uw.edu.pl\/index.php\/zajecia\/","url":"https:\/\/fpinop.wpia.uw.edu.pl\/index.php\/zajecia\/","name":"Zaj\u0119cia - Katedra Filozofii Prawa i Nauki o Pa\u0144stwie","isPartOf":{"@id":"https:\/\/fpinop.wpia.uw.edu.pl\/#website"},"datePublished":"2023-06-18T22:06:08+00:00","dateModified":"2025-12-10T12:37:23+00:00","breadcrumb":{"@id":"https:\/\/fpinop.wpia.uw.edu.pl\/index.php\/zajecia\/#breadcrumb"},"inLanguage":"pl-PL","potentialAction":[{"@type":"ReadAction","target":["https:\/\/fpinop.wpia.uw.edu.pl\/index.php\/zajecia\/"]}]},{"@type":"BreadcrumbList","@id":"https:\/\/fpinop.wpia.uw.edu.pl\/index.php\/zajecia\/#breadcrumb","itemListElement":[{"@type":"ListItem","position":1,"name":"Strona g\u0142\u00f3wna","item":"https:\/\/fpinop.wpia.uw.edu.pl\/"},{"@type":"ListItem","position":2,"name":"Zaj\u0119cia"}]},{"@type":"WebSite","@id":"https:\/\/fpinop.wpia.uw.edu.pl\/#website","url":"https:\/\/fpinop.wpia.uw.edu.pl\/","name":"Katedra Filozofii Prawa i Nauki o Pa\u0144stwie","description":"","publisher":{"@id":"https:\/\/fpinop.wpia.uw.edu.pl\/#organization"},"potentialAction":[{"@type":"SearchAction","target":{"@type":"EntryPoint","urlTemplate":"https:\/\/fpinop.wpia.uw.edu.pl\/?s={search_term_string}"},"query-input":"required name=search_term_string"}],"inLanguage":"pl-PL"},{"@type":"Organization","@id":"https:\/\/fpinop.wpia.uw.edu.pl\/#organization","name":"Katedra Filozofii Prawa i Nauki o Pa\u0144stwie","url":"https:\/\/fpinop.wpia.uw.edu.pl\/","logo":{"@type":"ImageObject","inLanguage":"pl-PL","@id":"https:\/\/fpinop.wpia.uw.edu.pl\/#\/schema\/logo\/image\/","url":"https:\/\/fpinop.wpia.uw.edu.pl\/wp-content\/uploads\/2025\/05\/cropped-Projekt-bez-nazwy.png","contentUrl":"https:\/\/fpinop.wpia.uw.edu.pl\/wp-content\/uploads\/2025\/05\/cropped-Projekt-bez-nazwy.png","width":450,"height":227,"caption":"Katedra Filozofii Prawa i Nauki o Pa\u0144stwie"},"image":{"@id":"https:\/\/fpinop.wpia.uw.edu.pl\/#\/schema\/logo\/image\/"}}]}},"_links":{"self":[{"href":"https:\/\/fpinop.wpia.uw.edu.pl\/index.php\/wp-json\/wp\/v2\/pages\/175","targetHints":{"allow":["GET"]}}],"collection":[{"href":"https:\/\/fpinop.wpia.uw.edu.pl\/index.php\/wp-json\/wp\/v2\/pages"}],"about":[{"href":"https:\/\/fpinop.wpia.uw.edu.pl\/index.php\/wp-json\/wp\/v2\/types\/page"}],"author":[{"embeddable":true,"href":"https:\/\/fpinop.wpia.uw.edu.pl\/index.php\/wp-json\/wp\/v2\/users\/1"}],"replies":[{"embeddable":true,"href":"https:\/\/fpinop.wpia.uw.edu.pl\/index.php\/wp-json\/wp\/v2\/comments?post=175"}],"version-history":[{"count":19,"href":"https:\/\/fpinop.wpia.uw.edu.pl\/index.php\/wp-json\/wp\/v2\/pages\/175\/revisions"}],"predecessor-version":[{"id":829,"href":"https:\/\/fpinop.wpia.uw.edu.pl\/index.php\/wp-json\/wp\/v2\/pages\/175\/revisions\/829"}],"wp:attachment":[{"href":"https:\/\/fpinop.wpia.uw.edu.pl\/index.php\/wp-json\/wp\/v2\/media?parent=175"}],"curies":[{"name":"wp","href":"https:\/\/api.w.org\/{rel}","templated":true}]}}