{"id":598,"date":"2023-10-08T16:10:18","date_gmt":"2023-10-08T14:10:18","guid":{"rendered":"https:\/\/fpinop.wpia.uw.edu.pl\/?page_id=598"},"modified":"2023-10-13T18:35:41","modified_gmt":"2023-10-13T16:35:41","slug":"dr-pawel-skuczynski","status":"publish","type":"page","link":"https:\/\/fpinop.wpia.uw.edu.pl\/index.php\/dr-pawel-skuczynski\/","title":{"rendered":"Dr Pawe\u0142 SKUCZY\u0143SKI"},"content":{"rendered":"\n<p>Pawe\u0142 Skuczy\u0144ski jest doktorem nauk prawnych, pracownikiem Wydzia\u0142u Prawa i Administracji Uniwersytetu Warszawskiego w Katedrze Filozofii Prawa i Nauki o Pa\u0144stwie. Jest r\u00f3wnie\u017c prezesem fundacji Instytut Etyki Prawniczej oraz wydawc\u0105 serii Biblioteka Etyki Prawniczej. Opublikowa\u0142 m.in. Status etyki prawniczej (2010, wyd. ang. 2013), Etyk\u0119 adwokat\u00f3w i radc\u00f3w prawnych (2016) oraz wsp\u00f3lnie z Karolem Muszy\u0144skim Rozw\u00f3j i kryzys konstytucji spo\u0142ecznej. Przypadek samorz\u0105d\u00f3w zawodowych (2020). Pe\u0142ni tak\u017ce funkcj\u0119 zast\u0119pcy redaktora naczelnego &#8222;Archiwum Filozofii Prawa i Filozofii Spo\u0142ecznej&#8221; &#8211; czasopisma wydawanego przez Stowarzyszenie Filozofii Prawa i Filozofii Spo\u0142ecznej &#8211; Sekcja Polska IVR. Interesuje si\u0119 teori\u0105 i filozofi\u0105 prawa, etyk\u0105 prawnicz\u0105 oraz ustrojem s\u0105downictwa i zawod\u00f3w prawniczych. Visiting Scholar na University of Melbourne oraz National University of Singapore.<\/p>\n\n\n\n<p>PUBLIKACJE<\/p>\n\n\n<div id=\"zotpress-b42cef14212a97278f6058f673758c18\" class=\"zp-Zotpress zp-Zotpress-Bib wp-block-group\">\n\n\t\t<span class=\"ZP_API_USER_ID\" style=\"display: none;\">5137410<\/span>\n\t\t<span class=\"ZP_ITEM_KEY\" style=\"display: none;\"><\/span>\n\t\t<span class=\"ZP_COLLECTION_ID\" style=\"display: none;\"><\/span>\n\t\t<span class=\"ZP_TAG_ID\" style=\"display: none;\"><\/span>\n\t\t<span class=\"ZP_AUTHOR\" style=\"display: none;\">Skuczy\u0144ski<\/span>\n\t\t<span class=\"ZP_YEAR\" style=\"display: none;\"><\/span>\n        <span class=\"ZP_ITEMTYPE\" style=\"display: none;\"><\/span>\n        <span class=\"ZP_ITEM_TYPE\" style=\"display: none;\">items<\/span>\n\t\t<span class=\"ZP_INCLUSIVE\" style=\"display: none;\">1<\/span>\n\t\t<span class=\"ZP_STYLE\" style=\"display: none;\"><\/span>\n\t\t<span class=\"ZP_LIMIT\" style=\"display: none;\">0<\/span>\n\t\t<span class=\"ZP_SORTBY\" style=\"display: none;\">default<\/span>\n\t\t<span class=\"ZP_ORDER\" style=\"display: none;\">asc<\/span>\n\t\t<span class=\"ZP_TITLE\" style=\"display: none;\"><\/span>\n\t\t<span class=\"ZP_SHOWIMAGE\" style=\"display: none;\"><\/span>\n\t\t<span class=\"ZP_SHOWTAGS\" style=\"display: none;\"><\/span>\n\t\t<span class=\"ZP_DOWNLOADABLE\" style=\"display: none;\"><\/span>\n\t\t<span class=\"ZP_NOTES\" style=\"display: none;\"><\/span>\n\t\t<span class=\"ZP_ABSTRACT\" style=\"display: none;\"><\/span>\n\t\t<span class=\"ZP_CITEABLE\" style=\"display: none;\"><\/span>\n\t\t<span class=\"ZP_TARGET\" style=\"display: none;\"><\/span>\n\t\t<span class=\"ZP_URLWRAP\" style=\"display: none;\"><\/span>\n\t\t<span class=\"ZP_FORCENUM\" style=\"display: none;\"><\/span>\n        <span class=\"ZP_HIGHLIGHT\" style=\"display: none;\"><\/span>\n        <span class=\"ZP_POSTID\" style=\"display: none;\">598<\/span>\n\t\t<span class=\"ZOTPRESS_PLUGIN_URL\" style=\"display:none;\">https:\/\/fpinop.wpia.uw.edu.pl\/wp-content\/plugins\/zotpress\/<\/span>\n\n\t\t<div class=\"zp-List loading\">\n\t\t\t<div class=\"zp-SEO-Content\">\n\t\t\t\t<span class=\"ZP_JSON\" style=\"display: none;\">%7B%22status%22%3A%22success%22%2C%22updateneeded%22%3Afalse%2C%22instance%22%3A%22zotpress-b42cef14212a97278f6058f673758c18%22%2C%22meta%22%3A%7B%22request_last%22%3A0%2C%22request_next%22%3A0%2C%22used_cache%22%3Atrue%7D%2C%22data%22%3A%5B%7B%22key%22%3A%228CNAZKWW%22%2C%22library%22%3A%7B%22id%22%3A5137410%7D%2C%22meta%22%3A%7B%22lastModifiedByUser%22%3A%7B%22id%22%3A9353859%2C%22username%22%3A%22mryskiewicz%22%2C%22name%22%3A%22Miko%5Cu0142aj%20Ry%5Cu015bkiewicz%22%2C%22links%22%3A%7B%22alternate%22%3A%7B%22href%22%3A%22https%3A%5C%2F%5C%2Fwww.zotero.org%5C%2Fmryskiewicz%22%2C%22type%22%3A%22text%5C%2Fhtml%22%7D%7D%7D%2C%22creatorSummary%22%3A%22Skuczy%5Cu0144ski%22%2C%22parsedDate%22%3A%222023%22%2C%22numChildren%22%3A0%7D%2C%22bib%22%3A%22%3Cdiv%20class%3D%5C%22csl-bib-body%5C%22%20style%3D%5C%22line-height%3A%201.35%3B%20padding-left%3A%201em%3B%20text-indent%3A-1em%3B%5C%22%3E%5Cn%20%20%3Cdiv%20class%3D%5C%22csl-entry%5C%22%3ESkuczy%26%23x144%3Bski%2C%20%3Ci%3EEthics%20in%20Digital%20Finance%3A%20Towards%20a%20New%20Paradigm%20of%20Self-regulation%3C%5C%2Fi%3E%20%5Bw%3A%5D%20%3Ci%3EDigital%20Finance%20and%20the%20Future%20of%20the%20Global%20Financial%20System.%20Disruption%20and%20Innovation%20in%20Financial%20Services%3C%5C%2Fi%3E%2C%20Routledge%202023.%3C%5C%2Fdiv%3E%5Cn%3C%5C%2Fdiv%3E%22%2C%22data%22%3A%7B%22itemType%22%3A%22bookSection%22%2C%22title%22%3A%22Ethics%20in%20Digital%20Finance%3A%20Towards%20a%20New%20Paradigm%20of%20Self-regulation%22%2C%22creators%22%3A%5B%7B%22creatorType%22%3A%22author%22%2C%22firstName%22%3A%22%22%2C%22lastName%22%3A%22Skuczy%5Cu0144ski%22%7D%5D%2C%22abstractNote%22%3A%22%22%2C%22bookTitle%22%3A%22Digital%20Finance%20and%20the%20Future%20of%20the%20Global%20Financial%20System.%20Disruption%20and%20Innovation%20in%20Financial%20Services%22%2C%22date%22%3A%222023%22%2C%22originalDate%22%3A%22%22%2C%22originalPublisher%22%3A%22%22%2C%22originalPlace%22%3A%22%22%2C%22format%22%3A%22%22%2C%22ISBN%22%3A%22%22%2C%22DOI%22%3A%22%22%2C%22citationKey%22%3A%22skuczynski2023%22%2C%22url%22%3A%22%22%2C%22ISSN%22%3A%22%22%2C%22language%22%3A%22%22%2C%22collections%22%3A%5B%5D%2C%22dateModified%22%3A%222023-10-16T08%3A34%3A04Z%22%7D%7D%2C%7B%22key%22%3A%22X235SX7G%22%2C%22library%22%3A%7B%22id%22%3A5137410%7D%2C%22meta%22%3A%7B%22lastModifiedByUser%22%3A%7B%22id%22%3A9353859%2C%22username%22%3A%22mryskiewicz%22%2C%22name%22%3A%22Miko%5Cu0142aj%20Ry%5Cu015bkiewicz%22%2C%22links%22%3A%7B%22alternate%22%3A%7B%22href%22%3A%22https%3A%5C%2F%5C%2Fwww.zotero.org%5C%2Fmryskiewicz%22%2C%22type%22%3A%22text%5C%2Fhtml%22%7D%7D%7D%2C%22creatorSummary%22%3A%22Skuczy%5Cu0144ski%22%2C%22parsedDate%22%3A%222022%22%2C%22numChildren%22%3A0%7D%2C%22bib%22%3A%22%3Cdiv%20class%3D%5C%22csl-bib-body%5C%22%20style%3D%5C%22line-height%3A%201.35%3B%20padding-left%3A%201em%3B%20text-indent%3A-1em%3B%5C%22%3E%5Cn%20%20%3Cdiv%20class%3D%5C%22csl-entry%5C%22%3ESkuczy%26%23x144%3Bski%2C%20%3Ci%3EThree%20Models%20of%20Judicial%20Free%20Speech%20and%20Technological%20Challenges%3C%5C%2Fi%3E%2C%20%26%23x201E%3BKrytyka%20Prawa.%20Niezale%26%23x17C%3Bne%20studia%20nad%20prawem%26%23x201D%3B%20t.%204%5C%2F2022%20%282022%29%2C%20%3Ca%20href%3D%27https%3A%5C%2F%5C%2Fjournals.kozminski.edu.pl%5C%2Fpub%5C%2F7130%27%3Ehttps%3A%5C%2F%5C%2Fjournals.kozminski.edu.pl%5C%2Fpub%5C%2F7130%3C%5C%2Fa%3E.%3C%5C%2Fdiv%3E%5Cn%3C%5C%2Fdiv%3E%22%2C%22data%22%3A%7B%22itemType%22%3A%22journalArticle%22%2C%22title%22%3A%22Three%20Models%20of%20Judicial%20Free%20Speech%20and%20Technological%20Challenges%22%2C%22creators%22%3A%5B%7B%22creatorType%22%3A%22author%22%2C%22firstName%22%3A%22%22%2C%22lastName%22%3A%22Skuczy%5Cu0144ski%22%7D%5D%2C%22abstractNote%22%3A%22%22%2C%22date%22%3A%222022%22%2C%22section%22%3A%22%22%2C%22partNumber%22%3A%22%22%2C%22partTitle%22%3A%22%22%2C%22DOI%22%3A%22%22%2C%22citationKey%22%3A%22skuczynski2022%22%2C%22url%22%3A%22https%3A%5C%2F%5C%2Fjournals.kozminski.edu.pl%5C%2Fpub%5C%2F7130%22%2C%22PMID%22%3A%22%22%2C%22PMCID%22%3A%22%22%2C%22ISSN%22%3A%22%22%2C%22language%22%3A%22%22%2C%22collections%22%3A%5B%5D%2C%22dateModified%22%3A%222023-10-16T08%3A31%3A59Z%22%7D%7D%2C%7B%22key%22%3A%22SX8JBTWX%22%2C%22library%22%3A%7B%22id%22%3A5137410%7D%2C%22meta%22%3A%7B%22lastModifiedByUser%22%3A%7B%22id%22%3A9353859%2C%22username%22%3A%22mryskiewicz%22%2C%22name%22%3A%22Miko%5Cu0142aj%20Ry%5Cu015bkiewicz%22%2C%22links%22%3A%7B%22alternate%22%3A%7B%22href%22%3A%22https%3A%5C%2F%5C%2Fwww.zotero.org%5C%2Fmryskiewicz%22%2C%22type%22%3A%22text%5C%2Fhtml%22%7D%7D%7D%2C%22creatorSummary%22%3A%22Skuczy%5Cu0144ski%22%2C%22parsedDate%22%3A%222022%22%2C%22numChildren%22%3A0%7D%2C%22bib%22%3A%22%3Cdiv%20class%3D%5C%22csl-bib-body%5C%22%20style%3D%5C%22line-height%3A%201.35%3B%20padding-left%3A%201em%3B%20text-indent%3A-1em%3B%5C%22%3E%5Cn%20%20%3Cdiv%20class%3D%5C%22csl-entry%5C%22%3ESkuczy%26%23x144%3Bski%2C%20%3Ci%3EPrawnik%20jako%20t%26%23x142%3Bumacz.%20O%20metaforycznym%20rozumieniu%20eksperckiego%20charakteru%20zawod%26%23xF3%3Bw%20prawniczych%3C%5C%2Fi%3E%2C%20%26%23x201E%3BRadca%20Prawny.%20Zeszyty%20Naukowe%26%23x201D%3B%20t.%202%5C%2F2022%20%282022%29%2C%20%3Ca%20href%3D%27https%3A%5C%2F%5C%2Fwww.academia.edu%5C%2F91077185%5C%2FPrawnik_jako_t%25C5%2582umacz_O_metaforycznym_rozumieniu_eksperckiego_charakteru_zawod%25C3%25B3w_prawniczych%27%3Ehttps%3A%5C%2F%5C%2Fwww.academia.edu%5C%2F91077185%5C%2FPrawnik_jako_t%25C5%2582umacz_O_metaforycznym_rozumieniu_eksperckiego_charakteru_zawod%25C3%25B3w_prawniczych%3C%5C%2Fa%3E.%3C%5C%2Fdiv%3E%5Cn%3C%5C%2Fdiv%3E%22%2C%22data%22%3A%7B%22itemType%22%3A%22journalArticle%22%2C%22title%22%3A%22Prawnik%20jako%20t%5Cu0142umacz.%20O%20metaforycznym%20rozumieniu%20eksperckiego%20charakteru%20zawod%5Cu00f3w%20prawniczych%22%2C%22creators%22%3A%5B%7B%22creatorType%22%3A%22author%22%2C%22firstName%22%3A%22%22%2C%22lastName%22%3A%22Skuczy%5Cu0144ski%22%7D%5D%2C%22abstractNote%22%3A%22%22%2C%22date%22%3A%222022%22%2C%22section%22%3A%22%22%2C%22partNumber%22%3A%22%22%2C%22partTitle%22%3A%22%22%2C%22DOI%22%3A%22%22%2C%22citationKey%22%3A%22skuczynski2022a%22%2C%22url%22%3A%22https%3A%5C%2F%5C%2Fwww.academia.edu%5C%2F91077185%5C%2FPrawnik_jako_t%25C5%2582umacz_O_metaforycznym_rozumieniu_eksperckiego_charakteru_zawod%25C3%25B3w_prawniczych%22%2C%22PMID%22%3A%22%22%2C%22PMCID%22%3A%22%22%2C%22ISSN%22%3A%22%22%2C%22language%22%3A%22%22%2C%22collections%22%3A%5B%5D%2C%22dateModified%22%3A%222023-10-16T08%3A25%3A28Z%22%7D%7D%2C%7B%22key%22%3A%22AZRWSUNS%22%2C%22library%22%3A%7B%22id%22%3A5137410%7D%2C%22meta%22%3A%7B%22lastModifiedByUser%22%3A%7B%22id%22%3A9353859%2C%22username%22%3A%22mryskiewicz%22%2C%22name%22%3A%22Miko%5Cu0142aj%20Ry%5Cu015bkiewicz%22%2C%22links%22%3A%7B%22alternate%22%3A%7B%22href%22%3A%22https%3A%5C%2F%5C%2Fwww.zotero.org%5C%2Fmryskiewicz%22%2C%22type%22%3A%22text%5C%2Fhtml%22%7D%7D%7D%2C%22creatorSummary%22%3A%22Skuczy%5Cu0144ski%22%2C%22parsedDate%22%3A%222022%22%2C%22numChildren%22%3A0%7D%2C%22bib%22%3A%22%3Cdiv%20class%3D%5C%22csl-bib-body%5C%22%20style%3D%5C%22line-height%3A%201.35%3B%20padding-left%3A%201em%3B%20text-indent%3A-1em%3B%5C%22%3E%5Cn%20%20%3Cdiv%20class%3D%5C%22csl-entry%5C%22%3ESkuczy%26%23x144%3Bski%2C%20%3Ci%3ESpo%26%23x142%3Beczne%20odczytanie%20Konstytucji%20RP%20a%20aksjologia%20konstytucyjna%20i%20konstytucyjna%20ontologia%20spo%26%23x142%3Beczna%3C%5C%2Fi%3E%2C%20%26%23x201E%3BArchiwum%20Filozofii%20Prawa%20i%20Filozofii%20Spo%26%23x142%3Becznej%26%23x201D%3B%20t.%201%5C%2F2022%20%282022%29%2C%20%3Ca%20href%3D%27https%3A%5C%2F%5C%2Farchiwum.ivr.org.pl%5C%2F5226%5C%2Fspoleczne-odczytanie-konstytucji-rp-a-aksjologia-konstytucyjna-i-konstytucyjna-ontologia-spoleczna%5C%2F%27%3Ehttps%3A%5C%2F%5C%2Farchiwum.ivr.org.pl%5C%2F5226%5C%2Fspoleczne-odczytanie-konstytucji-rp-a-aksjologia-konstytucyjna-i-konstytucyjna-ontologia-spoleczna%5C%2F%3C%5C%2Fa%3E.%3C%5C%2Fdiv%3E%5Cn%3C%5C%2Fdiv%3E%22%2C%22data%22%3A%7B%22itemType%22%3A%22journalArticle%22%2C%22title%22%3A%22Spo%5Cu0142eczne%20odczytanie%20Konstytucji%20RP%20a%20aksjologia%20konstytucyjna%20i%20konstytucyjna%20ontologia%20spo%5Cu0142eczna%22%2C%22creators%22%3A%5B%7B%22creatorType%22%3A%22author%22%2C%22firstName%22%3A%22%22%2C%22lastName%22%3A%22Skuczy%5Cu0144ski%22%7D%5D%2C%22abstractNote%22%3A%22%22%2C%22date%22%3A%222022%22%2C%22section%22%3A%22%22%2C%22partNumber%22%3A%22%22%2C%22partTitle%22%3A%22%22%2C%22DOI%22%3A%22%22%2C%22citationKey%22%3A%22skuczynski2022b%22%2C%22url%22%3A%22https%3A%5C%2F%5C%2Farchiwum.ivr.org.pl%5C%2F5226%5C%2Fspoleczne-odczytanie-konstytucji-rp-a-aksjologia-konstytucyjna-i-konstytucyjna-ontologia-spoleczna%5C%2F%22%2C%22PMID%22%3A%22%22%2C%22PMCID%22%3A%22%22%2C%22ISSN%22%3A%22%22%2C%22language%22%3A%22%22%2C%22collections%22%3A%5B%5D%2C%22dateModified%22%3A%222023-10-16T08%3A21%3A31Z%22%7D%7D%2C%7B%22key%22%3A%226XB67VS6%22%2C%22library%22%3A%7B%22id%22%3A5137410%7D%2C%22meta%22%3A%7B%22lastModifiedByUser%22%3A%7B%22id%22%3A9353859%2C%22username%22%3A%22mryskiewicz%22%2C%22name%22%3A%22Miko%5Cu0142aj%20Ry%5Cu015bkiewicz%22%2C%22links%22%3A%7B%22alternate%22%3A%7B%22href%22%3A%22https%3A%5C%2F%5C%2Fwww.zotero.org%5C%2Fmryskiewicz%22%2C%22type%22%3A%22text%5C%2Fhtml%22%7D%7D%7D%2C%22creatorSummary%22%3A%22Skuczy%5Cu0144ski%22%2C%22parsedDate%22%3A%222022%22%2C%22numChildren%22%3A0%7D%2C%22bib%22%3A%22%3Cdiv%20class%3D%5C%22csl-bib-body%5C%22%20style%3D%5C%22line-height%3A%201.35%3B%20padding-left%3A%201em%3B%20text-indent%3A-1em%3B%5C%22%3E%5Cn%20%20%3Cdiv%20class%3D%5C%22csl-entry%5C%22%3ESkuczy%26%23x144%3Bski%2C%20%3Ci%3EKonflikt%20interes%26%23xF3%3Bw%20w%20zawodach%20adwokata%20i%20radcy%20prawnego%20w%20perspektywie%20opartej%20na%20ryzyku%3C%5C%2Fi%3E%20%5Bw%3A%5D%20%3Ci%3EAnaliza%20ryzyka%20i%20bezpiecze%26%23x144%3Bstwo%20danych%20w%20kancelariach%20prawnych%3C%5C%2Fi%3E%2C%20Warszawa%202022.%3C%5C%2Fdiv%3E%5Cn%3C%5C%2Fdiv%3E%22%2C%22data%22%3A%7B%22itemType%22%3A%22bookSection%22%2C%22title%22%3A%22Konflikt%20interes%5Cu00f3w%20w%20zawodach%20adwokata%20i%20radcy%20prawnego%20w%20perspektywie%20opartej%20na%20ryzyku%22%2C%22creators%22%3A%5B%7B%22creatorType%22%3A%22author%22%2C%22firstName%22%3A%22%22%2C%22lastName%22%3A%22Skuczy%5Cu0144ski%22%7D%5D%2C%22abstractNote%22%3A%22%22%2C%22bookTitle%22%3A%22Analiza%20ryzyka%20i%20bezpiecze%5Cu0144stwo%20danych%20w%20kancelariach%20prawnych%22%2C%22date%22%3A%222022%22%2C%22originalDate%22%3A%22%22%2C%22originalPublisher%22%3A%22%22%2C%22originalPlace%22%3A%22%22%2C%22format%22%3A%22%22%2C%22ISBN%22%3A%22%22%2C%22DOI%22%3A%22%22%2C%22citationKey%22%3A%22skuczynski2022c%22%2C%22url%22%3A%22%22%2C%22ISSN%22%3A%22%22%2C%22language%22%3A%22%22%2C%22collections%22%3A%5B%5D%2C%22dateModified%22%3A%222023-10-16T08%3A17%3A59Z%22%7D%7D%2C%7B%22key%22%3A%22G6WQFS2W%22%2C%22library%22%3A%7B%22id%22%3A5137410%7D%2C%22meta%22%3A%7B%22lastModifiedByUser%22%3A%7B%22id%22%3A9353859%2C%22username%22%3A%22mryskiewicz%22%2C%22name%22%3A%22Miko%5Cu0142aj%20Ry%5Cu015bkiewicz%22%2C%22links%22%3A%7B%22alternate%22%3A%7B%22href%22%3A%22https%3A%5C%2F%5C%2Fwww.zotero.org%5C%2Fmryskiewicz%22%2C%22type%22%3A%22text%5C%2Fhtml%22%7D%7D%7D%2C%22creatorSummary%22%3A%22Skuczy%5Cu0144ski%22%2C%22parsedDate%22%3A%222020%22%2C%22numChildren%22%3A0%7D%2C%22bib%22%3A%22%3Cdiv%20class%3D%5C%22csl-bib-body%5C%22%20style%3D%5C%22line-height%3A%201.35%3B%20padding-left%3A%201em%3B%20text-indent%3A-1em%3B%5C%22%3E%5Cn%20%20%3Cdiv%20class%3D%5C%22csl-entry%5C%22%3ESkuczy%26%23x144%3Bski%2C%20%3Ci%3EPrinciples%20concerning%20personal%20publicity%2C%20solicitation%20of%20clients%20and%20fair%20competition%3C%5C%2Fi%3E%20%5Bw%3A%5D%20%3Ci%3ELegal%20Ethics%20in%20Poland%20Foundations.%20Professions.%20Principles.%20Responsibility%3C%5C%2Fi%3E%2C%20Warszawa%202020.%3C%5C%2Fdiv%3E%5Cn%3C%5C%2Fdiv%3E%22%2C%22data%22%3A%7B%22itemType%22%3A%22bookSection%22%2C%22title%22%3A%22Principles%20concerning%20personal%20publicity%2C%20solicitation%20of%20clients%20and%20fair%20competition%22%2C%22creators%22%3A%5B%7B%22creatorType%22%3A%22author%22%2C%22firstName%22%3A%22%22%2C%22lastName%22%3A%22Skuczy%5Cu0144ski%22%7D%5D%2C%22abstractNote%22%3A%22%22%2C%22bookTitle%22%3A%22Legal%20Ethics%20in%20Poland%20Foundations.%20Professions.%20Principles.%20Responsibility%22%2C%22date%22%3A%222020%22%2C%22originalDate%22%3A%22%22%2C%22originalPublisher%22%3A%22%22%2C%22originalPlace%22%3A%22%22%2C%22format%22%3A%22%22%2C%22ISBN%22%3A%22%22%2C%22DOI%22%3A%22%22%2C%22citationKey%22%3A%22skuczynski2020%22%2C%22url%22%3A%22https%3A%5C%2F%5C%2Fwww.academia.edu%5C%2F42745202%5C%2FPrinciples_concerning_personal_publicity_solicitation_of_clients_and_fair_competition%22%2C%22ISSN%22%3A%22%22%2C%22language%22%3A%22%22%2C%22collections%22%3A%5B%5D%2C%22dateModified%22%3A%222023-10-16T08%3A16%3A20Z%22%7D%7D%2C%7B%22key%22%3A%22ZJJGZKPC%22%2C%22library%22%3A%7B%22id%22%3A5137410%7D%2C%22meta%22%3A%7B%22lastModifiedByUser%22%3A%7B%22id%22%3A9353859%2C%22username%22%3A%22mryskiewicz%22%2C%22name%22%3A%22Miko%5Cu0142aj%20Ry%5Cu015bkiewicz%22%2C%22links%22%3A%7B%22alternate%22%3A%7B%22href%22%3A%22https%3A%5C%2F%5C%2Fwww.zotero.org%5C%2Fmryskiewicz%22%2C%22type%22%3A%22text%5C%2Fhtml%22%7D%7D%7D%2C%22creatorSummary%22%3A%22Skuczy%5Cu0144ski%22%2C%22parsedDate%22%3A%222021%22%2C%22numChildren%22%3A0%7D%2C%22bib%22%3A%22%3Cdiv%20class%3D%5C%22csl-bib-body%5C%22%20style%3D%5C%22line-height%3A%201.35%3B%20padding-left%3A%201em%3B%20text-indent%3A-1em%3B%5C%22%3E%5Cn%20%20%3Cdiv%20class%3D%5C%22csl-entry%5C%22%3ESkuczy%26%23x144%3Bski%2C%20%3Ci%3EEtyka%20w%20rzeczywisto%26%23x15B%3Bci%20cyfrowej%20%26%23x2013%3B%20w%20stron%26%23x119%3B%20nowego%20paradygmatu%20samoregulacji%3C%5C%2Fi%3E%20%5Bw%3A%5D%20%3Ci%3EFinanse%20cyfrowe.%20Informatyzacja%2C%20cyfryzacja%20i%20danetyzacja%3C%5C%2Fi%3E%2C%20Warszawa%202021.%3C%5C%2Fdiv%3E%5Cn%3C%5C%2Fdiv%3E%22%2C%22data%22%3A%7B%22itemType%22%3A%22bookSection%22%2C%22title%22%3A%22Etyka%20w%20rzeczywisto%5Cu015bci%20cyfrowej%20%5Cu2013%20w%20stron%5Cu0119%20nowego%20paradygmatu%20samoregulacji%22%2C%22creators%22%3A%5B%7B%22creatorType%22%3A%22author%22%2C%22firstName%22%3A%22%22%2C%22lastName%22%3A%22Skuczy%5Cu0144ski%22%7D%5D%2C%22abstractNote%22%3A%22%22%2C%22bookTitle%22%3A%22Finanse%20cyfrowe.%20Informatyzacja%2C%20cyfryzacja%20i%20danetyzacja%22%2C%22date%22%3A%222021%22%2C%22originalDate%22%3A%22%22%2C%22originalPublisher%22%3A%22%22%2C%22originalPlace%22%3A%22%22%2C%22format%22%3A%22%22%2C%22ISBN%22%3A%22%22%2C%22DOI%22%3A%22%22%2C%22citationKey%22%3A%22skuczynski2021%22%2C%22url%22%3A%22https%3A%5C%2F%5C%2Fwww.academia.edu%5C%2F45503937%5C%2FEtyka_w_rzeczywisto%25C5%259Bci_cyfrowej_w_stron%25C4%2599_nowego_paradygmatu_samoregulacji%22%2C%22ISSN%22%3A%22%22%2C%22language%22%3A%22%22%2C%22collections%22%3A%5B%5D%2C%22dateModified%22%3A%222023-10-16T08%3A15%3A58Z%22%7D%7D%2C%7B%22key%22%3A%22V993GP7K%22%2C%22library%22%3A%7B%22id%22%3A5137410%7D%2C%22meta%22%3A%7B%22lastModifiedByUser%22%3A%7B%22id%22%3A9353859%2C%22username%22%3A%22mryskiewicz%22%2C%22name%22%3A%22Miko%5Cu0142aj%20Ry%5Cu015bkiewicz%22%2C%22links%22%3A%7B%22alternate%22%3A%7B%22href%22%3A%22https%3A%5C%2F%5C%2Fwww.zotero.org%5C%2Fmryskiewicz%22%2C%22type%22%3A%22text%5C%2Fhtml%22%7D%7D%7D%2C%22creatorSummary%22%3A%22Skuczy%5Cu0144ski%22%2C%22parsedDate%22%3A%222021%22%2C%22numChildren%22%3A0%7D%2C%22bib%22%3A%22%3Cdiv%20class%3D%5C%22csl-bib-body%5C%22%20style%3D%5C%22line-height%3A%201.35%3B%20padding-left%3A%201em%3B%20text-indent%3A-1em%3B%5C%22%3E%5Cn%20%20%3Cdiv%20class%3D%5C%22csl-entry%5C%22%3ESkuczy%26%23x144%3Bski%2C%20%3Ci%3EMetaphor%20of%20the%20Lawyer%20as%20an%20Architect%20and%20the%20Concept%20of%20Law%3C%5C%2Fi%3E%2C%20%26%23x201E%3BOrdines%26%23x201D%3B%20t.%202%5C%2F2021%20%282021%29%2C%20%3Ca%20href%3D%27https%3A%5C%2F%5C%2Fwww.academia.edu%5C%2F70824925%5C%2FMetaphor_of_the_Lawyer_as_an_Architect_and_the_Concept_of_Law%27%3Ehttps%3A%5C%2F%5C%2Fwww.academia.edu%5C%2F70824925%5C%2FMetaphor_of_the_Lawyer_as_an_Architect_and_the_Concept_of_Law%3C%5C%2Fa%3E.%3C%5C%2Fdiv%3E%5Cn%3C%5C%2Fdiv%3E%22%2C%22data%22%3A%7B%22itemType%22%3A%22journalArticle%22%2C%22title%22%3A%22Metaphor%20of%20the%20Lawyer%20as%20an%20Architect%20and%20the%20Concept%20of%20Law%22%2C%22creators%22%3A%5B%7B%22creatorType%22%3A%22author%22%2C%22firstName%22%3A%22%22%2C%22lastName%22%3A%22Skuczy%5Cu0144ski%22%7D%5D%2C%22abstractNote%22%3A%22%22%2C%22date%22%3A%222021%22%2C%22section%22%3A%22%22%2C%22partNumber%22%3A%22%22%2C%22partTitle%22%3A%22%22%2C%22DOI%22%3A%22%22%2C%22citationKey%22%3A%22skuczynski2021a%22%2C%22url%22%3A%22https%3A%5C%2F%5C%2Fwww.academia.edu%5C%2F70824925%5C%2FMetaphor_of_the_Lawyer_as_an_Architect_and_the_Concept_of_Law%22%2C%22PMID%22%3A%22%22%2C%22PMCID%22%3A%22%22%2C%22ISSN%22%3A%22%22%2C%22language%22%3A%22%22%2C%22collections%22%3A%5B%5D%2C%22dateModified%22%3A%222023-10-16T08%3A12%3A43Z%22%7D%7D%2C%7B%22key%22%3A%22NHRT5V6U%22%2C%22library%22%3A%7B%22id%22%3A5137410%7D%2C%22meta%22%3A%7B%22lastModifiedByUser%22%3A%7B%22id%22%3A9353859%2C%22username%22%3A%22mryskiewicz%22%2C%22name%22%3A%22Miko%5Cu0142aj%20Ry%5Cu015bkiewicz%22%2C%22links%22%3A%7B%22alternate%22%3A%7B%22href%22%3A%22https%3A%5C%2F%5C%2Fwww.zotero.org%5C%2Fmryskiewicz%22%2C%22type%22%3A%22text%5C%2Fhtml%22%7D%7D%7D%2C%22creatorSummary%22%3A%22Skuczy%5Cu0144ski%22%2C%22parsedDate%22%3A%222021%22%2C%22numChildren%22%3A0%7D%2C%22bib%22%3A%22%3Cdiv%20class%3D%5C%22csl-bib-body%5C%22%20style%3D%5C%22line-height%3A%201.35%3B%20padding-left%3A%201em%3B%20text-indent%3A-1em%3B%5C%22%3E%5Cn%20%20%3Cdiv%20class%3D%5C%22csl-entry%5C%22%3ESkuczy%26%23x144%3Bski%2C%20%3Ci%3EIntegralno%26%23x15B%3B%26%23x107%3B%20s%26%23x119%3Bdziego%20w%20orzekaniu%20i%20zachowaniu%3C%5C%2Fi%3E%2C%20%26%23x201E%3BKrytyka%20Prawa.%20Niezale%26%23x17C%3Bne%20studia%20nad%20prawem%26%23x201D%3B%20t.%203%5C%2F2021%20%282021%29%2C%20%3Ca%20href%3D%27https%3A%5C%2F%5C%2Fwww.academia.edu%5C%2F61351533%5C%2FIntegralno%25C5%259B%25C4%2587_s%25C4%2599dziego_w_orzekaniu_i_zachowaniu%27%3Ehttps%3A%5C%2F%5C%2Fwww.academia.edu%5C%2F61351533%5C%2FIntegralno%25C5%259B%25C4%2587_s%25C4%2599dziego_w_orzekaniu_i_zachowaniu%3C%5C%2Fa%3E.%3C%5C%2Fdiv%3E%5Cn%3C%5C%2Fdiv%3E%22%2C%22data%22%3A%7B%22itemType%22%3A%22journalArticle%22%2C%22title%22%3A%22Integralno%5Cu015b%5Cu0107%20s%5Cu0119dziego%20w%20orzekaniu%20i%20zachowaniu%22%2C%22creators%22%3A%5B%7B%22creatorType%22%3A%22author%22%2C%22firstName%22%3A%22%22%2C%22lastName%22%3A%22Skuczy%5Cu0144ski%22%7D%5D%2C%22abstractNote%22%3A%22%22%2C%22date%22%3A%222021%22%2C%22section%22%3A%22%22%2C%22partNumber%22%3A%22%22%2C%22partTitle%22%3A%22%22%2C%22DOI%22%3A%22%22%2C%22citationKey%22%3A%22skuczynski2021b%22%2C%22url%22%3A%22https%3A%5C%2F%5C%2Fwww.academia.edu%5C%2F61351533%5C%2FIntegralno%25C5%259B%25C4%2587_s%25C4%2599dziego_w_orzekaniu_i_zachowaniu%22%2C%22PMID%22%3A%22%22%2C%22PMCID%22%3A%22%22%2C%22ISSN%22%3A%22%22%2C%22language%22%3A%22%22%2C%22collections%22%3A%5B%5D%2C%22dateModified%22%3A%222023-10-16T08%3A10%3A41Z%22%7D%7D%2C%7B%22key%22%3A%22CXN3KZFQ%22%2C%22library%22%3A%7B%22id%22%3A5137410%7D%2C%22meta%22%3A%7B%22lastModifiedByUser%22%3A%7B%22id%22%3A9353859%2C%22username%22%3A%22mryskiewicz%22%2C%22name%22%3A%22Miko%5Cu0142aj%20Ry%5Cu015bkiewicz%22%2C%22links%22%3A%7B%22alternate%22%3A%7B%22href%22%3A%22https%3A%5C%2F%5C%2Fwww.zotero.org%5C%2Fmryskiewicz%22%2C%22type%22%3A%22text%5C%2Fhtml%22%7D%7D%7D%2C%22creatorSummary%22%3A%22Skuczy%5Cu0144ski%22%2C%22parsedDate%22%3A%222020%22%2C%22numChildren%22%3A0%7D%2C%22bib%22%3A%22%3Cdiv%20class%3D%5C%22csl-bib-body%5C%22%20style%3D%5C%22line-height%3A%201.35%3B%20padding-left%3A%201em%3B%20text-indent%3A-1em%3B%5C%22%3E%5Cn%20%20%3Cdiv%20class%3D%5C%22csl-entry%5C%22%3ESkuczy%26%23x144%3Bski%20P.%2C%20%3Ci%3ENarracyjno%26%23x15B%3B%26%23x107%3B%20j%26%23x119%3Bzyka%20prawniczego%20w%20procesie%20tworzenia%20prawa%3C%5C%2Fi%3E%2C%20%26%23x201E%3BArchiwum%20Filozofii%20Prawa%20i%20Filozofii%20Spo%26%23x142%3Becznej%26%23x201D%3B%20t.%201%5C%2F2020%20%282020%29%2C%20%3Ca%20href%3D%27https%3A%5C%2F%5C%2Farchiwum.ivr.org.pl%5C%2F3275%5C%2Fnarracyjnosc-jezyka-prawniczego-w-procesie-tworzenia-prawa%5C%2F%27%3Ehttps%3A%5C%2F%5C%2Farchiwum.ivr.org.pl%5C%2F3275%5C%2Fnarracyjnosc-jezyka-prawniczego-w-procesie-tworzenia-prawa%5C%2F%3C%5C%2Fa%3E.%3C%5C%2Fdiv%3E%5Cn%3C%5C%2Fdiv%3E%22%2C%22data%22%3A%7B%22itemType%22%3A%22journalArticle%22%2C%22title%22%3A%22Narracyjno%5Cu015b%5Cu0107%20j%5Cu0119zyka%20prawniczego%20w%20procesie%20tworzenia%20prawa%22%2C%22creators%22%3A%5B%7B%22creatorType%22%3A%22author%22%2C%22firstName%22%3A%22Pawe%5Cu0142%22%2C%22lastName%22%3A%22Skuczy%5Cu0144ski%22%7D%5D%2C%22abstractNote%22%3A%22%22%2C%22date%22%3A%222020%22%2C%22section%22%3A%22%22%2C%22partNumber%22%3A%22%22%2C%22partTitle%22%3A%22%22%2C%22DOI%22%3A%22%22%2C%22citationKey%22%3A%22skuczynski2020a%22%2C%22url%22%3A%22https%3A%5C%2F%5C%2Farchiwum.ivr.org.pl%5C%2F3275%5C%2Fnarracyjnosc-jezyka-prawniczego-w-procesie-tworzenia-prawa%5C%2F%22%2C%22PMID%22%3A%22%22%2C%22PMCID%22%3A%22%22%2C%22ISSN%22%3A%22%22%2C%22language%22%3A%22%22%2C%22collections%22%3A%5B%5D%2C%22dateModified%22%3A%222023-10-13T18%3A38%3A36Z%22%7D%7D%2C%7B%22key%22%3A%22BNU5H8Q4%22%2C%22library%22%3A%7B%22id%22%3A5137410%7D%2C%22meta%22%3A%7B%22lastModifiedByUser%22%3A%7B%22id%22%3A9353859%2C%22username%22%3A%22mryskiewicz%22%2C%22name%22%3A%22Miko%5Cu0142aj%20Ry%5Cu015bkiewicz%22%2C%22links%22%3A%7B%22alternate%22%3A%7B%22href%22%3A%22https%3A%5C%2F%5C%2Fwww.zotero.org%5C%2Fmryskiewicz%22%2C%22type%22%3A%22text%5C%2Fhtml%22%7D%7D%7D%2C%22creatorSummary%22%3A%22Skuczy%5Cu0144ski%20and%20Muszy%5Cu0144ski%22%2C%22parsedDate%22%3A%222020%22%2C%22numChildren%22%3A0%7D%2C%22bib%22%3A%22%3Cdiv%20class%3D%5C%22csl-bib-body%5C%22%20style%3D%5C%22line-height%3A%201.35%3B%20padding-left%3A%201em%3B%20text-indent%3A-1em%3B%5C%22%3E%5Cn%20%20%3Cdiv%20class%3D%5C%22csl-entry%5C%22%3ESkuczy%26%23x144%3Bski%20P.%2C%20Muszy%26%23x144%3Bski%20K.%2C%20%3Ci%3ERozw%26%23xF3%3Bj%20i%20kryzys%20konstytucji%20spo%26%23x142%3Becznej.%20Przypadek%20samorz%26%23x105%3Bd%26%23xF3%3Bw%20zawodowych%3C%5C%2Fi%3E%2C%20C.H.%20Beck%202020.%3C%5C%2Fdiv%3E%5Cn%3C%5C%2Fdiv%3E%22%2C%22data%22%3A%7B%22itemType%22%3A%22book%22%2C%22title%22%3A%22Rozw%5Cu00f3j%20i%20kryzys%20konstytucji%20spo%5Cu0142ecznej.%20Przypadek%20samorz%5Cu0105d%5Cu00f3w%20zawodowych%22%2C%22creators%22%3A%5B%7B%22creatorType%22%3A%22author%22%2C%22firstName%22%3A%22Pawe%5Cu0142%22%2C%22lastName%22%3A%22Skuczy%5Cu0144ski%22%7D%2C%7B%22creatorType%22%3A%22author%22%2C%22firstName%22%3A%22Karol%22%2C%22lastName%22%3A%22Muszy%5Cu0144ski%22%7D%5D%2C%22abstractNote%22%3A%22%22%2C%22date%22%3A%222020%22%2C%22originalDate%22%3A%22%22%2C%22originalPublisher%22%3A%22%22%2C%22originalPlace%22%3A%22%22%2C%22format%22%3A%22%22%2C%22ISBN%22%3A%22%22%2C%22DOI%22%3A%22%22%2C%22citationKey%22%3A%22skuczynski2020b%22%2C%22url%22%3A%22https%3A%5C%2F%5C%2Fwww.google.pl%5C%2Fbooks%5C%2Fedition%5C%2FRozw%25C3%25B3j_i_kryzys_konstytucji_spo%25C5%2582ecznej%5C%2FdbsmEAAAQBAJ%3Fhl%3Dpl%26gbpv%3D1%22%2C%22ISSN%22%3A%22%22%2C%22language%22%3A%22%22%2C%22collections%22%3A%5B%5D%2C%22dateModified%22%3A%222023-10-13T18%3A38%3A24Z%22%7D%7D%5D%7D<\/span>\n\n\t\t\t\t<div id=\"zp-ID-598-5137410-8CNAZKWW\" data-zp-author-date='Skuczy\u0144ski-2023' data-zp-date-author='2023-Skuczy\u0144ski' data-zp-date='2023' data-zp-year='2023' data-zp-itemtype='bookSection' class=\"zp-Entry zpSearchResultsItem\">\n<div class=\"csl-bib-body\" style=\"line-height: 1.35; padding-left: 1em; text-indent:-1em;\">\n  <div class=\"csl-entry\">Skuczy&#x144;ski, <i>Ethics in Digital Finance: Towards a New Paradigm of Self-regulation<\/i> [w:] <i>Digital Finance and the Future of the Global Financial System. Disruption and Innovation in Financial Services<\/i>, Routledge 2023.<\/div>\n<\/div>\n\t\t\t\t<\/div><!-- .zp-Entry .zpSearchResultsItem -->\t\t\t\t<div id=\"zp-ID-598-5137410-X235SX7G\" data-zp-author-date='Skuczy\u0144ski-2022' data-zp-date-author='2022-Skuczy\u0144ski' data-zp-date='2022' data-zp-year='2022' data-zp-itemtype='journalArticle' class=\"zp-Entry zpSearchResultsItem\">\n<div class=\"csl-bib-body\" style=\"line-height: 1.35; padding-left: 1em; text-indent:-1em;\">\n  <div class=\"csl-entry\">Skuczy&#x144;ski, <i>Three Models of Judicial Free Speech and Technological Challenges<\/i>, &#x201E;Krytyka Prawa. Niezale&#x17C;ne studia nad prawem&#x201D; t. 4\/2022 (2022), <a href='https:\/\/journals.kozminski.edu.pl\/pub\/7130'>https:\/\/journals.kozminski.edu.pl\/pub\/7130<\/a>.<\/div>\n<\/div>\n\t\t\t\t<\/div><!-- .zp-Entry .zpSearchResultsItem -->\t\t\t\t<div id=\"zp-ID-598-5137410-SX8JBTWX\" data-zp-author-date='Skuczy\u0144ski-2022' data-zp-date-author='2022-Skuczy\u0144ski' data-zp-date='2022' data-zp-year='2022' data-zp-itemtype='journalArticle' class=\"zp-Entry zpSearchResultsItem\">\n<div class=\"csl-bib-body\" style=\"line-height: 1.35; padding-left: 1em; text-indent:-1em;\">\n  <div class=\"csl-entry\">Skuczy&#x144;ski, <i>Prawnik jako t&#x142;umacz. O metaforycznym rozumieniu eksperckiego charakteru zawod&#xF3;w prawniczych<\/i>, &#x201E;Radca Prawny. Zeszyty Naukowe&#x201D; t. 2\/2022 (2022), <a href='https:\/\/www.academia.edu\/91077185\/Prawnik_jako_t%C5%82umacz_O_metaforycznym_rozumieniu_eksperckiego_charakteru_zawod%C3%B3w_prawniczych'>https:\/\/www.academia.edu\/91077185\/Prawnik_jako_t%C5%82umacz_O_metaforycznym_rozumieniu_eksperckiego_charakteru_zawod%C3%B3w_prawniczych<\/a>.<\/div>\n<\/div>\n\t\t\t\t<\/div><!-- .zp-Entry .zpSearchResultsItem -->\t\t\t\t<div id=\"zp-ID-598-5137410-AZRWSUNS\" data-zp-author-date='Skuczy\u0144ski-2022' data-zp-date-author='2022-Skuczy\u0144ski' data-zp-date='2022' data-zp-year='2022' data-zp-itemtype='journalArticle' class=\"zp-Entry zpSearchResultsItem\">\n<div class=\"csl-bib-body\" style=\"line-height: 1.35; padding-left: 1em; text-indent:-1em;\">\n  <div class=\"csl-entry\">Skuczy&#x144;ski, <i>Spo&#x142;eczne odczytanie Konstytucji RP a aksjologia konstytucyjna i konstytucyjna ontologia spo&#x142;eczna<\/i>, &#x201E;Archiwum Filozofii Prawa i Filozofii Spo&#x142;ecznej&#x201D; t. 1\/2022 (2022), <a href='https:\/\/archiwum.ivr.org.pl\/5226\/spoleczne-odczytanie-konstytucji-rp-a-aksjologia-konstytucyjna-i-konstytucyjna-ontologia-spoleczna\/'>https:\/\/archiwum.ivr.org.pl\/5226\/spoleczne-odczytanie-konstytucji-rp-a-aksjologia-konstytucyjna-i-konstytucyjna-ontologia-spoleczna\/<\/a>.<\/div>\n<\/div>\n\t\t\t\t<\/div><!-- .zp-Entry .zpSearchResultsItem -->\t\t\t\t<div id=\"zp-ID-598-5137410-6XB67VS6\" data-zp-author-date='Skuczy\u0144ski-2022' data-zp-date-author='2022-Skuczy\u0144ski' data-zp-date='2022' data-zp-year='2022' data-zp-itemtype='bookSection' class=\"zp-Entry zpSearchResultsItem\">\n<div class=\"csl-bib-body\" style=\"line-height: 1.35; padding-left: 1em; text-indent:-1em;\">\n  <div class=\"csl-entry\">Skuczy&#x144;ski, <i>Konflikt interes&#xF3;w w zawodach adwokata i radcy prawnego w perspektywie opartej na ryzyku<\/i> [w:] <i>Analiza ryzyka i bezpiecze&#x144;stwo danych w kancelariach prawnych<\/i>, Warszawa 2022.<\/div>\n<\/div>\n\t\t\t\t<\/div><!-- .zp-Entry .zpSearchResultsItem -->\t\t\t\t<div id=\"zp-ID-598-5137410-G6WQFS2W\" data-zp-author-date='Skuczy\u0144ski-2020' data-zp-date-author='2020-Skuczy\u0144ski' data-zp-date='2020' data-zp-year='2020' data-zp-itemtype='bookSection' class=\"zp-Entry zpSearchResultsItem\">\n<div class=\"csl-bib-body\" style=\"line-height: 1.35; padding-left: 1em; text-indent:-1em;\">\n  <div class=\"csl-entry\">Skuczy&#x144;ski, <i>Principles concerning personal publicity, solicitation of clients and fair competition<\/i> [w:] <i>Legal Ethics in Poland Foundations. Professions. Principles. Responsibility<\/i>, Warszawa 2020.<\/div>\n<\/div>\n\t\t\t\t<\/div><!-- .zp-Entry .zpSearchResultsItem -->\t\t\t\t<div id=\"zp-ID-598-5137410-ZJJGZKPC\" data-zp-author-date='Skuczy\u0144ski-2021' data-zp-date-author='2021-Skuczy\u0144ski' data-zp-date='2021' data-zp-year='2021' data-zp-itemtype='bookSection' class=\"zp-Entry zpSearchResultsItem\">\n<div class=\"csl-bib-body\" style=\"line-height: 1.35; padding-left: 1em; text-indent:-1em;\">\n  <div class=\"csl-entry\">Skuczy&#x144;ski, <i>Etyka w rzeczywisto&#x15B;ci cyfrowej &#x2013; w stron&#x119; nowego paradygmatu samoregulacji<\/i> [w:] <i>Finanse cyfrowe. Informatyzacja, cyfryzacja i danetyzacja<\/i>, Warszawa 2021.<\/div>\n<\/div>\n\t\t\t\t<\/div><!-- .zp-Entry .zpSearchResultsItem -->\t\t\t\t<div id=\"zp-ID-598-5137410-V993GP7K\" data-zp-author-date='Skuczy\u0144ski-2021' data-zp-date-author='2021-Skuczy\u0144ski' data-zp-date='2021' data-zp-year='2021' data-zp-itemtype='journalArticle' class=\"zp-Entry zpSearchResultsItem\">\n<div class=\"csl-bib-body\" style=\"line-height: 1.35; padding-left: 1em; text-indent:-1em;\">\n  <div class=\"csl-entry\">Skuczy&#x144;ski, <i>Metaphor of the Lawyer as an Architect and the Concept of Law<\/i>, &#x201E;Ordines&#x201D; t. 2\/2021 (2021), <a href='https:\/\/www.academia.edu\/70824925\/Metaphor_of_the_Lawyer_as_an_Architect_and_the_Concept_of_Law'>https:\/\/www.academia.edu\/70824925\/Metaphor_of_the_Lawyer_as_an_Architect_and_the_Concept_of_Law<\/a>.<\/div>\n<\/div>\n\t\t\t\t<\/div><!-- .zp-Entry .zpSearchResultsItem -->\t\t\t\t<div id=\"zp-ID-598-5137410-NHRT5V6U\" data-zp-author-date='Skuczy\u0144ski-2021' data-zp-date-author='2021-Skuczy\u0144ski' data-zp-date='2021' data-zp-year='2021' data-zp-itemtype='journalArticle' class=\"zp-Entry zpSearchResultsItem\">\n<div class=\"csl-bib-body\" style=\"line-height: 1.35; padding-left: 1em; text-indent:-1em;\">\n  <div class=\"csl-entry\">Skuczy&#x144;ski, <i>Integralno&#x15B;&#x107; s&#x119;dziego w orzekaniu i zachowaniu<\/i>, &#x201E;Krytyka Prawa. Niezale&#x17C;ne studia nad prawem&#x201D; t. 3\/2021 (2021), <a href='https:\/\/www.academia.edu\/61351533\/Integralno%C5%9B%C4%87_s%C4%99dziego_w_orzekaniu_i_zachowaniu'>https:\/\/www.academia.edu\/61351533\/Integralno%C5%9B%C4%87_s%C4%99dziego_w_orzekaniu_i_zachowaniu<\/a>.<\/div>\n<\/div>\n\t\t\t\t<\/div><!-- .zp-Entry .zpSearchResultsItem -->\t\t\t\t<div id=\"zp-ID-598-5137410-CXN3KZFQ\" data-zp-author-date='Skuczy\u0144ski-2020' data-zp-date-author='2020-Skuczy\u0144ski' data-zp-date='2020' data-zp-year='2020' data-zp-itemtype='journalArticle' class=\"zp-Entry zpSearchResultsItem\">\n<div class=\"csl-bib-body\" style=\"line-height: 1.35; padding-left: 1em; text-indent:-1em;\">\n  <div class=\"csl-entry\">Skuczy&#x144;ski P., <i>Narracyjno&#x15B;&#x107; j&#x119;zyka prawniczego w procesie tworzenia prawa<\/i>, &#x201E;Archiwum Filozofii Prawa i Filozofii Spo&#x142;ecznej&#x201D; t. 1\/2020 (2020), <a href='https:\/\/archiwum.ivr.org.pl\/3275\/narracyjnosc-jezyka-prawniczego-w-procesie-tworzenia-prawa\/'>https:\/\/archiwum.ivr.org.pl\/3275\/narracyjnosc-jezyka-prawniczego-w-procesie-tworzenia-prawa\/<\/a>.<\/div>\n<\/div>\n\t\t\t\t<\/div><!-- .zp-Entry .zpSearchResultsItem -->\t\t\t\t<div id=\"zp-ID-598-5137410-BNU5H8Q4\" data-zp-author-date='Skuczy\u0144ski-and-Muszy\u0144ski-2020' data-zp-date-author='2020-Skuczy\u0144ski-and-Muszy\u0144ski' data-zp-date='2020' data-zp-year='2020' data-zp-itemtype='book' class=\"zp-Entry zpSearchResultsItem\">\n<div class=\"csl-bib-body\" style=\"line-height: 1.35; padding-left: 1em; text-indent:-1em;\">\n  <div class=\"csl-entry\">Skuczy&#x144;ski P., Muszy&#x144;ski K., <i>Rozw&#xF3;j i kryzys konstytucji spo&#x142;ecznej. Przypadek samorz&#x105;d&#xF3;w zawodowych<\/i>, C.H. Beck 2020.<\/div>\n<\/div>\n\t\t\t\t<\/div><!-- .zp-Entry .zpSearchResultsItem -->\n\t\t\t<\/div><!-- .zp-zp-SEO-Content -->\n\t\t<\/div><!-- .zp-List -->\n\t<\/div><!--.zp-Zotpress-->\n\n\n","protected":false},"excerpt":{"rendered":"<p>Pawe\u0142 Skuczy\u0144ski jest doktorem nauk prawnych, pracownikiem Wydzia\u0142u Prawa i Administracji Uniwersytetu Warszawskiego w Katedrze Filozofii Prawa i Nauki o Pa\u0144stwie. Jest r\u00f3wnie\u017c prezesem fundacji Instytut Etyki Prawniczej oraz wydawc\u0105 serii Biblioteka Etyki Prawniczej. Opublikowa\u0142 m.in. Status etyki prawniczej (2010, wyd. ang. 2013), Etyk\u0119 adwokat\u00f3w i radc\u00f3w prawnych (2016) oraz wsp\u00f3lnie z Karolem Muszy\u0144skim Rozw\u00f3j [&hellip;]<\/p>\n","protected":false},"author":1,"featured_media":0,"parent":0,"menu_order":0,"comment_status":"closed","ping_status":"closed","template":"","meta":{"_themeisle_gutenberg_block_has_review":false,"footnotes":""},"class_list":["post-598","page","type-page","status-publish","hentry"],"yoast_head":"<!-- This site is optimized with the Yoast SEO plugin v20.10 - https:\/\/yoast.com\/wordpress\/plugins\/seo\/ -->\n<title>Dr Pawe\u0142 SKUCZY\u0143SKI - Katedra Filozofii Prawa i Nauki o Pa\u0144stwie<\/title>\n<meta name=\"robots\" content=\"index, follow, max-snippet:-1, max-image-preview:large, max-video-preview:-1\" \/>\n<link rel=\"canonical\" href=\"https:\/\/fpinop.wpia.uw.edu.pl\/index.php\/dr-pawel-skuczynski\/\" \/>\n<meta property=\"og:locale\" content=\"pl_PL\" \/>\n<meta property=\"og:type\" content=\"article\" \/>\n<meta property=\"og:title\" content=\"Dr Pawe\u0142 SKUCZY\u0143SKI - Katedra Filozofii Prawa i Nauki o Pa\u0144stwie\" \/>\n<meta property=\"og:description\" content=\"Pawe\u0142 Skuczy\u0144ski jest doktorem nauk prawnych, pracownikiem Wydzia\u0142u Prawa i Administracji Uniwersytetu Warszawskiego w Katedrze Filozofii Prawa i Nauki o Pa\u0144stwie. Jest r\u00f3wnie\u017c prezesem fundacji Instytut Etyki Prawniczej oraz wydawc\u0105 serii Biblioteka Etyki Prawniczej. Opublikowa\u0142 m.in. Status etyki prawniczej (2010, wyd. ang. 2013), Etyk\u0119 adwokat\u00f3w i radc\u00f3w prawnych (2016) oraz wsp\u00f3lnie z Karolem Muszy\u0144skim Rozw\u00f3j [&hellip;]\" \/>\n<meta property=\"og:url\" content=\"https:\/\/fpinop.wpia.uw.edu.pl\/index.php\/dr-pawel-skuczynski\/\" \/>\n<meta property=\"og:site_name\" content=\"Katedra Filozofii Prawa i Nauki o Pa\u0144stwie\" \/>\n<meta property=\"article:modified_time\" content=\"2023-10-13T16:35:41+00:00\" \/>\n<meta name=\"twitter:card\" content=\"summary_large_image\" \/>\n<meta name=\"twitter:label1\" content=\"Szacowany czas czytania\" \/>\n\t<meta name=\"twitter:data1\" content=\"1 minuta\" \/>\n<script type=\"application\/ld+json\" class=\"yoast-schema-graph\">{\"@context\":\"https:\/\/schema.org\",\"@graph\":[{\"@type\":\"WebPage\",\"@id\":\"https:\/\/fpinop.wpia.uw.edu.pl\/index.php\/dr-pawel-skuczynski\/\",\"url\":\"https:\/\/fpinop.wpia.uw.edu.pl\/index.php\/dr-pawel-skuczynski\/\",\"name\":\"Dr Pawe\u0142 SKUCZY\u0143SKI - Katedra Filozofii Prawa i Nauki o Pa\u0144stwie\",\"isPartOf\":{\"@id\":\"https:\/\/fpinop.wpia.uw.edu.pl\/#website\"},\"datePublished\":\"2023-10-08T14:10:18+00:00\",\"dateModified\":\"2023-10-13T16:35:41+00:00\",\"breadcrumb\":{\"@id\":\"https:\/\/fpinop.wpia.uw.edu.pl\/index.php\/dr-pawel-skuczynski\/#breadcrumb\"},\"inLanguage\":\"pl-PL\",\"potentialAction\":[{\"@type\":\"ReadAction\",\"target\":[\"https:\/\/fpinop.wpia.uw.edu.pl\/index.php\/dr-pawel-skuczynski\/\"]}]},{\"@type\":\"BreadcrumbList\",\"@id\":\"https:\/\/fpinop.wpia.uw.edu.pl\/index.php\/dr-pawel-skuczynski\/#breadcrumb\",\"itemListElement\":[{\"@type\":\"ListItem\",\"position\":1,\"name\":\"Strona g\u0142\u00f3wna\",\"item\":\"https:\/\/fpinop.wpia.uw.edu.pl\/\"},{\"@type\":\"ListItem\",\"position\":2,\"name\":\"Dr Pawe\u0142 SKUCZY\u0143SKI\"}]},{\"@type\":\"WebSite\",\"@id\":\"https:\/\/fpinop.wpia.uw.edu.pl\/#website\",\"url\":\"https:\/\/fpinop.wpia.uw.edu.pl\/\",\"name\":\"Katedra Filozofii Prawa i Nauki o Pa\u0144stwie\",\"description\":\"\",\"publisher\":{\"@id\":\"https:\/\/fpinop.wpia.uw.edu.pl\/#organization\"},\"potentialAction\":[{\"@type\":\"SearchAction\",\"target\":{\"@type\":\"EntryPoint\",\"urlTemplate\":\"https:\/\/fpinop.wpia.uw.edu.pl\/?s={search_term_string}\"},\"query-input\":\"required name=search_term_string\"}],\"inLanguage\":\"pl-PL\"},{\"@type\":\"Organization\",\"@id\":\"https:\/\/fpinop.wpia.uw.edu.pl\/#organization\",\"name\":\"Katedra Filozofii Prawa i Nauki o Pa\u0144stwie\",\"url\":\"https:\/\/fpinop.wpia.uw.edu.pl\/\",\"logo\":{\"@type\":\"ImageObject\",\"inLanguage\":\"pl-PL\",\"@id\":\"https:\/\/fpinop.wpia.uw.edu.pl\/#\/schema\/logo\/image\/\",\"url\":\"https:\/\/fpinop.wpia.uw.edu.pl\/wp-content\/uploads\/2025\/05\/cropped-Projekt-bez-nazwy.png\",\"contentUrl\":\"https:\/\/fpinop.wpia.uw.edu.pl\/wp-content\/uploads\/2025\/05\/cropped-Projekt-bez-nazwy.png\",\"width\":450,\"height\":227,\"caption\":\"Katedra Filozofii Prawa i Nauki o Pa\u0144stwie\"},\"image\":{\"@id\":\"https:\/\/fpinop.wpia.uw.edu.pl\/#\/schema\/logo\/image\/\"}}]}<\/script>\n<!-- \/ Yoast SEO plugin. -->","yoast_head_json":{"title":"Dr Pawe\u0142 SKUCZY\u0143SKI - Katedra Filozofii Prawa i Nauki o Pa\u0144stwie","robots":{"index":"index","follow":"follow","max-snippet":"max-snippet:-1","max-image-preview":"max-image-preview:large","max-video-preview":"max-video-preview:-1"},"canonical":"https:\/\/fpinop.wpia.uw.edu.pl\/index.php\/dr-pawel-skuczynski\/","og_locale":"pl_PL","og_type":"article","og_title":"Dr Pawe\u0142 SKUCZY\u0143SKI - Katedra Filozofii Prawa i Nauki o Pa\u0144stwie","og_description":"Pawe\u0142 Skuczy\u0144ski jest doktorem nauk prawnych, pracownikiem Wydzia\u0142u Prawa i Administracji Uniwersytetu Warszawskiego w Katedrze Filozofii Prawa i Nauki o Pa\u0144stwie. Jest r\u00f3wnie\u017c prezesem fundacji Instytut Etyki Prawniczej oraz wydawc\u0105 serii Biblioteka Etyki Prawniczej. Opublikowa\u0142 m.in. Status etyki prawniczej (2010, wyd. ang. 2013), Etyk\u0119 adwokat\u00f3w i radc\u00f3w prawnych (2016) oraz wsp\u00f3lnie z Karolem Muszy\u0144skim Rozw\u00f3j [&hellip;]","og_url":"https:\/\/fpinop.wpia.uw.edu.pl\/index.php\/dr-pawel-skuczynski\/","og_site_name":"Katedra Filozofii Prawa i Nauki o Pa\u0144stwie","article_modified_time":"2023-10-13T16:35:41+00:00","twitter_card":"summary_large_image","twitter_misc":{"Szacowany czas czytania":"1 minuta"},"schema":{"@context":"https:\/\/schema.org","@graph":[{"@type":"WebPage","@id":"https:\/\/fpinop.wpia.uw.edu.pl\/index.php\/dr-pawel-skuczynski\/","url":"https:\/\/fpinop.wpia.uw.edu.pl\/index.php\/dr-pawel-skuczynski\/","name":"Dr Pawe\u0142 SKUCZY\u0143SKI - Katedra Filozofii Prawa i Nauki o Pa\u0144stwie","isPartOf":{"@id":"https:\/\/fpinop.wpia.uw.edu.pl\/#website"},"datePublished":"2023-10-08T14:10:18+00:00","dateModified":"2023-10-13T16:35:41+00:00","breadcrumb":{"@id":"https:\/\/fpinop.wpia.uw.edu.pl\/index.php\/dr-pawel-skuczynski\/#breadcrumb"},"inLanguage":"pl-PL","potentialAction":[{"@type":"ReadAction","target":["https:\/\/fpinop.wpia.uw.edu.pl\/index.php\/dr-pawel-skuczynski\/"]}]},{"@type":"BreadcrumbList","@id":"https:\/\/fpinop.wpia.uw.edu.pl\/index.php\/dr-pawel-skuczynski\/#breadcrumb","itemListElement":[{"@type":"ListItem","position":1,"name":"Strona g\u0142\u00f3wna","item":"https:\/\/fpinop.wpia.uw.edu.pl\/"},{"@type":"ListItem","position":2,"name":"Dr Pawe\u0142 SKUCZY\u0143SKI"}]},{"@type":"WebSite","@id":"https:\/\/fpinop.wpia.uw.edu.pl\/#website","url":"https:\/\/fpinop.wpia.uw.edu.pl\/","name":"Katedra Filozofii Prawa i Nauki o Pa\u0144stwie","description":"","publisher":{"@id":"https:\/\/fpinop.wpia.uw.edu.pl\/#organization"},"potentialAction":[{"@type":"SearchAction","target":{"@type":"EntryPoint","urlTemplate":"https:\/\/fpinop.wpia.uw.edu.pl\/?s={search_term_string}"},"query-input":"required name=search_term_string"}],"inLanguage":"pl-PL"},{"@type":"Organization","@id":"https:\/\/fpinop.wpia.uw.edu.pl\/#organization","name":"Katedra Filozofii Prawa i Nauki o Pa\u0144stwie","url":"https:\/\/fpinop.wpia.uw.edu.pl\/","logo":{"@type":"ImageObject","inLanguage":"pl-PL","@id":"https:\/\/fpinop.wpia.uw.edu.pl\/#\/schema\/logo\/image\/","url":"https:\/\/fpinop.wpia.uw.edu.pl\/wp-content\/uploads\/2025\/05\/cropped-Projekt-bez-nazwy.png","contentUrl":"https:\/\/fpinop.wpia.uw.edu.pl\/wp-content\/uploads\/2025\/05\/cropped-Projekt-bez-nazwy.png","width":450,"height":227,"caption":"Katedra Filozofii Prawa i Nauki o Pa\u0144stwie"},"image":{"@id":"https:\/\/fpinop.wpia.uw.edu.pl\/#\/schema\/logo\/image\/"}}]}},"_links":{"self":[{"href":"https:\/\/fpinop.wpia.uw.edu.pl\/index.php\/wp-json\/wp\/v2\/pages\/598","targetHints":{"allow":["GET"]}}],"collection":[{"href":"https:\/\/fpinop.wpia.uw.edu.pl\/index.php\/wp-json\/wp\/v2\/pages"}],"about":[{"href":"https:\/\/fpinop.wpia.uw.edu.pl\/index.php\/wp-json\/wp\/v2\/types\/page"}],"author":[{"embeddable":true,"href":"https:\/\/fpinop.wpia.uw.edu.pl\/index.php\/wp-json\/wp\/v2\/users\/1"}],"replies":[{"embeddable":true,"href":"https:\/\/fpinop.wpia.uw.edu.pl\/index.php\/wp-json\/wp\/v2\/comments?post=598"}],"version-history":[{"count":2,"href":"https:\/\/fpinop.wpia.uw.edu.pl\/index.php\/wp-json\/wp\/v2\/pages\/598\/revisions"}],"predecessor-version":[{"id":611,"href":"https:\/\/fpinop.wpia.uw.edu.pl\/index.php\/wp-json\/wp\/v2\/pages\/598\/revisions\/611"}],"wp:attachment":[{"href":"https:\/\/fpinop.wpia.uw.edu.pl\/index.php\/wp-json\/wp\/v2\/media?parent=598"}],"curies":[{"name":"wp","href":"https:\/\/api.w.org\/{rel}","templated":true}]}}