{"id":679,"date":"2024-02-16T12:58:08","date_gmt":"2024-02-16T11:58:08","guid":{"rendered":"https:\/\/fpinop.wpia.uw.edu.pl\/?page_id=679"},"modified":"2024-02-16T12:58:11","modified_gmt":"2024-02-16T11:58:11","slug":"mikolaj-ryskiewicz","status":"publish","type":"page","link":"https:\/\/fpinop.wpia.uw.edu.pl\/index.php\/mikolaj-ryskiewicz\/","title":{"rendered":"Miko\u0142aj Ry\u015bkiewicz"},"content":{"rendered":"\n<p>Mgr Miko\u0142aj Ry\u015bkiewicz uko\u0144czy\u0142 prawo na Uniwersytecie Warszawskim (2020) oraz metody ilo\u015bciowe w ekonomii i systemy informacyjne w Szkole G\u0142\u00f3wnej Handlowej (2021). W ramach studi\u00f3w doktoranckich przygotowuje rozpraw\u0119 dotycz\u0105c\u0105 inflacji prawa, ze szczeg\u00f3lnym uwzgl\u0119dnieniem metodologii bada\u0144 empirycznych. Naukowo interesuje si\u0119 tak\u017ce stykiem j\u0119zykoznawstwa i teorii prawa, g\u0142\u00f3wnie w odniesieniu do j\u0119zyka prawnego, oraz nurtem AI &amp; Law.<\/p>\n\n\n\n<p>Strona internetowa: <a href=\"http:\/\/ryskiewi.cz\">http:\/\/ryskiewi.cz<\/a>.<\/p>\n\n\n\n<p>PUBLIKACJE<\/p>\n\n\n<div id=\"zotpress-bb94bc18bf5e21c0a7813cc2ecb62200\" class=\"zp-Zotpress zp-Zotpress-Bib wp-block-group\">\n\n\t\t<span class=\"ZP_API_USER_ID\" style=\"display: none;\">5137410<\/span>\n\t\t<span class=\"ZP_ITEM_KEY\" style=\"display: none;\"><\/span>\n\t\t<span class=\"ZP_COLLECTION_ID\" style=\"display: none;\"><\/span>\n\t\t<span class=\"ZP_TAG_ID\" style=\"display: none;\"><\/span>\n\t\t<span class=\"ZP_AUTHOR\" style=\"display: none;\">Ry\u015bkiewicz<\/span>\n\t\t<span class=\"ZP_YEAR\" style=\"display: none;\"><\/span>\n        <span class=\"ZP_ITEMTYPE\" style=\"display: none;\"><\/span>\n        <span class=\"ZP_ITEM_TYPE\" style=\"display: none;\">items<\/span>\n\t\t<span class=\"ZP_INCLUSIVE\" style=\"display: none;\">1<\/span>\n\t\t<span class=\"ZP_STYLE\" style=\"display: none;\"><\/span>\n\t\t<span class=\"ZP_LIMIT\" style=\"display: none;\">0<\/span>\n\t\t<span class=\"ZP_SORTBY\" style=\"display: none;\">default<\/span>\n\t\t<span class=\"ZP_ORDER\" style=\"display: none;\">asc<\/span>\n\t\t<span class=\"ZP_TITLE\" style=\"display: none;\"><\/span>\n\t\t<span class=\"ZP_SHOWIMAGE\" style=\"display: none;\"><\/span>\n\t\t<span class=\"ZP_SHOWTAGS\" style=\"display: none;\"><\/span>\n\t\t<span class=\"ZP_DOWNLOADABLE\" style=\"display: none;\"><\/span>\n\t\t<span class=\"ZP_NOTES\" style=\"display: none;\"><\/span>\n\t\t<span class=\"ZP_ABSTRACT\" style=\"display: none;\"><\/span>\n\t\t<span class=\"ZP_CITEABLE\" style=\"display: none;\"><\/span>\n\t\t<span class=\"ZP_TARGET\" style=\"display: none;\"><\/span>\n\t\t<span class=\"ZP_URLWRAP\" style=\"display: none;\"><\/span>\n\t\t<span class=\"ZP_FORCENUM\" style=\"display: none;\"><\/span>\n        <span class=\"ZP_HIGHLIGHT\" style=\"display: none;\"><\/span>\n        <span class=\"ZP_POSTID\" style=\"display: none;\">679<\/span>\n\t\t<span class=\"ZOTPRESS_PLUGIN_URL\" style=\"display:none;\">https:\/\/fpinop.wpia.uw.edu.pl\/wp-content\/plugins\/zotpress\/<\/span>\n\n\t\t<div class=\"zp-List loading\">\n\t\t\t<div class=\"zp-SEO-Content\">\n\t\t\t\t<span class=\"ZP_JSON\" style=\"display: none;\">%7B%22status%22%3A%22success%22%2C%22updateneeded%22%3Afalse%2C%22instance%22%3A%22zotpress-bb94bc18bf5e21c0a7813cc2ecb62200%22%2C%22meta%22%3A%7B%22request_last%22%3A0%2C%22request_next%22%3A0%2C%22used_cache%22%3Atrue%7D%2C%22data%22%3A%5B%7B%22key%22%3A%22UJ98CF4K%22%2C%22library%22%3A%7B%22id%22%3A5137410%7D%2C%22meta%22%3A%7B%22creatorSummary%22%3A%22Ry%5Cu015bkiewicz%22%2C%22parsedDate%22%3A%222023%22%2C%22numChildren%22%3A1%7D%2C%22bib%22%3A%22%3Cdiv%20class%3D%5C%22csl-bib-body%5C%22%20style%3D%5C%22line-height%3A%201.35%3B%20padding-left%3A%201em%3B%20text-indent%3A-1em%3B%5C%22%3E%5Cn%20%20%3Cdiv%20class%3D%5C%22csl-entry%5C%22%3ERy%26%23x15B%3Bkiewicz%20M.%2C%20%3Ci%3EThe%20Risks%20of%20Context-Free%20Evaluation%20of%20Legislative%20Language%20Solutions%20%28Polemical%20Article%29%3C%5C%2Fi%3E%2C%20%26%23x201E%3BStudia%20Iuridica%26%23x201D%3B%20nr%20101%20%282023%29%2C%20DOI%3A%20https%3A%5C%2F%5C%2Fdoi.org%5C%2F10.31338%5C%2F2544-3135.si.2024-101.26.%3C%5C%2Fdiv%3E%5Cn%3C%5C%2Fdiv%3E%22%2C%22data%22%3A%7B%22itemType%22%3A%22journalArticle%22%2C%22title%22%3A%22The%20Risks%20of%20Context-Free%20Evaluation%20of%20Legislative%20Language%20Solutions%20%28Polemical%20Article%29%22%2C%22creators%22%3A%5B%7B%22creatorType%22%3A%22author%22%2C%22firstName%22%3A%22Miko%5Cu0142aj%22%2C%22lastName%22%3A%22Ry%5Cu015bkiewicz%22%7D%5D%2C%22abstractNote%22%3A%22%22%2C%22date%22%3A%222023%22%2C%22section%22%3A%22%22%2C%22partNumber%22%3A%22%22%2C%22partTitle%22%3A%22%22%2C%22DOI%22%3A%22https%3A%5C%2F%5C%2Fdoi.org%5C%2F10.31338%5C%2F2544-3135.si.2024-101.26%22%2C%22citationKey%22%3A%22ryskiewicz2023b%22%2C%22url%22%3A%22%22%2C%22PMID%22%3A%22%22%2C%22PMCID%22%3A%22%22%2C%22ISSN%22%3A%22%22%2C%22language%22%3A%22%22%2C%22collections%22%3A%5B%5D%2C%22dateModified%22%3A%222024-04-15T09%3A05%3A34Z%22%7D%7D%2C%7B%22key%22%3A%22ELKH9M5I%22%2C%22library%22%3A%7B%22id%22%3A5137410%7D%2C%22meta%22%3A%7B%22creatorSummary%22%3A%22Ry%5Cu015bkiewicz%22%2C%22parsedDate%22%3A%222023%22%2C%22numChildren%22%3A0%7D%2C%22bib%22%3A%22%3Cdiv%20class%3D%5C%22csl-bib-body%5C%22%20style%3D%5C%22line-height%3A%201.35%3B%20padding-left%3A%201em%3B%20text-indent%3A-1em%3B%5C%22%3E%5Cn%20%20%3Cdiv%20class%3D%5C%22csl-entry%5C%22%3ERy%26%23x15B%3Bkiewicz%20M.%2C%20%3Ci%3EJ%26%23x119%3Bzyk%20prawa%20administracyjnego%20a%20inne%20j%26%23x119%3Bzyki%20prawne%20w%20%26%23x15B%3Bwietle%20bada%26%23x144%3B%20empirycznych%3C%5C%2Fi%3E%20%5Bw%3A%5D%20R.%20%26%23x141%3Bapa%2C%20M.%20Graf%2C%20%26%23x141%3B.%20Piosik%20%28red.%29%2C%20%3Ci%3ECz%26%23x142%3Bowiek%20%26%23x2013%3B%20j%26%23x119%3Bzyk%20%26%23x2013%3B%20prawo.%20Studia%20legilingwistyczne%3C%5C%2Fi%3E%2C%20Pozna%26%23x144%3B%202023.%3C%5C%2Fdiv%3E%5Cn%3C%5C%2Fdiv%3E%22%2C%22data%22%3A%7B%22itemType%22%3A%22bookSection%22%2C%22title%22%3A%22J%5Cu0119zyk%20prawa%20administracyjnego%20a%20inne%20j%5Cu0119zyki%20prawne%20w%20%5Cu015bwietle%20bada%5Cu0144%20empirycznych%22%2C%22creators%22%3A%5B%7B%22creatorType%22%3A%22editor%22%2C%22firstName%22%3A%22Romana%22%2C%22lastName%22%3A%22%5Cu0141apa%22%7D%2C%7B%22creatorType%22%3A%22editor%22%2C%22firstName%22%3A%22Magdalena%22%2C%22lastName%22%3A%22Graf%22%7D%2C%7B%22creatorType%22%3A%22editor%22%2C%22firstName%22%3A%22%5Cu0141ukasz%22%2C%22lastName%22%3A%22Piosik%22%7D%2C%7B%22creatorType%22%3A%22author%22%2C%22firstName%22%3A%22Miko%5Cu0142aj%22%2C%22lastName%22%3A%22Ry%5Cu015bkiewicz%22%7D%5D%2C%22abstractNote%22%3A%22%22%2C%22bookTitle%22%3A%22Cz%5Cu0142owiek%20%5Cu2013%20j%5Cu0119zyk%20%5Cu2013%20prawo.%20Studia%20legilingwistyczne%22%2C%22date%22%3A%222023%22%2C%22originalDate%22%3A%22%22%2C%22originalPublisher%22%3A%22%22%2C%22originalPlace%22%3A%22%22%2C%22format%22%3A%22%22%2C%22ISBN%22%3A%22978-83-67305-17-4%22%2C%22DOI%22%3A%22%22%2C%22citationKey%22%3A%22ryskiewicz2023a%22%2C%22url%22%3A%22%22%2C%22ISSN%22%3A%22%22%2C%22language%22%3A%22%22%2C%22collections%22%3A%5B%5D%2C%22dateModified%22%3A%222024-03-07T08%3A49%3A09Z%22%7D%7D%2C%7B%22key%22%3A%22VEAUHDUS%22%2C%22library%22%3A%7B%22id%22%3A5137410%7D%2C%22meta%22%3A%7B%22creatorSummary%22%3A%22Ry%5Cu015bkiewicz%22%2C%22parsedDate%22%3A%222023%22%2C%22numChildren%22%3A1%7D%2C%22bib%22%3A%22%3Cdiv%20class%3D%5C%22csl-bib-body%5C%22%20style%3D%5C%22line-height%3A%201.35%3B%20padding-left%3A%201em%3B%20text-indent%3A-1em%3B%5C%22%3E%5Cn%20%20%3Cdiv%20class%3D%5C%22csl-entry%5C%22%3ERy%26%23x15B%3Bkiewicz%20M.%2C%20%3Ci%3EStatystyczny%20obraz%20trudno%26%23x15B%3Bci%20prawa%3C%5C%2Fi%3E%2C%20%26%23x201E%3BArchiwum%20Filozofii%20Prawa%20i%20Filozofii%20Spo%26%23x142%3Becznej%26%23x201D%3B%20nr%204%2837%29%20%282023%29%2C%20DOI%3A%20https%3A%5C%2F%5C%2Fdoi.org%5C%2F10.36280%5C%2FAFPiFS.2023.4.79.%3C%5C%2Fdiv%3E%5Cn%3C%5C%2Fdiv%3E%22%2C%22data%22%3A%7B%22itemType%22%3A%22journalArticle%22%2C%22title%22%3A%22Statystyczny%20obraz%20trudno%5Cu015bci%20prawa%22%2C%22creators%22%3A%5B%7B%22creatorType%22%3A%22author%22%2C%22firstName%22%3A%22Miko%5Cu0142aj%22%2C%22lastName%22%3A%22Ry%5Cu015bkiewicz%22%7D%5D%2C%22abstractNote%22%3A%22%22%2C%22date%22%3A%222023%22%2C%22section%22%3A%22%22%2C%22partNumber%22%3A%22%22%2C%22partTitle%22%3A%22%22%2C%22DOI%22%3A%22https%3A%5C%2F%5C%2Fdoi.org%5C%2F10.36280%5C%2FAFPiFS.2023.4.79%22%2C%22citationKey%22%3A%22ryskiewicz2023%22%2C%22url%22%3A%22%22%2C%22PMID%22%3A%22%22%2C%22PMCID%22%3A%22%22%2C%22ISSN%22%3A%22%22%2C%22language%22%3A%22%22%2C%22collections%22%3A%5B%5D%2C%22dateModified%22%3A%222024-01-17T11%3A21%3A11Z%22%7D%7D%5D%7D<\/span>\n\n\t\t\t\t<div id=\"zp-ID-679-5137410-UJ98CF4K\" data-zp-author-date='Ry\u015bkiewicz-2023' data-zp-date-author='2023-Ry\u015bkiewicz' data-zp-date='2023' data-zp-year='2023' data-zp-itemtype='journalArticle' class=\"zp-Entry zpSearchResultsItem\">\n<div class=\"csl-bib-body\" style=\"line-height: 1.35; padding-left: 1em; text-indent:-1em;\">\n  <div class=\"csl-entry\">Ry&#x15B;kiewicz M., <i>The Risks of Context-Free Evaluation of Legislative Language Solutions (Polemical Article)<\/i>, &#x201E;Studia Iuridica&#x201D; nr 101 (2023), DOI: https:\/\/doi.org\/10.31338\/2544-3135.si.2024-101.26.<\/div>\n<\/div>\n\t\t\t\t<\/div><!-- .zp-Entry .zpSearchResultsItem -->\t\t\t\t<div id=\"zp-ID-679-5137410-ELKH9M5I\" data-zp-author-date='Ry\u015bkiewicz-2023' data-zp-date-author='2023-Ry\u015bkiewicz' data-zp-date='2023' data-zp-year='2023' data-zp-itemtype='bookSection' class=\"zp-Entry zpSearchResultsItem\">\n<div class=\"csl-bib-body\" style=\"line-height: 1.35; padding-left: 1em; text-indent:-1em;\">\n  <div class=\"csl-entry\">Ry&#x15B;kiewicz M., <i>J&#x119;zyk prawa administracyjnego a inne j&#x119;zyki prawne w &#x15B;wietle bada&#x144; empirycznych<\/i> [w:] R. &#x141;apa, M. Graf, &#x141;. Piosik (red.), <i>Cz&#x142;owiek &#x2013; j&#x119;zyk &#x2013; prawo. Studia legilingwistyczne<\/i>, Pozna&#x144; 2023.<\/div>\n<\/div>\n\t\t\t\t<\/div><!-- .zp-Entry .zpSearchResultsItem -->\t\t\t\t<div id=\"zp-ID-679-5137410-VEAUHDUS\" data-zp-author-date='Ry\u015bkiewicz-2023' data-zp-date-author='2023-Ry\u015bkiewicz' data-zp-date='2023' data-zp-year='2023' data-zp-itemtype='journalArticle' class=\"zp-Entry zpSearchResultsItem\">\n<div class=\"csl-bib-body\" style=\"line-height: 1.35; padding-left: 1em; text-indent:-1em;\">\n  <div class=\"csl-entry\">Ry&#x15B;kiewicz M., <i>Statystyczny obraz trudno&#x15B;ci prawa<\/i>, &#x201E;Archiwum Filozofii Prawa i Filozofii Spo&#x142;ecznej&#x201D; nr 4(37) (2023), DOI: https:\/\/doi.org\/10.36280\/AFPiFS.2023.4.79.<\/div>\n<\/div>\n\t\t\t\t<\/div><!-- .zp-Entry .zpSearchResultsItem -->\n\t\t\t<\/div><!-- .zp-zp-SEO-Content -->\n\t\t<\/div><!-- .zp-List -->\n\t<\/div><!--.zp-Zotpress-->\n\n\n","protected":false},"excerpt":{"rendered":"<p>Mgr Miko\u0142aj Ry\u015bkiewicz uko\u0144czy\u0142 prawo na Uniwersytecie Warszawskim (2020) oraz metody ilo\u015bciowe w ekonomii i systemy informacyjne w Szkole G\u0142\u00f3wnej Handlowej (2021). W ramach studi\u00f3w doktoranckich przygotowuje rozpraw\u0119 dotycz\u0105c\u0105 inflacji prawa, ze szczeg\u00f3lnym uwzgl\u0119dnieniem metodologii bada\u0144 empirycznych. Naukowo interesuje si\u0119 tak\u017ce stykiem j\u0119zykoznawstwa i teorii prawa, g\u0142\u00f3wnie w odniesieniu do j\u0119zyka prawnego, oraz nurtem AI [&hellip;]<\/p>\n","protected":false},"author":3,"featured_media":0,"parent":0,"menu_order":0,"comment_status":"closed","ping_status":"closed","template":"","meta":{"_themeisle_gutenberg_block_has_review":false,"footnotes":""},"class_list":["post-679","page","type-page","status-publish","hentry"],"yoast_head":"<!-- This site is optimized with the Yoast SEO plugin v20.10 - https:\/\/yoast.com\/wordpress\/plugins\/seo\/ -->\n<title>Miko\u0142aj Ry\u015bkiewicz - Katedra Filozofii Prawa i Nauki o Pa\u0144stwie<\/title>\n<meta name=\"robots\" content=\"index, follow, max-snippet:-1, max-image-preview:large, max-video-preview:-1\" \/>\n<link rel=\"canonical\" href=\"https:\/\/fpinop.wpia.uw.edu.pl\/index.php\/mikolaj-ryskiewicz\/\" \/>\n<meta property=\"og:locale\" content=\"pl_PL\" \/>\n<meta property=\"og:type\" content=\"article\" \/>\n<meta property=\"og:title\" content=\"Miko\u0142aj Ry\u015bkiewicz - Katedra Filozofii Prawa i Nauki o Pa\u0144stwie\" \/>\n<meta property=\"og:description\" content=\"Mgr Miko\u0142aj Ry\u015bkiewicz uko\u0144czy\u0142 prawo na Uniwersytecie Warszawskim (2020) oraz metody ilo\u015bciowe w ekonomii i systemy informacyjne w Szkole G\u0142\u00f3wnej Handlowej (2021). W ramach studi\u00f3w doktoranckich przygotowuje rozpraw\u0119 dotycz\u0105c\u0105 inflacji prawa, ze szczeg\u00f3lnym uwzgl\u0119dnieniem metodologii bada\u0144 empirycznych. Naukowo interesuje si\u0119 tak\u017ce stykiem j\u0119zykoznawstwa i teorii prawa, g\u0142\u00f3wnie w odniesieniu do j\u0119zyka prawnego, oraz nurtem AI [&hellip;]\" \/>\n<meta property=\"og:url\" content=\"https:\/\/fpinop.wpia.uw.edu.pl\/index.php\/mikolaj-ryskiewicz\/\" \/>\n<meta property=\"og:site_name\" content=\"Katedra Filozofii Prawa i Nauki o Pa\u0144stwie\" \/>\n<meta property=\"article:modified_time\" content=\"2024-02-16T11:58:11+00:00\" \/>\n<meta name=\"twitter:card\" content=\"summary_large_image\" \/>\n<meta name=\"twitter:label1\" content=\"Szacowany czas czytania\" \/>\n\t<meta name=\"twitter:data1\" content=\"1 minuta\" \/>\n<script type=\"application\/ld+json\" class=\"yoast-schema-graph\">{\"@context\":\"https:\/\/schema.org\",\"@graph\":[{\"@type\":\"WebPage\",\"@id\":\"https:\/\/fpinop.wpia.uw.edu.pl\/index.php\/mikolaj-ryskiewicz\/\",\"url\":\"https:\/\/fpinop.wpia.uw.edu.pl\/index.php\/mikolaj-ryskiewicz\/\",\"name\":\"Miko\u0142aj Ry\u015bkiewicz - Katedra Filozofii Prawa i Nauki o Pa\u0144stwie\",\"isPartOf\":{\"@id\":\"https:\/\/fpinop.wpia.uw.edu.pl\/#website\"},\"datePublished\":\"2024-02-16T11:58:08+00:00\",\"dateModified\":\"2024-02-16T11:58:11+00:00\",\"breadcrumb\":{\"@id\":\"https:\/\/fpinop.wpia.uw.edu.pl\/index.php\/mikolaj-ryskiewicz\/#breadcrumb\"},\"inLanguage\":\"pl-PL\",\"potentialAction\":[{\"@type\":\"ReadAction\",\"target\":[\"https:\/\/fpinop.wpia.uw.edu.pl\/index.php\/mikolaj-ryskiewicz\/\"]}]},{\"@type\":\"BreadcrumbList\",\"@id\":\"https:\/\/fpinop.wpia.uw.edu.pl\/index.php\/mikolaj-ryskiewicz\/#breadcrumb\",\"itemListElement\":[{\"@type\":\"ListItem\",\"position\":1,\"name\":\"Strona g\u0142\u00f3wna\",\"item\":\"https:\/\/fpinop.wpia.uw.edu.pl\/\"},{\"@type\":\"ListItem\",\"position\":2,\"name\":\"Miko\u0142aj Ry\u015bkiewicz\"}]},{\"@type\":\"WebSite\",\"@id\":\"https:\/\/fpinop.wpia.uw.edu.pl\/#website\",\"url\":\"https:\/\/fpinop.wpia.uw.edu.pl\/\",\"name\":\"Katedra Filozofii Prawa i Nauki o Pa\u0144stwie\",\"description\":\"\",\"publisher\":{\"@id\":\"https:\/\/fpinop.wpia.uw.edu.pl\/#organization\"},\"potentialAction\":[{\"@type\":\"SearchAction\",\"target\":{\"@type\":\"EntryPoint\",\"urlTemplate\":\"https:\/\/fpinop.wpia.uw.edu.pl\/?s={search_term_string}\"},\"query-input\":\"required name=search_term_string\"}],\"inLanguage\":\"pl-PL\"},{\"@type\":\"Organization\",\"@id\":\"https:\/\/fpinop.wpia.uw.edu.pl\/#organization\",\"name\":\"Katedra Filozofii Prawa i Nauki o Pa\u0144stwie\",\"url\":\"https:\/\/fpinop.wpia.uw.edu.pl\/\",\"logo\":{\"@type\":\"ImageObject\",\"inLanguage\":\"pl-PL\",\"@id\":\"https:\/\/fpinop.wpia.uw.edu.pl\/#\/schema\/logo\/image\/\",\"url\":\"https:\/\/fpinop.wpia.uw.edu.pl\/wp-content\/uploads\/2025\/05\/cropped-Projekt-bez-nazwy.png\",\"contentUrl\":\"https:\/\/fpinop.wpia.uw.edu.pl\/wp-content\/uploads\/2025\/05\/cropped-Projekt-bez-nazwy.png\",\"width\":450,\"height\":227,\"caption\":\"Katedra Filozofii Prawa i Nauki o Pa\u0144stwie\"},\"image\":{\"@id\":\"https:\/\/fpinop.wpia.uw.edu.pl\/#\/schema\/logo\/image\/\"}}]}<\/script>\n<!-- \/ Yoast SEO plugin. -->","yoast_head_json":{"title":"Miko\u0142aj Ry\u015bkiewicz - Katedra Filozofii Prawa i Nauki o Pa\u0144stwie","robots":{"index":"index","follow":"follow","max-snippet":"max-snippet:-1","max-image-preview":"max-image-preview:large","max-video-preview":"max-video-preview:-1"},"canonical":"https:\/\/fpinop.wpia.uw.edu.pl\/index.php\/mikolaj-ryskiewicz\/","og_locale":"pl_PL","og_type":"article","og_title":"Miko\u0142aj Ry\u015bkiewicz - Katedra Filozofii Prawa i Nauki o Pa\u0144stwie","og_description":"Mgr Miko\u0142aj Ry\u015bkiewicz uko\u0144czy\u0142 prawo na Uniwersytecie Warszawskim (2020) oraz metody ilo\u015bciowe w ekonomii i systemy informacyjne w Szkole G\u0142\u00f3wnej Handlowej (2021). W ramach studi\u00f3w doktoranckich przygotowuje rozpraw\u0119 dotycz\u0105c\u0105 inflacji prawa, ze szczeg\u00f3lnym uwzgl\u0119dnieniem metodologii bada\u0144 empirycznych. Naukowo interesuje si\u0119 tak\u017ce stykiem j\u0119zykoznawstwa i teorii prawa, g\u0142\u00f3wnie w odniesieniu do j\u0119zyka prawnego, oraz nurtem AI [&hellip;]","og_url":"https:\/\/fpinop.wpia.uw.edu.pl\/index.php\/mikolaj-ryskiewicz\/","og_site_name":"Katedra Filozofii Prawa i Nauki o Pa\u0144stwie","article_modified_time":"2024-02-16T11:58:11+00:00","twitter_card":"summary_large_image","twitter_misc":{"Szacowany czas czytania":"1 minuta"},"schema":{"@context":"https:\/\/schema.org","@graph":[{"@type":"WebPage","@id":"https:\/\/fpinop.wpia.uw.edu.pl\/index.php\/mikolaj-ryskiewicz\/","url":"https:\/\/fpinop.wpia.uw.edu.pl\/index.php\/mikolaj-ryskiewicz\/","name":"Miko\u0142aj Ry\u015bkiewicz - Katedra Filozofii Prawa i Nauki o Pa\u0144stwie","isPartOf":{"@id":"https:\/\/fpinop.wpia.uw.edu.pl\/#website"},"datePublished":"2024-02-16T11:58:08+00:00","dateModified":"2024-02-16T11:58:11+00:00","breadcrumb":{"@id":"https:\/\/fpinop.wpia.uw.edu.pl\/index.php\/mikolaj-ryskiewicz\/#breadcrumb"},"inLanguage":"pl-PL","potentialAction":[{"@type":"ReadAction","target":["https:\/\/fpinop.wpia.uw.edu.pl\/index.php\/mikolaj-ryskiewicz\/"]}]},{"@type":"BreadcrumbList","@id":"https:\/\/fpinop.wpia.uw.edu.pl\/index.php\/mikolaj-ryskiewicz\/#breadcrumb","itemListElement":[{"@type":"ListItem","position":1,"name":"Strona g\u0142\u00f3wna","item":"https:\/\/fpinop.wpia.uw.edu.pl\/"},{"@type":"ListItem","position":2,"name":"Miko\u0142aj Ry\u015bkiewicz"}]},{"@type":"WebSite","@id":"https:\/\/fpinop.wpia.uw.edu.pl\/#website","url":"https:\/\/fpinop.wpia.uw.edu.pl\/","name":"Katedra Filozofii Prawa i Nauki o Pa\u0144stwie","description":"","publisher":{"@id":"https:\/\/fpinop.wpia.uw.edu.pl\/#organization"},"potentialAction":[{"@type":"SearchAction","target":{"@type":"EntryPoint","urlTemplate":"https:\/\/fpinop.wpia.uw.edu.pl\/?s={search_term_string}"},"query-input":"required name=search_term_string"}],"inLanguage":"pl-PL"},{"@type":"Organization","@id":"https:\/\/fpinop.wpia.uw.edu.pl\/#organization","name":"Katedra Filozofii Prawa i Nauki o Pa\u0144stwie","url":"https:\/\/fpinop.wpia.uw.edu.pl\/","logo":{"@type":"ImageObject","inLanguage":"pl-PL","@id":"https:\/\/fpinop.wpia.uw.edu.pl\/#\/schema\/logo\/image\/","url":"https:\/\/fpinop.wpia.uw.edu.pl\/wp-content\/uploads\/2025\/05\/cropped-Projekt-bez-nazwy.png","contentUrl":"https:\/\/fpinop.wpia.uw.edu.pl\/wp-content\/uploads\/2025\/05\/cropped-Projekt-bez-nazwy.png","width":450,"height":227,"caption":"Katedra Filozofii Prawa i Nauki o Pa\u0144stwie"},"image":{"@id":"https:\/\/fpinop.wpia.uw.edu.pl\/#\/schema\/logo\/image\/"}}]}},"_links":{"self":[{"href":"https:\/\/fpinop.wpia.uw.edu.pl\/index.php\/wp-json\/wp\/v2\/pages\/679","targetHints":{"allow":["GET"]}}],"collection":[{"href":"https:\/\/fpinop.wpia.uw.edu.pl\/index.php\/wp-json\/wp\/v2\/pages"}],"about":[{"href":"https:\/\/fpinop.wpia.uw.edu.pl\/index.php\/wp-json\/wp\/v2\/types\/page"}],"author":[{"embeddable":true,"href":"https:\/\/fpinop.wpia.uw.edu.pl\/index.php\/wp-json\/wp\/v2\/users\/3"}],"replies":[{"embeddable":true,"href":"https:\/\/fpinop.wpia.uw.edu.pl\/index.php\/wp-json\/wp\/v2\/comments?post=679"}],"version-history":[{"count":2,"href":"https:\/\/fpinop.wpia.uw.edu.pl\/index.php\/wp-json\/wp\/v2\/pages\/679\/revisions"}],"predecessor-version":[{"id":681,"href":"https:\/\/fpinop.wpia.uw.edu.pl\/index.php\/wp-json\/wp\/v2\/pages\/679\/revisions\/681"}],"wp:attachment":[{"href":"https:\/\/fpinop.wpia.uw.edu.pl\/index.php\/wp-json\/wp\/v2\/media?parent=679"}],"curies":[{"name":"wp","href":"https:\/\/api.w.org\/{rel}","templated":true}]}}