{"id":835,"date":"2025-02-27T15:16:07","date_gmt":"2025-02-27T14:16:07","guid":{"rendered":"https:\/\/fpinop.wpia.uw.edu.pl\/?page_id=835"},"modified":"2025-02-27T15:16:08","modified_gmt":"2025-02-27T14:16:08","slug":"cezary-weglinski-ll-m","status":"publish","type":"page","link":"https:\/\/fpinop.wpia.uw.edu.pl\/index.php\/cezary-weglinski-ll-m\/","title":{"rendered":"Cezary W\u0119gli\u0144ski, LL.M."},"content":{"rendered":"\n<p><a href=\"https:\/\/uw.academia.edu\/CezaryW%C4%99gli%C5%84ski\">https:\/\/uw.academia.edu\/CezaryW%C4%99gli%C5%84ski<\/a><\/p>\n\n\n\n<p><strong>Tematyka bada\u0144<\/strong>: teorie instytucjonalne w prawie, teoria prawa konstytucyjnego, prawo europejskie, prawa podstawowe, socjolingwistyka<\/p>\n\n\n\n<div class=\"wp-block-group has-global-padding is-layout-constrained wp-block-group-is-layout-constrained\">\n<p><strong>Przebieg kariery naukowej<\/strong><\/p>\n\n\n\n<p>2021-2025: stypendysta rz\u0105du francuskiego w Instytucie Nauk Politycznych w Pary\u017cu (Sciences Po Paris) w ramach stypednium BGF codirection (podw\u00f3jny doktorat)<\/p>\n\n\n\n<p>2021: dyplom LL.M. w zakresie nauk nad prawem europejskim w Kolegium Europejskim (Coll\u00e8ge d\u2019Europe) w Brugii<\/p>\n\n\n\n<p>2020: magister filologii roma\u0144skiej (profil przek\u0142adowy) w Instytucie Romanistyki UW oraz studia podyplomowe dla t\u0142umaczy przysi\u0119g\u0142ych (IPSKT) na Wydziale Lingwistyki Stosowanej<\/p>\n\n\n\n<p>2019: magister prawa na Wydziale Prawa i Administracji UW oraz na Universit\u00e9 de Poitiers (dyplom Master 2 na kierunku francuskie i europejskie prawo handlowe)<\/p>\n<\/div>\n\n\n\n<div class=\"wp-block-group has-global-padding is-layout-constrained wp-block-group-is-layout-constrained\">\n<p><strong><strong>Projekty badawcze<\/strong><\/strong><\/p>\n\n\n\n<p>2023-2024: wykonawca projektu \u201eWsparcie Krajowych Instytucji na&nbsp;rzecz Praw Cz\u0142owieka w Monitorowaniu Praw Podstawowych i Zwi\u0105zanych z Tymi Prawami Aspekt\u00f3w Praworz\u0105dno\u015bci\u201d realizowanego przez Biuro Rzecznika Praw Obywatelskich pod kierownictwem Agencji Praw Podstawowych UE (EEA and Norway Grants)<\/p>\n\n\n\n<p>2018-2022: kierownik i wykonawca projektu naukowego pt. \u201eW poszukiwaniu spo\u0142ecznych podstaw prawa. Instytucjonalna teoria pa\u0144stwa i prawa Maurice\u2019a Hauriou\u201d finansowanego ze \u015brodk\u00f3w Ministerstwa Edukacji i Nauki w\u00a0ramach programu \u201eDiamentowy Grant\u201d<\/p>\n<\/div>\n\n\n\n<div class=\"wp-block-group has-global-padding is-layout-constrained wp-block-group-is-layout-constrained\">\n<p><strong>Wybrane publikacje naukowe<\/strong><\/p>\n\n\n\n<p><em>Application of the Charter of Fundamental Rights in the course of implementation of projects financed by EU funds. Handbook and practical guidance for national bodies<\/em>, \u0141acny J., Sznajder M., W\u0119gli\u0144ski C., Office of the Commissioner for Human Rights, 2024.<\/p>\n\n\n\n<p><em>Maurice Hauriou\u2019s theory of the institution. Legal institutionalism and the science of the state<\/em>, Archiwum Filozofii Prawa i Filozofii Spo\u0142ecznej 3(32)\/2022)<\/p>\n\n\n\n<p><em>The entangled relationship between law and language in the globalized world<\/em>, Comparative Law and Language (CLL) Vol. 1 No. 1, 2022.<\/p>\n\n\n\n<p><em>Prawa j\u0119zykowe i dyskryminacja j\u0119zykowa w prawie Unii Europejskiej<\/em>, Socjolingwistyka 33\/2019, Instytut J\u0119zyka Polskiego PAN.<\/p>\n\n\n\n<p><em>On current issues in EU constitutionalism: transnational lists for the European elections as a possible solution to problems of the democratic deficit and legitimacy within the European Union?<\/em>, [w:] \u201eConstitutions of Modern States\u201d, red: M. Serowaniec, M. Dorochowicz, J. Zem\u0142a, Wydawnictwo UMK, Toru\u0144 2019, str. 167-178.<\/p>\n\n\n\n<p><em>Teoria loi-\u00e9cran i bezpo\u015brednie stosowanie Konstytucji przez s\u0105dy we Francji<\/em>, Przegl\u0105d Prawniczy UW 2\/2018, str. 148-167.<\/p>\n<\/div>\n\n\n\n<div class=\"wp-block-group has-global-padding is-layout-constrained wp-block-group-is-layout-constrained\">\n<p><strong>Dzia\u0142alno\u015b\u0107<\/strong><\/p>\n\n\n\n<p>T\u0142umacz przysi\u0119g\u0142y j\u0119zyka francuskiego, t\u0142umacz freelance dla Trybuna\u0142u Sprawiedliwo\u015bci UE, w przesz\u0142o\u015bci kilkuletni pracownik Biura Rzecznika Praw Obywatelskich, obecnie zwi\u0105zany z Helsi\u0144sk\u0105 Fundacj\u0105 Praw Cz\u0142owieka (Program Wolno\u015b\u0107 S\u0142owa)<\/p>\n\n\n\n<p>Editorial board assistant w czasopi\u015bmie Comparative Law &amp; Language (Universit\u00e0 di Trento)<\/p>\n<\/div>\n\n\n\n<p><\/p>\n","protected":false},"excerpt":{"rendered":"<p>https:\/\/uw.academia.edu\/CezaryW%C4%99gli%C5%84ski Tematyka bada\u0144: teorie instytucjonalne w prawie, teoria prawa konstytucyjnego, prawo europejskie, prawa podstawowe, socjolingwistyka Przebieg kariery naukowej 2021-2025: stypendysta rz\u0105du francuskiego w Instytucie Nauk Politycznych w Pary\u017cu (Sciences Po Paris) w ramach stypednium BGF codirection (podw\u00f3jny doktorat) 2021: dyplom LL.M. w zakresie nauk nad prawem europejskim w Kolegium Europejskim (Coll\u00e8ge d\u2019Europe) w Brugii 2020: [&hellip;]<\/p>\n","protected":false},"author":4,"featured_media":0,"parent":0,"menu_order":0,"comment_status":"closed","ping_status":"closed","template":"","meta":{"_themeisle_gutenberg_block_has_review":false,"footnotes":""},"class_list":["post-835","page","type-page","status-publish","hentry"],"yoast_head":"<!-- This site is optimized with the Yoast SEO plugin v20.10 - https:\/\/yoast.com\/wordpress\/plugins\/seo\/ -->\n<title>Cezary W\u0119gli\u0144ski, LL.M. - Katedra Filozofii Prawa i Nauki o Pa\u0144stwie<\/title>\n<meta name=\"robots\" content=\"index, follow, max-snippet:-1, max-image-preview:large, max-video-preview:-1\" \/>\n<link rel=\"canonical\" href=\"https:\/\/fpinop.wpia.uw.edu.pl\/index.php\/cezary-weglinski-ll-m\/\" \/>\n<meta property=\"og:locale\" content=\"pl_PL\" \/>\n<meta property=\"og:type\" content=\"article\" \/>\n<meta property=\"og:title\" content=\"Cezary W\u0119gli\u0144ski, LL.M. - Katedra Filozofii Prawa i Nauki o Pa\u0144stwie\" \/>\n<meta property=\"og:description\" content=\"https:\/\/uw.academia.edu\/CezaryW%C4%99gli%C5%84ski Tematyka bada\u0144: teorie instytucjonalne w prawie, teoria prawa konstytucyjnego, prawo europejskie, prawa podstawowe, socjolingwistyka Przebieg kariery naukowej 2021-2025: stypendysta rz\u0105du francuskiego w Instytucie Nauk Politycznych w Pary\u017cu (Sciences Po Paris) w ramach stypednium BGF codirection (podw\u00f3jny doktorat) 2021: dyplom LL.M. w zakresie nauk nad prawem europejskim w Kolegium Europejskim (Coll\u00e8ge d\u2019Europe) w Brugii 2020: [&hellip;]\" \/>\n<meta property=\"og:url\" content=\"https:\/\/fpinop.wpia.uw.edu.pl\/index.php\/cezary-weglinski-ll-m\/\" \/>\n<meta property=\"og:site_name\" content=\"Katedra Filozofii Prawa i Nauki o Pa\u0144stwie\" \/>\n<meta property=\"article:modified_time\" content=\"2025-02-27T14:16:08+00:00\" \/>\n<meta name=\"twitter:card\" content=\"summary_large_image\" \/>\n<meta name=\"twitter:label1\" content=\"Szacowany czas czytania\" \/>\n\t<meta name=\"twitter:data1\" content=\"3 minuty\" \/>\n<script type=\"application\/ld+json\" class=\"yoast-schema-graph\">{\"@context\":\"https:\/\/schema.org\",\"@graph\":[{\"@type\":\"WebPage\",\"@id\":\"https:\/\/fpinop.wpia.uw.edu.pl\/index.php\/cezary-weglinski-ll-m\/\",\"url\":\"https:\/\/fpinop.wpia.uw.edu.pl\/index.php\/cezary-weglinski-ll-m\/\",\"name\":\"Cezary W\u0119gli\u0144ski, LL.M. - Katedra Filozofii Prawa i Nauki o Pa\u0144stwie\",\"isPartOf\":{\"@id\":\"https:\/\/fpinop.wpia.uw.edu.pl\/#website\"},\"datePublished\":\"2025-02-27T14:16:07+00:00\",\"dateModified\":\"2025-02-27T14:16:08+00:00\",\"breadcrumb\":{\"@id\":\"https:\/\/fpinop.wpia.uw.edu.pl\/index.php\/cezary-weglinski-ll-m\/#breadcrumb\"},\"inLanguage\":\"pl-PL\",\"potentialAction\":[{\"@type\":\"ReadAction\",\"target\":[\"https:\/\/fpinop.wpia.uw.edu.pl\/index.php\/cezary-weglinski-ll-m\/\"]}]},{\"@type\":\"BreadcrumbList\",\"@id\":\"https:\/\/fpinop.wpia.uw.edu.pl\/index.php\/cezary-weglinski-ll-m\/#breadcrumb\",\"itemListElement\":[{\"@type\":\"ListItem\",\"position\":1,\"name\":\"Strona g\u0142\u00f3wna\",\"item\":\"https:\/\/fpinop.wpia.uw.edu.pl\/\"},{\"@type\":\"ListItem\",\"position\":2,\"name\":\"Cezary W\u0119gli\u0144ski, LL.M.\"}]},{\"@type\":\"WebSite\",\"@id\":\"https:\/\/fpinop.wpia.uw.edu.pl\/#website\",\"url\":\"https:\/\/fpinop.wpia.uw.edu.pl\/\",\"name\":\"Katedra Filozofii Prawa i Nauki o Pa\u0144stwie\",\"description\":\"\",\"publisher\":{\"@id\":\"https:\/\/fpinop.wpia.uw.edu.pl\/#organization\"},\"potentialAction\":[{\"@type\":\"SearchAction\",\"target\":{\"@type\":\"EntryPoint\",\"urlTemplate\":\"https:\/\/fpinop.wpia.uw.edu.pl\/?s={search_term_string}\"},\"query-input\":\"required name=search_term_string\"}],\"inLanguage\":\"pl-PL\"},{\"@type\":\"Organization\",\"@id\":\"https:\/\/fpinop.wpia.uw.edu.pl\/#organization\",\"name\":\"Katedra Filozofii Prawa i Nauki o Pa\u0144stwie\",\"url\":\"https:\/\/fpinop.wpia.uw.edu.pl\/\",\"logo\":{\"@type\":\"ImageObject\",\"inLanguage\":\"pl-PL\",\"@id\":\"https:\/\/fpinop.wpia.uw.edu.pl\/#\/schema\/logo\/image\/\",\"url\":\"https:\/\/fpinop.wpia.uw.edu.pl\/wp-content\/uploads\/2025\/05\/cropped-Projekt-bez-nazwy.png\",\"contentUrl\":\"https:\/\/fpinop.wpia.uw.edu.pl\/wp-content\/uploads\/2025\/05\/cropped-Projekt-bez-nazwy.png\",\"width\":450,\"height\":227,\"caption\":\"Katedra Filozofii Prawa i Nauki o Pa\u0144stwie\"},\"image\":{\"@id\":\"https:\/\/fpinop.wpia.uw.edu.pl\/#\/schema\/logo\/image\/\"}}]}<\/script>\n<!-- \/ Yoast SEO plugin. -->","yoast_head_json":{"title":"Cezary W\u0119gli\u0144ski, LL.M. - Katedra Filozofii Prawa i Nauki o Pa\u0144stwie","robots":{"index":"index","follow":"follow","max-snippet":"max-snippet:-1","max-image-preview":"max-image-preview:large","max-video-preview":"max-video-preview:-1"},"canonical":"https:\/\/fpinop.wpia.uw.edu.pl\/index.php\/cezary-weglinski-ll-m\/","og_locale":"pl_PL","og_type":"article","og_title":"Cezary W\u0119gli\u0144ski, LL.M. - Katedra Filozofii Prawa i Nauki o Pa\u0144stwie","og_description":"https:\/\/uw.academia.edu\/CezaryW%C4%99gli%C5%84ski Tematyka bada\u0144: teorie instytucjonalne w prawie, teoria prawa konstytucyjnego, prawo europejskie, prawa podstawowe, socjolingwistyka Przebieg kariery naukowej 2021-2025: stypendysta rz\u0105du francuskiego w Instytucie Nauk Politycznych w Pary\u017cu (Sciences Po Paris) w ramach stypednium BGF codirection (podw\u00f3jny doktorat) 2021: dyplom LL.M. w zakresie nauk nad prawem europejskim w Kolegium Europejskim (Coll\u00e8ge d\u2019Europe) w Brugii 2020: [&hellip;]","og_url":"https:\/\/fpinop.wpia.uw.edu.pl\/index.php\/cezary-weglinski-ll-m\/","og_site_name":"Katedra Filozofii Prawa i Nauki o Pa\u0144stwie","article_modified_time":"2025-02-27T14:16:08+00:00","twitter_card":"summary_large_image","twitter_misc":{"Szacowany czas czytania":"3 minuty"},"schema":{"@context":"https:\/\/schema.org","@graph":[{"@type":"WebPage","@id":"https:\/\/fpinop.wpia.uw.edu.pl\/index.php\/cezary-weglinski-ll-m\/","url":"https:\/\/fpinop.wpia.uw.edu.pl\/index.php\/cezary-weglinski-ll-m\/","name":"Cezary W\u0119gli\u0144ski, LL.M. - Katedra Filozofii Prawa i Nauki o Pa\u0144stwie","isPartOf":{"@id":"https:\/\/fpinop.wpia.uw.edu.pl\/#website"},"datePublished":"2025-02-27T14:16:07+00:00","dateModified":"2025-02-27T14:16:08+00:00","breadcrumb":{"@id":"https:\/\/fpinop.wpia.uw.edu.pl\/index.php\/cezary-weglinski-ll-m\/#breadcrumb"},"inLanguage":"pl-PL","potentialAction":[{"@type":"ReadAction","target":["https:\/\/fpinop.wpia.uw.edu.pl\/index.php\/cezary-weglinski-ll-m\/"]}]},{"@type":"BreadcrumbList","@id":"https:\/\/fpinop.wpia.uw.edu.pl\/index.php\/cezary-weglinski-ll-m\/#breadcrumb","itemListElement":[{"@type":"ListItem","position":1,"name":"Strona g\u0142\u00f3wna","item":"https:\/\/fpinop.wpia.uw.edu.pl\/"},{"@type":"ListItem","position":2,"name":"Cezary W\u0119gli\u0144ski, LL.M."}]},{"@type":"WebSite","@id":"https:\/\/fpinop.wpia.uw.edu.pl\/#website","url":"https:\/\/fpinop.wpia.uw.edu.pl\/","name":"Katedra Filozofii Prawa i Nauki o Pa\u0144stwie","description":"","publisher":{"@id":"https:\/\/fpinop.wpia.uw.edu.pl\/#organization"},"potentialAction":[{"@type":"SearchAction","target":{"@type":"EntryPoint","urlTemplate":"https:\/\/fpinop.wpia.uw.edu.pl\/?s={search_term_string}"},"query-input":"required name=search_term_string"}],"inLanguage":"pl-PL"},{"@type":"Organization","@id":"https:\/\/fpinop.wpia.uw.edu.pl\/#organization","name":"Katedra Filozofii Prawa i Nauki o Pa\u0144stwie","url":"https:\/\/fpinop.wpia.uw.edu.pl\/","logo":{"@type":"ImageObject","inLanguage":"pl-PL","@id":"https:\/\/fpinop.wpia.uw.edu.pl\/#\/schema\/logo\/image\/","url":"https:\/\/fpinop.wpia.uw.edu.pl\/wp-content\/uploads\/2025\/05\/cropped-Projekt-bez-nazwy.png","contentUrl":"https:\/\/fpinop.wpia.uw.edu.pl\/wp-content\/uploads\/2025\/05\/cropped-Projekt-bez-nazwy.png","width":450,"height":227,"caption":"Katedra Filozofii Prawa i Nauki o Pa\u0144stwie"},"image":{"@id":"https:\/\/fpinop.wpia.uw.edu.pl\/#\/schema\/logo\/image\/"}}]}},"_links":{"self":[{"href":"https:\/\/fpinop.wpia.uw.edu.pl\/index.php\/wp-json\/wp\/v2\/pages\/835","targetHints":{"allow":["GET"]}}],"collection":[{"href":"https:\/\/fpinop.wpia.uw.edu.pl\/index.php\/wp-json\/wp\/v2\/pages"}],"about":[{"href":"https:\/\/fpinop.wpia.uw.edu.pl\/index.php\/wp-json\/wp\/v2\/types\/page"}],"author":[{"embeddable":true,"href":"https:\/\/fpinop.wpia.uw.edu.pl\/index.php\/wp-json\/wp\/v2\/users\/4"}],"replies":[{"embeddable":true,"href":"https:\/\/fpinop.wpia.uw.edu.pl\/index.php\/wp-json\/wp\/v2\/comments?post=835"}],"version-history":[{"count":4,"href":"https:\/\/fpinop.wpia.uw.edu.pl\/index.php\/wp-json\/wp\/v2\/pages\/835\/revisions"}],"predecessor-version":[{"id":839,"href":"https:\/\/fpinop.wpia.uw.edu.pl\/index.php\/wp-json\/wp\/v2\/pages\/835\/revisions\/839"}],"wp:attachment":[{"href":"https:\/\/fpinop.wpia.uw.edu.pl\/index.php\/wp-json\/wp\/v2\/media?parent=835"}],"curies":[{"name":"wp","href":"https:\/\/api.w.org\/{rel}","templated":true}]}}